{"id":105481,"date":"2022-02-02T18:00:06","date_gmt":"2022-02-02T16:00:06","guid":{"rendered":"https:\/\/pe.efimatica.com\/?post_type=activitat&#038;p=105481"},"modified":"2022-02-09T11:56:36","modified_gmt":"2022-02-09T09:56:36","slug":"festival-de-marionetas-de-barcelona-edicion-xs","status":"publish","type":"activitat","link":"https:\/\/poble-espanyol.com\/ca\/activitat\/festival-de-marionetas-de-barcelona-edicion-xs\/","title":{"rendered":"Festival de Titelles de Barcelona, edici\u00f3 XS"},"content":{"rendered":"","protected":false},"excerpt":{"rendered":"<p>Aquest mes de febrer en el Poble Espanyol tindrem dos caps de setmana de cultura per als m\u00e9s petits i diversi\u00f3 per a tota la fam\u00edlia: Arriba el Festival de Titelles de Barcelona, \u200b\u200bedici\u00f3 XS!<\/p>\n","protected":false},"author":7,"featured_media":104967,"comment_status":"open","ping_status":"closed","template":"","meta":{"_acf_changed":false,"footnotes":""},"class_list":["post-105481","activitat","type-activitat","status-publish","has-post-thumbnail","hentry"],"acf":{"activitat_destacada":false,"activitats_destacades":false,"activitats_destacades_agenda":false,"activitats_destacades_activitats_familiars":false,"activitats_destacades_activitats_concerts":false,"url_comprar_entrades":"https:\/\/tickets.poble-espanyol.com\/es\/705-festival-de-marionetas","nom_activitat":"Festival de Titelles","titol_previ_al_nom":"Els dies 19, 20, 26 i 27 de febrer celebrarem la 12a edici\u00f3 del nostre ja hist\u00f2ric Festival, i enguany ser\u00e0 m\u00e9s especial que mai","text_introductori":"Aquest mes de febrer al Poble Espanyol tindrem dos caps de setmana de cultura per als m\u00e9s petits i diversi\u00f3 per a tota la fam\u00edlia: arriba el Festival de Titelles de Barcelona, edici\u00f3 XS! Un nou format amb espectacles itinerants, aire lliure, espais \u00edntims amb aforament limitat\u2026 tot preparat per tal que gaudiu de les titelles, les seves hist\u00f2ries i personatges fascinants amb total seguretat!\r\n","dates_activitat":null,"dies_i_horaris_visibles_a_fitxa":null,"data_destacada":"<p>Varies dates<\/p>","data_ordenacio":"19\/02\/2022 10:30","preu":[{"categoria_de_preu":"Adult\/ Infantil ","import_preu":"10"},{"categoria_de_preu":"Menor 4","import_preu":"0*"},{"categoria_de_preu":"Pack 3 persones","import_preu":"25,50"},{"categoria_de_preu":"Pack 4 persones","import_preu":"34,50"}],"preu_destacat":"8,50\u20ac","ubicacio":"","contingut_recomanat":"Per totes les edats","categoria_slider":[0],"text_previ_segona_explicacio":"EL FESTIVAL","titular_segona_explicacio":"12 companyies presentaran una programaci\u00f3 integrada per 15 espectacles diferents, amb m\u00e9s de 50 funcions repartides al llarg de les 4 jornades.","text_posterior_segona_explicacio":"Aquest any el Festival se celebrar\u00e0 en dos caps de setmana  ","text_detall_segona_explicacio":"Cada dia del Festival podreu gaudir d\u2019alguns espectacles de llarga durada (d\u2019entre 40 i 60 minuts) que tindran doble funci\u00f3 di\u00e0ria (mat\u00ed i tarda)\u00a0Aquests espectacles, d\u2019aforament limitat, es realitzaran en espais tancats (l\u2019Hivernacle de la Pla\u00e7a Major i La Carpa) i s\u2019haur\u00e0 de reservar seient en el proc\u00e9s de compra.\r\n\r\nD\u2019altra banda, \u00a0en diferents horaris al llarg de tota la jornada trobareu espectacles de carrer\u00a0 i espectacles itinerants. Per aquests espectacles no caldr\u00e0 reservar seient.","seccions_activitat":[{"titular_seccio":"Incl\u00f2s en l'entrada","entrada":{"titular_detall":"","text_detall":"Descobriu la varietat del patrimoni arquitect\u00f2nic de la Pen\u00ednsula\r\nEntreu al Museu d\u2019art contemporani Fran Daurel i delecteu-vos amb les obres d\u2019artistes de renom com Picasso, Dal\u00ed o Mir\u00f3\r\nSubmergiu-vos a l\u2019espai audiovisual FIESTA i viviu les festes populars\r\nVisiteu l\u2019exposici\u00f3 Un viatge fotogr\u00e0fic. La construcci\u00f3 del Poble Espanyol i coneixeu la nostra hist\u00f2ria\r\nPreneu alguna cosa a les nostres terrasses\r\nO llisqueu pels tobogans gegants!","text_enllac_detall":"","url_enllac_detall":"","imatge_detall":104448}},{"titular_seccio":"Protocol de seguretat i higiene","entrada":{"titular_detall":"","text_detall":"Limitem l\u2019aforament segons la normativa vigent\r\nNetegem i desinfectem els espais peri\u00f2dicament\r\n\u00c9s obligatori l\u2019\u00fas de mascareta en tot el recinte\r\nCal respectar la dist\u00e0ncia m\u00ednima de seguretat\r\nRecomanem comprar les entrades online per evitar aglomeracions a taquilles\r\nPer controlar l\u2019aforament dels espectacles que es realitzen en espais tancats cal fer reserva pr\u00e8via de seient online","text_enllac_detall":"","url_enllac_detall":"","imatge_detall":null}}],"bloc_activitats":null,"titol_previ_programa":"","titol_programa":"Programaci\u00f3 i horaris","pdf_programa":104489,"programa_activitat":[{"pestanya":[{"titol_pestanya":"Dissabte 19 de febrer","entrada_del_programa":[{"titol_1":"La Terra dels Babaus, c\u00eda El Ball de San Vito","titol_2":"10:30h y 15:00h","text_detall":"Espai: Hivernacle\r\n\r\nCansat de sentir-se com un babau, el titella Mingo decideix deixar casa seva per emprendre un llarg viatge\u2026 Arribar\u00e0 a una estranya terra on tot es fa de manera incoherent. All\u00e0 haur\u00e0 de resoldre els diversos embolics que s\u2019anir\u00e0 trobant, gr\u00e0cies a la seva ast\u00facia viur\u00e0 moltes aventures i far\u00e0 grans amics!\r\nLa Terra dels Babaus \u00e9s una adaptaci\u00f3 de diverses rondalles recollides a les comarques centrals valencianes, representades amb titelles de guant tradicionals: embolics, catxiporrades, complicitat amb el p\u00fablic\u2026 amb molta m\u00fasica i can\u00e7ons populars interpretades en directe!\r\nDurada: 50 minuts\r\nEdat: 3 anys\r\n*Aquest espectacle t\u00e9 aforament limitat ja que es realitza en un espai tancat. Quan finalitzis la compra de la teva entrada rebr\u00e0s un link al mail per poder reservar el teu seient!","text_enllac_detall":"","url_enllac_detall":""},{"titol_1":"Hansel i Gretel, c\u00eda Titelles Verg\u00e9s","titol_2":"11:30h y 16:00h","text_detall":"Espai: L'Hivernacle\r\n\r\nHansel i Gretel es perden pel bosc i troben una fant\u00e0stica caseta amb les parets de xocolata, les finestres de caramel i la teulada de merenga\u2026 Sebasti\u00e0 Verg\u00e9s adapta el cl\u00e0ssic conte dels germans Grimm: Hansel i Gretel, en una nova versi\u00f3 actualitzada, divertida, feminista\u2026 i com no de teatre de titelles!\r\n\r\nL\u2019espectacle sempre busca la complicitat i la participaci\u00f3 del p\u00fablic i \u00e9s molt din\u00e0mic, t\u00e9 un ric vocabulari, una escenografia sorprenent amb molts canvis de decorat i una acurada posada en escena.\r\n\r\nDurada: 50 minuts\r\nEdat recomanada: A partir de 5 anys\r\n*Aquest espectacle t\u00e9 aforament limitat ja que es realitza en un espai tancat. Quan finalitzis la compra de la teva entrada rebr\u00e0s un link al mail per poder reservar el teu seient!","text_enllac_detall":"","url_enllac_detall":""},{"titol_1":"El porquet que volia veure el m\u00f3n des de dalt, c\u00eda Animamundi","titol_2":"13h y 17h","text_detall":"Espai: La Carpa\r\n\r\nEl porquet que volia veure el m\u00f3n des de dalt \u00e9s un espectacle d\u2019ombres xineses ple d\u2019emocions i poesia! Un conte que convida al p\u00fablic a viure les aventures d\u2019un porquet que fa un viatge nocturn cap al naixement d\u2019un nou dia. Aquest porquet t\u00e9 un somni dins del cor\u2026 vol aprendre a volar, vol veure m\u00f3n! \u00c9s per aix\u00f2 que un dia s\u2019escapa per viure un munt d\u2019aventures!\r\n\r\nEdat recomanada: Familiar, a partir de 3 anys\r\nDurada: 40 minuts\r\n*Aquest espectacle t\u00e9 aforament limitat ja que es realitza en un espai tancat. Quan finalitzis la compra de la teva entrada rebr\u00e0s un link al mail per poder reservar el teu seient!","text_enllac_detall":"","url_enllac_detall":""},{"titol_1":"Traps, c\u00eda Ef\u00edmer","titol_2":"11:30h y 13:30h","text_detall":"Espai: Espectacle itinerant\r\n\r\nConeixeu els Traps? Els Traps s\u00f3n tres titelles de 3,5 metres d\u2019altura i 4,5 metres de llargada confeccionats amb retalls de mil teixits. Us trobareu davant de tres \u00e9ssers vius sorgits d\u2019un m\u00f3n de somni!\r\nPassegeu amb ells per tot el Poble Espanyol i redescobriu el m\u00f3n amb els seus ulls! Voldreu abra\u00e7ar-los i gratar-los com ho far\u00edeu amb un cadellet. I us en voldreu endur un a casa. Ho sabem!!!\r\n\r\nPer a tots els p\u00fablics\r\nDurada: 30 minuts","text_enllac_detall":"","url_enllac_detall":""},{"titol_1":"La veritat de les princeses, c\u00eda La Boia Teatre","titol_2":"11:30h, 14:00h y 17:00h","text_detall":"Espai: Pla\u00e7a Aragonesa\r\n\r\nAquesta \u00e9s la hist\u00f2ria d'una princesa en vaga, cansada que tothom li expliqui com ha de ser una princesa com cal i decidida a explicar les veritats de portar la seva corona!\r\n\r\nEdat recomanada: Per a infants entre 2 i 8 anys\r\n\r\nDurada: 15 minuts","text_enllac_detall":"","url_enllac_detall":""},{"titol_1":"R\u00ednxols d\u2019\u00f3s, c\u00eda La Cuentista Teatre","titol_2":"11:30h, 14:00h y 17:00h","text_detall":"Espai: Pla\u00e7a Aragonesa\r\n\r\nR\u00ednxols d\u2019\u00f3s \u00e9s un conte contra les convencions socials i els g\u00e8neres establerts, unes entranyables figuretes de paper us explicaran la hist\u00f2ria d\u2019una singular fam\u00edlia d\u2019\u00f3ssos! A m\u00e9s tot el p\u00fablic podr\u00e0 participar en l\u2019obra i nens, nenes i adults podran formar part de la narrativa!\r\n\r\nDurada: 30 minuts\r\nEdat recomanada: a partir de 3 anys","text_enllac_detall":"","url_enllac_detall":""}]},{"titol_pestanya":"Diumenge 20 de febrer","entrada_del_programa":[{"titol_1":"La Terra dels Babaus, c\u00eda El Ball de San Vito","titol_2":"10:30h y 15:00h","text_detall":"Espai: Hivernacle\r\n\r\nCansat de sentir-se com un babau, el titella Mingo decideix deixar casa seva per emprendre un llarg viatge\u2026 Arribar\u00e0 a una estranya terra on tot es fa de manera incoherent. All\u00e0 haur\u00e0 de resoldre els diversos embolics que s\u2019anir\u00e0 trobant, gr\u00e0cies a la seva ast\u00facia viur\u00e0 moltes aventures i far\u00e0 grans amics!\r\nLa Terra dels Babaus \u00e9s una adaptaci\u00f3 de diverses rondalles recollides a les comarques centrals valencianes, representades amb titelles de guant tradicionals: embolics, catxiporrades, complicitat amb el p\u00fablic\u2026 amb molta m\u00fasica i can\u00e7ons populars interpretades en directe!\r\nDurada: 50 minuts\r\nEdat: 3 anys\r\n*Aquest espectacle t\u00e9 aforament limitat ja que es realitza en un espai tancat. Quan finalitzis la compra de la teva entrada rebr\u00e0s un link al mail per poder reservar el teu seient!","text_enllac_detall":"","url_enllac_detall":""},{"titol_1":"La Sirena Hidr\u00e0ulica, c\u00eda Matito","titol_2":"11:30h y 16:00h","text_detall":"Espai: Hivernacle\r\n\r\nLa Sirena Hidr\u00e0ulica \u00e9s un espectacle de titelles cl\u00e0ssic que captiva a tota la canalla! La Greta va cada dia a cosir a la platja, t\u00e9 una cistella plena de trastos per n\u2019hi ha un que acaricia amb especial il\u00b7lusi\u00f3\u2026 t\u00e9 forma de sirena i li recorda al boig i divertit estiu que va con\u00e8ixer a en Matito i on va n\u00e9ixer un especial desig que encara han de complir!\r\n\r\nEdat recomanada: Tots els p\u00fablics\r\nDurada de l\u2019espectacle: 40 minuts\r\n*Aquest espectacle t\u00e9 aforament limitat ja que es realitza en un espai tancat. Quan finalitzis la compra de la teva entrada rebr\u00e0s un link al mail per poder reservar el teu seient!\r\n","text_enllac_detall":"","url_enllac_detall":""},{"titol_1":"El porquet que volia veure el m\u00f3n des de dalt, c\u00eda Animamundi","titol_2":"13h y 17h","text_detall":"Espai: La Carpa\r\n\r\nEl porquet que volia veure el m\u00f3n des de dalt \u00e9s un espectacle d\u2019ombres xineses ple d\u2019emocions i poesia! Un conte que convida al p\u00fablic a viure les aventures d\u2019un porquet que fa un viatge nocturn cap al naixement d\u2019un nou dia. Aquest porquet t\u00e9 un somni dins del cor\u2026 vol aprendre a volar, vol veure m\u00f3n! \u00c9s per aix\u00f2 que un dia s\u2019escapa per viure un munt d\u2019aventures!\r\n\r\nEdat recomanada: Familiar, a partir de 3 anys\r\nDurada: 40 minuts\r\n*Aquest espectacle t\u00e9 aforament limitat ja que es realitza en un espai tancat. Quan finalitzis la compra de la teva entrada rebr\u00e0s un link al mail per poder reservar el teu seient!","text_enllac_detall":"","url_enllac_detall":""},{"titol_1":"Traps, c\u00eda Ef\u00edmer","titol_2":"11:30h y 13:30h","text_detall":"Espai: Espectacle itinerant\r\n\r\nConeixeu els Traps? Els Traps s\u00f3n tres titelles de 3,5 metres d\u2019altura i 4,5 metres de llargada confeccionats amb retalls de mil teixits. Us trobareu davant de tres \u00e9ssers vius sorgits d\u2019un m\u00f3n de somni!\r\nPassegeu amb ells per tot el Poble Espanyol i redescobriu el m\u00f3n amb els seus ulls! Voldreu abra\u00e7ar-los i gratar-los com ho far\u00edeu amb un cadellet. I us en voldreu endur un a casa. Ho sabem!!!\r\n\r\nPer a tots els p\u00fablics\r\nDurada: 30 minuts","text_enllac_detall":"","url_enllac_detall":""},{"titol_1":"R\u00ednxols d\u2019\u00f3s, c\u00eda La Cuentista Teatre","titol_2":"11:30h, 14:00h y 17:00h","text_detall":"Espai: Pla\u00e7a Aragonesa\r\n\r\nR\u00ednxols d\u2019\u00f3s \u00e9s un conte contra les convencions socials i els g\u00e8neres establerts, unes entranyables figuretes de paper us explicaran la hist\u00f2ria d\u2019una singular fam\u00edlia d\u2019\u00f3ssos! A m\u00e9s tot el p\u00fablic podr\u00e0 participar en l\u2019obra i nens, nenes i adults podran formar part de la narrativa!\r\n\r\nDurada: 30 minuts\r\nEdat recomanada: a partir de 3 anys","text_enllac_detall":"","url_enllac_detall":""},{"titol_1":"Invents, c\u00eda La Sola","titol_2":"11:30h, 14:00h y 17:00h","text_detall":"Espai: Pla\u00e7a Aragonesa\r\n\r\nInvents \u00e9s una estrena absoluta de la companyia La Sola, a partir d'un conte de l\u2019escriptor su\u00eds J\u00fcrg Schubiger, descobrirem els primers homes que van habitar al m\u00f3n i com la seva hist\u00f2ria ha condicionat l'evoluci\u00f3 de la humanitat. Tres hist\u00f2ries participatives narrades linealment en el temps que ens convidaran a escriure un final a mida, recordant-nos que si sempre fem el mateix mai farem res diferent!\r\n\r\nA partir de 3 anys\r\n25 minuts\r\n\r\n","text_enllac_detall":"","url_enllac_detall":""}]},{"titol_pestanya":"Dissabte 26 de febrer","entrada_del_programa":[{"titol_1":"Contes del binomi, c\u00eda Binixiflat","titol_2":"10:30h y 15:00h","text_detall":"Espai: Hivernacle\r\n\r\n \r\n\r\nL\u2019espectacle Contes del Binomi es un aplec de contes creats amb grups d\u2019infants, un actor-titellaire i un m\u00fasic, amb titelles i fiscorn, posen en escena un espectacle farcit d\u2019efectes especials, tocs de contemporane\u00eftat i diversi\u00f3.\r\n\r\nL\u2019espectacle compta amb la participaci\u00f3 del p\u00fablic a l\u2019hora de crear les hist\u00f2ries m\u00e9s emocionants c\u00f2miques, paradoxals i absurdes!\r\n\r\nDurada: 50 minuts\r\nEdat recomanada: A partir de 3 anys\r\n*Aquest espectacle t\u00e9 aforament limitat ja que es realitza en un espai tancat. Quan finalitzis la compra de la teva entrada rebr\u00e0s un link al mail per poder reservar el teu seient!","text_enllac_detall":"","url_enllac_detall":""},{"titol_1":"Els tres porquets, c\u00eda Titelles Verg\u00e9s","titol_2":"11:30h y 16h","text_detall":"Espai: Hivernacle\r\n\r\n \r\n\r\nSebasti\u00e0 Verg\u00e9s presenta una versi\u00f3 modernitzada d\u2019aquest entranyable conte, aix\u00f2 s\u00ed, amb un final inesperat! A m\u00e9s de divertir, l\u2019obra fomenta valors com el treball en equip, l\u2019esfor\u00e7 i la solidaritat. \u00c9s un espectacle molt din\u00e0mic en el qu\u00e8 sempre hi ha la complicitat i la participaci\u00f3 del p\u00fablic.\r\n\r\nL\u2019espectacle t\u00e9 un vocabulari molt ric, un gui\u00f3 original, una escenografia espectacular i una acurada posada en escena.\r\n\r\nDurada: 50 minuts\r\nEdat recomanada: 2 anys\r\n*Aquest espectacle t\u00e9 aforament limitat ja que es realitza en un espai tancat. Quan finalitzis la compra de la teva entrada rebr\u00e0s un link al mail per poder reservar el teu seient!","text_enllac_detall":"","url_enllac_detall":""},{"titol_1":"Pols d\u2019Estrelles o de com la Nawal va decidir n\u00e9ixer, c\u00eda Merc\u00e8 Framis","titol_2":"13h y 17h","text_detall":"Espai: La Carpa\r\n\r\nL\u2019espectacle parla de La Nawal\u2026 la Nawal vivia dins una estrella i el que m\u00e9s li agradava del m\u00f3n eren els pr\u00e9ssecs! Per aix\u00f2 cada nit des del cel, s\u2019acostava a la terra i passejava ben a prop del camp de pr\u00e9ssecs que tenia la Merc\u00e8\u2026 fins que el seu amor per aquesta fruita li fa una jugada, i sense saber com, la Nawal es troba en el m\u00f3n de la Merc\u00e8!\r\n\r\nLa hist\u00f2ria juga al voltant d'una pregunta existencial que sovint es plantegen els m\u00e9s petits i que mai ens deixem de fer: On era jo abans de n\u00e9ixer? On va una persona quan mor? Aquest \u00e9s un espectacle que recrea l'exist\u00e8ncia d'un cosmos imaginari per parlar del naixement, la mort i en certa manera del sentit de la vida, sempre d'una manera l\u00fadica i jugant a partir de situacions inversemblants.\r\n\r\nEdat recomanada: A partir de 5 anys\r\nDuraci\u00f3: 60 minuts\r\n*Aquest espectacle t\u00e9 aforament limitat ja que es realitza en un espai tancat. Quan finalitzis la compra de la teva entrada rebr\u00e0s un link al mail per poder reservar el teu seient!","text_enllac_detall":"","url_enllac_detall":""},{"titol_1":"El meu amic Brutus, c\u00eda el Pr\u00edncep totilau","titol_2":"12h y 15:30h","text_detall":"Espai: Espectacle itinerant\r\n\r\n\u201cEl meu amic Brutus\u201d \u00e9s un espectacle encantador de carrer, d\u2019actors, m\u00fasics i titelles. T\u00e9 per protagonista en Brutus, un os bru de dos metres i mig d\u2019al\u00e7ada i 400 kg de pes, curi\u00f3s, afable i divertit, a qui agrada abra\u00e7ar la gent, ensumar el que mengen i gratar-se l\u2019esquena als arbres i les parets!\r\n\r\nEn Brutus far\u00e0 una cercavila per tot el Poble Espanyol, acompanyat d\u2019uns pagesos de la muntanya, alegres i esbojarrats, que baixen a la ciutat a vendre els seus productes. En aquesta cercavila veurem com ballen i juguen amb m\u00fasiques d\u2019acordi\u00f3 interpretades en directe, i com fan participar en les danses i els jocs tradicionals tots els infants que es troben pel cam\u00ed!\r\n\r\nEspectacle per a totes les edats\r\nDurada: 30 minuts","text_enllac_detall":"","url_enllac_detall":""},{"titol_1":"La veritat de les princeses, c\u00eda Binixiflat","titol_2":"11:30h, 14:00h y 17:00h","text_detall":"Espai: Pla\u00e7a Aragonesa\r\n\r\nAquesta \u00e9s la hist\u00f2ria d'una princesa en vaga, cansada que tothom li expliqui com ha de ser una princesa com cal i decidida a explicar les veritats de portar la seva corona!\r\n\r\nEdat recomanada: Per a infants entre 2 i 8 anys\r\n\r\nDurada: 15 minuts","text_enllac_detall":"","url_enllac_detall":""},{"titol_1":"Putxineli i Tereseta, c\u00eda Marionetes N\u00f2mades","titol_2":"11:30h, 13h y 14:30h","text_detall":"Espai: Pla\u00e7a Baluard\r\n\r\nAl jovial Putxinel\u00b7li no hi ha res que li agradi m\u00e9s que jugar, cantar i ballar amb la seva amiga Tereseta. Per\u00f2 no val a badar perqu\u00e8 quan menys t'ho esperes pot apar\u00e8ixer un cocodril a fer-te la guitza o, fins i tot, l'enfurismat propietari del cocodril! Amb enginy i alguna garrotada, en Putxinel\u00b7li salvar\u00e0 la pell per celebrar-ho com cal amb la Tereseta.\r\n\r\nDurada: 15 minuts\r\nEdat recomanada: Per a tots els p\u00fablics","text_enllac_detall":"","url_enllac_detall":""}]},{"titol_pestanya":"Diumenge 27 de febrer","entrada_del_programa":[{"titol_1":"Circoland, c\u00eda La Sola","titol_2":"10:30h y 15h","text_detall":"Espai: L'Hivernacle\r\n\r\nCircoland \u00e9s un espectacle de la companyia La Sola, els protagonistes de l\u2019espectacle son els Germans Boom, dos homes bala que per posar-se d\u2019acord s\u00f3n lents, molt lents\u2026 viureu un espectacle ple d\u2019aventures, m\u00e0gia, animals, com\u00e8dia\u2026 a m\u00e9s hi podreu participar!\r\n\r\nObra dirigida a un p\u00fablic familiar\r\nDurada: 50 minuts\r\n*Aquest espectacle t\u00e9 aforament limitat ja que es realitza en un espai tancat. Quan finalitzis la compra de la teva entrada rebr\u00e0s un link al mail per poder reservar el teu seient!\r\n\r\n","text_enllac_detall":"","url_enllac_detall":""},{"titol_1":"La Sirena Hidr\u00e0ulica, c\u00eda Matito","titol_2":"11:30h y 16:00h","text_detall":"Espai: Hivernacle\r\n\r\nLa Sirena Hidr\u00e0ulica \u00e9s un espectacle de titelles cl\u00e0ssic que captiva a tota la canalla! La Greta va cada dia a cosir a la platja, t\u00e9 una cistella plena de trastos per n\u2019hi ha un que acaricia amb especial il\u00b7lusi\u00f3\u2026 t\u00e9 forma de sirena i li recorda al boig i divertit estiu que va con\u00e8ixer a en Matito i on va n\u00e9ixer un especial desig que encara han de complir!\r\n\r\nEdat recomanada: Tots els p\u00fablics\r\nDurada de l\u2019espectacle: 40 minuts\r\n*Aquest espectacle t\u00e9 aforament limitat ja que es realitza en un espai tancat. Quan finalitzis la compra de la teva entrada rebr\u00e0s un link al mail per poder reservar el teu seient!\r\n","text_enllac_detall":"","url_enllac_detall":""},{"titol_1":"Pols d\u2019Estrelles o de com la Nawal va decidir n\u00e9ixer, c\u00eda Merc\u00e8 Framis","titol_2":"13h y 17h","text_detall":"Espai: La Carpa\r\n\r\nL\u2019espectacle parla de La Nawal\u2026 la Nawal vivia dins una estrella i el que m\u00e9s li agradava del m\u00f3n eren els pr\u00e9ssecs! Per aix\u00f2 cada nit des del cel, s\u2019acostava a la terra i passejava ben a prop del camp de pr\u00e9ssecs que tenia la Merc\u00e8\u2026 fins que el seu amor per aquesta fruita li fa una jugada, i sense saber com, la Nawal es troba en el m\u00f3n de la Merc\u00e8!\r\n\r\nLa hist\u00f2ria juga al voltant d'una pregunta existencial que sovint es plantegen els m\u00e9s petits i que mai ens deixem de fer: On era jo abans de n\u00e9ixer? On va una persona quan mor? Aquest \u00e9s un espectacle que recrea l'exist\u00e8ncia d'un cosmos imaginari per parlar del naixement, la mort i en certa manera del sentit de la vida, sempre d'una manera l\u00fadica i jugant a partir de situacions inversemblants.\r\n\r\nEdat recomanada: A partir de 5 anys\r\nDuraci\u00f3: 60 minuts\r\n*Aquest espectacle t\u00e9 aforament limitat ja que es realitza en un espai tancat. Quan finalitzis la compra de la teva entrada rebr\u00e0s un link al mail per poder reservar el teu seient!","text_enllac_detall":"","url_enllac_detall":""},{"titol_1":"El meu amic Brutus, c\u00eda P\u00edncep Totilau","titol_2":"12h y 15:30h","text_detall":"Espai: Espectacle itinerant\r\n\r\n\u201cEl meu amic Brutus\u201d \u00e9s un espectacle encantador de carrer, d\u2019actors, m\u00fasics i titelles. T\u00e9 per protagonista en Brutus, un os bru de dos metres i mig d\u2019al\u00e7ada i 400 kg de pes, curi\u00f3s, afable i divertit, a qui agrada abra\u00e7ar la gent, ensumar el que mengen i gratar-se l\u2019esquena als arbres i les parets!\r\n\r\nEn Brutus far\u00e0 una cercavila per tot el Poble Espanyol, acompanyat d\u2019uns pagesos de la muntanya, alegres i esbojarrats, que baixen a la ciutat a vendre els seus productes. En aquesta cercavila veurem com ballen i juguen amb m\u00fasiques d\u2019acordi\u00f3 interpretades en directe, i com fan participar en les danses i els jocs tradicionals tots els infants que es troben pel cam\u00ed!\r\n\r\nEspectacle per a totes les edats\r\nDurada: 30 minuts","text_enllac_detall":"","url_enllac_detall":""},{"titol_1":"Rondalles del m\u00f3n, c\u00eda Binixiflat","titol_2":"11:30, 14h y 17h","text_detall":"Espai: Pla\u00e7a Aragonesa\r\n\r\n\u00c9s un apassionant recull de rondalles d\u2019arreu del m\u00f3n explicades mitjan\u00e7ant titelles de fil, objectes de fusta, m\u00e0scares de sobretaula\u2026 de tot! Escoltareu des de hist\u00f2ries tradicionals africanes fins a hist\u00f2ries dels Indis Tainos de Dominicana.\r\n\r\nDurada: 50 minuts\r\nEdat recomanada: A partir de 4 anys","text_enllac_detall":"","url_enllac_detall":""},{"titol_1":"Putxineli i Tereseta, c\u00eda Marionetes N\u00f2mades","titol_2":"11:30h, 13h y 14:30h","text_detall":"Espai: Pla\u00e7a Baluard\r\n\r\nAl jovial Putxinel\u00b7li no hi ha res que li agradi m\u00e9s que jugar, cantar i ballar amb la seva amiga Tereseta. Per\u00f2 no val a badar perqu\u00e8 quan menys t'ho esperes pot apar\u00e8ixer un cocodril a fer-te la guitza o, fins i tot, l'enfurismat propietari del cocodril! Amb enginy i alguna garrotada, en Putxinel\u00b7li salvar\u00e0 la pell per celebrar-ho com cal amb la Tereseta.\r\n\r\nDurada: 15 minuts\r\nEdat recomanada: Per a tots els p\u00fablics","text_enllac_detall":"","url_enllac_detall":""}]}]}],"titol_colaboradors":"","colaboradors":null,"titol_video":"","video":null,"titol_galeria":"","galeria":null,"titol_previ_activitats":"No t'ho perdis","titol_activitats":"ACTIVITATS RELACIONADES","activitats_relacionades":{"manual":""},"tipus_ae":[]},"_links":{"self":[{"href":"https:\/\/poble-espanyol.com\/ca\/wp-json\/wp\/v2\/activitat\/105481","targetHints":{"allow":["GET"]}}],"collection":[{"href":"https:\/\/poble-espanyol.com\/ca\/wp-json\/wp\/v2\/activitat"}],"about":[{"href":"https:\/\/poble-espanyol.com\/ca\/wp-json\/wp\/v2\/types\/activitat"}],"author":[{"embeddable":true,"href":"https:\/\/poble-espanyol.com\/ca\/wp-json\/wp\/v2\/users\/7"}],"replies":[{"embeddable":true,"href":"https:\/\/poble-espanyol.com\/ca\/wp-json\/wp\/v2\/comments?post=105481"}],"version-history":[{"count":0,"href":"https:\/\/poble-espanyol.com\/ca\/wp-json\/wp\/v2\/activitat\/105481\/revisions"}],"wp:featuredmedia":[{"embeddable":true,"href":"https:\/\/poble-espanyol.com\/ca\/wp-json\/wp\/v2\/media\/104967"}],"wp:attachment":[{"href":"https:\/\/poble-espanyol.com\/ca\/wp-json\/wp\/v2\/media?parent=105481"}],"curies":[{"name":"wp","href":"https:\/\/api.w.org\/{rel}","templated":true}]}}