{"id":161105,"date":"2022-06-15T17:34:35","date_gmt":"2022-06-15T15:34:35","guid":{"rendered":"https:\/\/poble-espanyol.com\/?post_type=activitat&#038;p=161105"},"modified":"2022-06-20T16:47:42","modified_gmt":"2022-06-20T14:47:42","slug":"concert-tasta-skolekorps-tasta-schoolband","status":"publish","type":"activitat","link":"https:\/\/poble-espanyol.com\/ca\/activitat\/concert-tasta-skolekorps-tasta-schoolband\/","title":{"rendered":"Concert Tasta skolekorps\/Tasta schoolband"},"content":{"rendered":"","protected":false},"excerpt":{"rendered":"","protected":false},"author":7,"featured_media":160982,"comment_status":"open","ping_status":"closed","template":"","meta":{"_acf_changed":false,"footnotes":""},"class_list":["post-161105","activitat","type-activitat","status-publish","has-post-thumbnail","hentry"],"acf":{"activitat_destacada":false,"activitats_destacades":false,"activitats_destacades_agenda":false,"activitats_destacades_activitats_familiars":false,"activitats_destacades_activitats_concerts":false,"url_comprar_entrades":"","nom_activitat":"Tasta skolekorps\/Tasta schoolband","titol_previ_al_nom":"Gaudiu d'una de les bandes de m\u00fasica escolars m\u00e9s ben valorades de Noruega.","text_introductori":"El 28 de juny vindr\u00e0 al Poble Espanyol una de les millors bandes escolars de percussi\u00f3 noruega.","dates_activitat":[{"dia":"20220628","hora_inici":"11:00:00","hora_final":"12:00:00"}],"dies_i_horaris_visibles_a_fitxa":[{"dia_i_horari":"Dimarts 28 de juny, d'11h a 12h"}],"data_destacada":"<p>28 JUN<\/p>","data_ordenacio":"28\/06\/2022 11:00","preu":[{"categoria_de_preu":"Incl\u00f2s amb l\u00b4entrada del Poble Espanyol","import_preu":""}],"preu_destacat":"","ubicacio":"Baluard","contingut_recomanat":"Per a tots els p\u00fablics","categoria_slider":[],"text_previ_segona_explicacio":"","titular_segona_explicacio":"Qui son?","text_posterior_segona_explicacio":"Tasta skolekorps (Tasta School Brass Band) va ser fundada el 1950 i ha estat de gran import\u00e0ncia per a la comunitat local i per a la ciutat. T\u00e9 100 membres i es divideix en quatre bandes de diferents edats: The Junior Band (8-9 anys), The Intermediate Band (9-10 anys), The Youth Band (10-12 anys) i The Senior Band (12-19) anys).","text_detall_segona_explicacio":"El seu objectiu \u00e9s continuar sent una de les bandes de m\u00fasica escolars m\u00e9s ben valorades de Noruega i aconseguir-ho combinant un bon ambient social a la banda amb una educaci\u00f3 musical d'alta qualitat en cooperaci\u00f3 amb l'escola cultural de la ciutat. La banda t\u00e9 un alt nivell d'activitat i els seus integrants participen en campionats locals, regionals i nacionals.","seccions_activitat":null,"bloc_activitats":null,"titol_previ_programa":"Descobreix el repertori","titol_programa":"Programa del dia","pdf_programa":null,"programa_activitat":[{"pestanya":[{"titol_pestanya":"28 de juny","entrada_del_programa":[{"titol_1":"Alle fugler","titol_2":"","text_detall":"Can\u00e7\u00f3 tradicional noruega","text_enllac_detall":"","url_enllac_detall":""},{"titol_1":"Norge i R\u00f8dt hvitt og bl\u00e5tt","titol_2":"","text_detall":"Can\u00e7\u00f3 tradicional noruega","text_enllac_detall":"","url_enllac_detall":""},{"titol_1":"Carnaval de Par\u00eds","titol_2":"","text_detall":"Samba","text_enllac_detall":"","url_enllac_detall":""},{"titol_1":"Hytta","titol_2":"","text_detall":"Samba","text_enllac_detall":"","url_enllac_detall":""},{"titol_1":"King of the Road","titol_2":"","text_detall":"Can\u00e7\u00f3 de rock tradicional","text_enllac_detall":"","url_enllac_detall":""},{"titol_1":"Let\u00b4s Groove","titol_2":"","text_detall":"Tierra viento y Fuego","text_enllac_detall":"","url_enllac_detall":""},{"titol_1":"Up Town Funk","titol_2":"","text_detall":"Bruno Mars","text_enllac_detall":"","url_enllac_detall":""}]}]}],"titol_colaboradors":"","colaboradors":null,"titol_video":"","video":null,"titol_galeria":"","galeria":null,"titol_previ_activitats":"","titol_activitats":"","activitats_relacionades":{"manual":""},"tipus_ae":[]},"_links":{"self":[{"href":"https:\/\/poble-espanyol.com\/ca\/wp-json\/wp\/v2\/activitat\/161105","targetHints":{"allow":["GET"]}}],"collection":[{"href":"https:\/\/poble-espanyol.com\/ca\/wp-json\/wp\/v2\/activitat"}],"about":[{"href":"https:\/\/poble-espanyol.com\/ca\/wp-json\/wp\/v2\/types\/activitat"}],"author":[{"embeddable":true,"href":"https:\/\/poble-espanyol.com\/ca\/wp-json\/wp\/v2\/users\/7"}],"replies":[{"embeddable":true,"href":"https:\/\/poble-espanyol.com\/ca\/wp-json\/wp\/v2\/comments?post=161105"}],"version-history":[{"count":0,"href":"https:\/\/poble-espanyol.com\/ca\/wp-json\/wp\/v2\/activitat\/161105\/revisions"}],"wp:featuredmedia":[{"embeddable":true,"href":"https:\/\/poble-espanyol.com\/ca\/wp-json\/wp\/v2\/media\/160982"}],"wp:attachment":[{"href":"https:\/\/poble-espanyol.com\/ca\/wp-json\/wp\/v2\/media?parent=161105"}],"curies":[{"name":"wp","href":"https:\/\/api.w.org\/{rel}","templated":true}]}}