{"id":201067,"date":"2022-08-26T11:26:39","date_gmt":"2022-08-26T09:26:39","guid":{"rendered":"https:\/\/poble-espanyol.com\/?post_type=activitat&#038;p=201067"},"modified":"2026-06-29T16:37:37","modified_gmt":"2026-06-29T14:37:37","slug":"portes-obertes-la-merce","status":"publish","type":"activitat","link":"https:\/\/poble-espanyol.com\/ca\/activitat\/portes-obertes-la-merce\/","title":{"rendered":"Portes obertes La Merc\u00e8 2026"},"content":{"rendered":"","protected":false},"excerpt":{"rendered":"<p>El Poble Espanyol celebra La Merc\u00e8 2025 amb una jornada de portes obertes i entrada gratu\u00efta per als residents de Barcelona (24 de setembre).<\/p>\n","protected":false},"author":7,"featured_media":267925,"comment_status":"open","ping_status":"closed","template":"","meta":{"_acf_changed":false,"footnotes":""},"class_list":["post-201067","activitat","type-activitat","status-publish","has-post-thumbnail","hentry"],"acf":{"activitat_destacada":false,"activitats_destacades":false,"activitats_destacades_agenda":false,"activitats_destacades_activitats_familiars":false,"activitats_destacades_activitats_concerts":false,"url_comprar_entrades":"https:\/\/tickets.poble-espanyol.com\/","nom_activitat":"Portes obertes La Merc\u00e8 2026","titol_previ_al_nom":"El 24 de setembre, entrada gratu\u00efta al Poble per a residents de la ciutat de Barcelona!","text_introductori":"El Poble Espanyol se suma a la Festa Major de Barcelona, La Merc\u00e8, amb una jornada de portes obertes exclusiva per als residents de la ciutat.\r\n\r\nUna oportunitat \u00fanica per gaudir d\u2019un pla complet a Montju\u00efc: admirar la seva arquitectura singular, visitar els tallers artesanals en directe, deixar-te sorprendre per les instal\u00b7lacions audiovisuals, descobrir el Museu Fran Daurel i reviure la hist\u00f2ria del recinte amb l\u2019exposici\u00f3 \u201cUn viatge fotogr\u00e0fic. La construcci\u00f3 del Poble Espanyol\u201d.\r\n\r\nBen aviat obrirem la reserva d'entrades, estigueu atents per no quedar-vos sense la vostra!","dates_activitat":[{"dia":"20260924","hora_inici":"10:00:00","hora_final":"20:00:00"}],"dies_i_horaris_visibles_a_fitxa":[{"dia_i_horari":"24 de setembre de 10h a 20h"}],"data_destacada":"<p>24 SET<\/p>","data_ordenacio":"2026-09-24 10:00:00","preu":[{"categoria_de_preu":"Gratu\u00eft (residents a Barcelona ciutat)","import_preu":""}],"preu_destacat":"Gratu\u00eft (residents Barcelona)","ubicacio":"Tot el recinte","contingut_recomanat":"Recomanat per a tots els p\u00fablics","categoria_slider":[],"text_previ_segona_explicacio":"(RE)DESCOBREIX TOT EL POBLE ESPANYOL","titular_segona_explicacio":"On la hist\u00f2ria es troba amb la cultura i l'oci","text_posterior_segona_explicacio":"Amb m\u00e9s de 40.000 m\u00b2 i m\u00e9s de 90 anys d\u2019hist\u00f2ria, el Poble Espanyol \u00e9s un espai \u00fanic a Barcelona: 117 edificis reprodu\u00efts a escala real, una mostra artesanal viva, un museu d\u2019art contemporani i un munt d\u2019experi\u00e8ncies per a tots els p\u00fablics.","text_detall_segona_explicacio":"Relaxa\u2019t passejant i descobreix l\u2019arquitectura d\u2019aquest recinte constru\u00eft el 1929, els tallers dels artesans i endinsa\u2019t al Museu Fran Daurel, on t\u2019esperen obres de Dal\u00ed, Mir\u00f3 i Picasso, entre d\u2019altres.\r\n\r\nPer\u00f2 aix\u00f2 no \u00e9s tot! Gaudeix de l\u2019exposici\u00f3 fotogr\u00e0fica que explica l\u2019apassionant proc\u00e9s de creaci\u00f3 del Poble Espanyol, sorpr\u00e8n-te amb les instal\u00b7lacions audiovisuals immersives repartides pel recinte i diverteix-te als tobogans gegants.\r\n\r\nPer completar la visita, res millor que una pausa gastron\u00f2mica en algun dels seus bars i restaurants amb terrassa, perfectes per fer un vermut o un aperitiu en un entorn inigualable.","seccions_activitat":null,"bloc_activitats":null,"titol_previ_programa":"","titol_programa":"","pdf_programa":null,"programa_activitat":null,"titol_colaboradors":"","colaboradors":null,"titol_video":"","video":null,"titol_galeria":"","galeria":[{"imatge_galeria":""}],"titol_previ_activitats":"","titol_activitats":"","activitats_relacionades":{"manual":""},"tipus_ae":[]},"_links":{"self":[{"href":"https:\/\/poble-espanyol.com\/ca\/wp-json\/wp\/v2\/activitat\/201067","targetHints":{"allow":["GET"]}}],"collection":[{"href":"https:\/\/poble-espanyol.com\/ca\/wp-json\/wp\/v2\/activitat"}],"about":[{"href":"https:\/\/poble-espanyol.com\/ca\/wp-json\/wp\/v2\/types\/activitat"}],"author":[{"embeddable":true,"href":"https:\/\/poble-espanyol.com\/ca\/wp-json\/wp\/v2\/users\/7"}],"replies":[{"embeddable":true,"href":"https:\/\/poble-espanyol.com\/ca\/wp-json\/wp\/v2\/comments?post=201067"}],"version-history":[{"count":11,"href":"https:\/\/poble-espanyol.com\/ca\/wp-json\/wp\/v2\/activitat\/201067\/revisions"}],"predecessor-version":[{"id":276812,"href":"https:\/\/poble-espanyol.com\/ca\/wp-json\/wp\/v2\/activitat\/201067\/revisions\/276812"}],"wp:featuredmedia":[{"embeddable":true,"href":"https:\/\/poble-espanyol.com\/ca\/wp-json\/wp\/v2\/media\/267925"}],"wp:attachment":[{"href":"https:\/\/poble-espanyol.com\/ca\/wp-json\/wp\/v2\/media?parent=201067"}],"curies":[{"name":"wp","href":"https:\/\/api.w.org\/{rel}","templated":true}]}}