{"id":242785,"date":"2022-11-07T13:57:36","date_gmt":"2022-11-07T11:57:36","guid":{"rendered":"https:\/\/poble-espanyol.com\/?post_type=activitat&#038;p=242785"},"modified":"2023-12-29T11:47:57","modified_gmt":"2023-12-29T09:47:57","slug":"jingle-bubbles","status":"publish","type":"activitat","link":"https:\/\/poble-espanyol.com\/ca\/activitat\/jingle-bubbles\/","title":{"rendered":"Jingle Bubbles"},"content":{"rendered":"","protected":false},"excerpt":{"rendered":"","protected":false},"author":4,"featured_media":248814,"comment_status":"closed","ping_status":"closed","template":"","meta":{"_acf_changed":false,"footnotes":""},"class_list":["post-242785","activitat","type-activitat","status-publish","has-post-thumbnail","hentry"],"acf":{"activitat_destacada":false,"activitats_destacades":true,"activitats_destacades_agenda":true,"activitats_destacades_activitats_familiars":true,"activitats_destacades_activitats_concerts":false,"url_comprar_entrades":"https:\/\/tickets.poble-espanyol.com\/ca\/1201-natalis\/4325-jingle-bubbles","nom_activitat":"Jingle Bubbles","titol_previ_al_nom":"Un espectacle 100% nadalenc ple de llums, m\u00fasica i creativitat","text_introductori":"Jingle Bubbles \u00e9s l'espectacle familiar d'aquest Nadal al Poble Espanyol. Un nou espectacle creat especialment per a Natalis de la companyia Enlaire, creat per l'artista de renom mundial Pep Bou. Les protagonistes de l'espectacle seran les bombolles de sab\u00f3!\r\n\r\nL\u00b4espectacle ofereix un viatge po\u00e8tic i on\u00edric basat en quatre elements senzills per\u00f2 essencials: sab\u00f3, aigua, m\u00fasica i llum. Un espectacle \u00fanic, un llenguatge esc\u00e8nic sense precedents creat per un artista singular.","dates_activitat":[{"dia":"20231203","hora_inici":"12:30:00","hora_final":"17:00:00"},{"dia":"20231206","hora_inici":"12:30:00","hora_final":"17:00:00"},{"dia":"20231207","hora_inici":"12:30:00","hora_final":"17:00:00"},{"dia":"20231208","hora_inici":"12:30:00","hora_final":"17:00:00"},{"dia":"20231216","hora_inici":"12:30:00","hora_final":"17:00:00"},{"dia":"20231209","hora_inici":"12:30:00","hora_final":"17:00:00"},{"dia":"20231210","hora_inici":"12:30:00","hora_final":"17:00:00"},{"dia":"20231217","hora_inici":"12:30:00","hora_final":"17:00:00"},{"dia":"20231221","hora_inici":"12:30:00","hora_final":"17:00:00"},{"dia":"20231222","hora_inici":"12:30:00","hora_final":"17:00:00"},{"dia":"20231223","hora_inici":"12:30:00","hora_final":"17:00:00"},{"dia":"20231224","hora_inici":"12:30:00","hora_final":"17:00:00"},{"dia":"20231226","hora_inici":"12:30:00","hora_final":"17:00:00"},{"dia":"20231227","hora_inici":"12:30:00","hora_final":"17:00:00"},{"dia":"20231228","hora_inici":"12:30:00","hora_final":"17:00:00"},{"dia":"20240102","hora_inici":"12:30:00","hora_final":"17:00:00"},{"dia":"20240103","hora_inici":"12:30:00","hora_final":"17:00:00"},{"dia":"20240104","hora_inici":"12:30:00","hora_final":"17:00:00"},{"dia":"20240105","hora_inici":"12:30:00","hora_final":"17:00:00"},{"dia":"20240106","hora_inici":"12:30:00","hora_final":"17:00:00"},{"dia":"20240107","hora_inici":"12:30:00","hora_final":"17:00:00"}],"dies_i_horaris_visibles_a_fitxa":[{"dia_i_horari":"Diverses dates del 3 de desembre al 7 de gener, a les 12:30h o a les 18h"}],"data_destacada":"<p> Diverses dates <\/p>","data_ordenacio":"07\/01\/2024 00:00","preu":[{"categoria_de_preu":"Des de","import_preu":"13"}],"preu_destacat":"13","ubicacio":"Carpa del Poble","contingut_recomanat":"","categoria_slider":[],"text_previ_segona_explicacio":"LA HIST\u00d2RIA\r\n\r\n","titular_segona_explicacio":"Al magatzem d\u2019una f\u00e0brica de cascavells nadalencs hi arriba un nou cap amb voluntat de canviar les coses...","text_posterior_segona_explicacio":"Per\u00f2 es troba amb les retic\u00e8ncies d\u2019un treballador acostumat a fer sempre el mateix. El que no sap el nostre obedient treballador \u00e9s que est\u00e0 a punt de descobrir l\u2019espectacular m\u00f3n de les bombolles de sab\u00f3.  Caporal i treballador establiran una c\u00f2mica relaci\u00f3 de rivalitat a trav\u00e9s de l\u2019aprenentatge i execuci\u00f3 de tota mena de bombolles, de dimensions i colors canviants, arribant a crear formes i escenes de gran espectacularitat i bellesa. ","text_detall_segona_explicacio":"Aquest \u00e9s el punt de partida del m\u00e0gic univers de Jingle Bubbles, el nou espectacle de Pep Bou en col\u00b7laboraci\u00f3 amb Marti Cattani, un duet teatral que est\u00e0 sorprenent el p\u00fablic europeu, oferint una combinaci\u00f3 poc habitual d\u2019expertesa i espontane\u00eftat.\r\n\r\nAmb l'entrada de Jingle Bubbles podr\u00e0s accedir a les propostes de Natalis per\u00f2 no podr\u00e0s lliurar la teva carta en persona al Pare Noel o als Reis Mags. Haur\u00e0s d'adquirir el complement per con\u00e8ixer-los en finalitzar el proc\u00e9s de compra de Jingle Bubbles.\r\n\r\n","seccions_activitat":null,"bloc_activitats":[{"imatge":248818,"titol":"Un espectacle imprescindible per aquells que encara creuen en una realitat diferent, m\u00e9s bonica, divertida i sorprenent ","text_detall":"Jingle Bubbles convida els espectadors de totes les edats a recordar els petits motius que conformen la nostra felicitat com s\u00f3n la capacitat per sorprendre'ns, de riure o de contemplar la bellesa que desprenen els universos de Pep Bou i les seves bombolles de sab\u00f3. Una bellesa tan plaent i ef\u00edmera com ho s\u00f3n la celebraci\u00f3 de les festes de Nadal a la nostra vida. Un espectacle imprescindible per aquells que encara creuen en una realitat diferent, m\u00e9s bonica, divertida i sorprenent o, simplement, per aquells que fan bombolles a la dutxa abans de sortir de casa.","posicio_imatge":"Esquerre"}],"titol_previ_programa":"Depenent del dia podr\u00e0s venir a veure Jingle Bubbles al mat\u00ed o a la tarda","titol_programa":"Consulta aqu\u00ed els horaris","pdf_programa":"","programa_activitat":[{"pestanya":[{"titol_pestanya":"Diumenge 3\/12","entrada_del_programa":[{"titol_1":"","titol_2":"12:30h","text_detall":"Gaudeix de l'espectacle a les 12:30h","text_enllac_detall":"","url_enllac_detall":""}]},{"titol_pestanya":"Dimecres 6\/12","entrada_del_programa":[{"titol_1":"","titol_2":"12:30h","text_detall":"Gaudeix de l'espectacle a les 12:30h","text_enllac_detall":"","url_enllac_detall":""}]},{"titol_pestanya":"Dijous 7\/12","entrada_del_programa":[{"titol_1":"","titol_2":"18h","text_detall":"Gaudeix de l'espectacle a les 18:00h","text_enllac_detall":"","url_enllac_detall":""}]},{"titol_pestanya":"Divendres 8\/12","entrada_del_programa":[{"titol_1":"","titol_2":"12:30h","text_detall":"Gaudeix de l'espectacle a les 12:30h","text_enllac_detall":"","url_enllac_detall":""}]},{"titol_pestanya":"Dissabte 9\/12","entrada_del_programa":[{"titol_1":"","titol_2":"18h","text_detall":"Gaudeix de l'espectacle a les 18h","text_enllac_detall":"","url_enllac_detall":""}]},{"titol_pestanya":"Diumenge 10\/12","entrada_del_programa":[{"titol_1":"","titol_2":"12:30h","text_detall":"Gaudeix de l'espectacle a les 12:30h","text_enllac_detall":"","url_enllac_detall":""}]},{"titol_pestanya":"Dissabte 16\/12","entrada_del_programa":[{"titol_1":"","titol_2":"18h","text_detall":"Gaudeix de l'espectacle a les 18:00h","text_enllac_detall":"","url_enllac_detall":""}]},{"titol_pestanya":"Diumenge 17\/12","entrada_del_programa":[{"titol_1":"","titol_2":"12:30h","text_detall":"Gaudeix de l'espectacle a les 12:30h","text_enllac_detall":"","url_enllac_detall":""}]},{"titol_pestanya":"Divendres 22\/12","entrada_del_programa":[{"titol_1":"","titol_2":"18h","text_detall":"Gaudeix de l'espectacle a les 18:00h","text_enllac_detall":"","url_enllac_detall":""}]},{"titol_pestanya":"Dissabte 23\/12","entrada_del_programa":[{"titol_1":"","titol_2":"18h","text_detall":"Gaudeix de l'espectacle a les 12-.30h i a les 18:00h","text_enllac_detall":"","url_enllac_detall":""}]},{"titol_pestanya":"Diumenge 24\/12","entrada_del_programa":[{"titol_1":"","titol_2":"12:30h","text_detall":"Gaudeix de l'espectacle a les 12:30h","text_enllac_detall":"","url_enllac_detall":""}]},{"titol_pestanya":"Dimarts 26\/12","entrada_del_programa":[{"titol_1":"","titol_2":"18:30h","text_detall":"Gaudeix de l'espectacle a les 18:30h","text_enllac_detall":"","url_enllac_detall":""}]},{"titol_pestanya":"Dimecres 27\/12","entrada_del_programa":[{"titol_1":"","titol_2":"12:30h","text_detall":"Gaudeix de l'espectacle a les 12-.30h i a les 18:00h","text_enllac_detall":"","url_enllac_detall":""}]},{"titol_pestanya":"Dijous 28\/12","entrada_del_programa":[{"titol_1":"","titol_2":"18h","text_detall":"Gaudeix de l'espectacle a les 12-.30h i a les 18:00h","text_enllac_detall":"","url_enllac_detall":""}]},{"titol_pestanya":"Dimarts 2\/1","entrada_del_programa":[{"titol_1":"","titol_2":"18h","text_detall":"Gaudeix de l'espectacle a les 18:00h","text_enllac_detall":"","url_enllac_detall":""}]},{"titol_pestanya":"Dimecres 3\/1","entrada_del_programa":[{"titol_1":"","titol_2":"18h","text_detall":"Gaudeix de l'espectacle a les 12-.30h i a les 18:00h","text_enllac_detall":"","url_enllac_detall":""}]},{"titol_pestanya":"Dijous 4\/1","entrada_del_programa":[{"titol_1":"","titol_2":"18h","text_detall":"Gaudeix de l'espectacle a les 12-.30h i a les 18:00h","text_enllac_detall":"","url_enllac_detall":""}]},{"titol_pestanya":"Diumenge 7\/1","entrada_del_programa":[{"titol_1":"","titol_2":"12:30h","text_detall":"Gaudeix de l'espectacle a les 12:30h","text_enllac_detall":"Gaudeix de l'espectacle a les 12:30h","url_enllac_detall":""}]}]}],"titol_colaboradors":"","colaboradors":null,"titol_video":"No t'ho perdis!","video":"https:\/\/youtu.be\/xAihuhGe1GY","titol_galeria":"GALERIA D'IMATGES","galeria":[{"imatge_galeria":248822},{"imatge_galeria":248874},{"imatge_galeria":248830},{"imatge_galeria":248846},{"imatge_galeria":248850},{"imatge_galeria":248854},{"imatge_galeria":248858},{"imatge_galeria":248862}],"titol_previ_activitats":"no t'ho perdis","titol_activitats":"M\u00e9s sobre Natalis","activitats_relacionades":{"manual":[243241,242815]},"tipus_ae":""},"_links":{"self":[{"href":"https:\/\/poble-espanyol.com\/ca\/wp-json\/wp\/v2\/activitat\/242785","targetHints":{"allow":["GET"]}}],"collection":[{"href":"https:\/\/poble-espanyol.com\/ca\/wp-json\/wp\/v2\/activitat"}],"about":[{"href":"https:\/\/poble-espanyol.com\/ca\/wp-json\/wp\/v2\/types\/activitat"}],"author":[{"embeddable":true,"href":"https:\/\/poble-espanyol.com\/ca\/wp-json\/wp\/v2\/users\/4"}],"replies":[{"embeddable":true,"href":"https:\/\/poble-espanyol.com\/ca\/wp-json\/wp\/v2\/comments?post=242785"}],"version-history":[{"count":25,"href":"https:\/\/poble-espanyol.com\/ca\/wp-json\/wp\/v2\/activitat\/242785\/revisions"}],"predecessor-version":[{"id":249728,"href":"https:\/\/poble-espanyol.com\/ca\/wp-json\/wp\/v2\/activitat\/242785\/revisions\/249728"}],"wp:featuredmedia":[{"embeddable":true,"href":"https:\/\/poble-espanyol.com\/ca\/wp-json\/wp\/v2\/media\/248814"}],"wp:attachment":[{"href":"https:\/\/poble-espanyol.com\/ca\/wp-json\/wp\/v2\/media?parent=242785"}],"curies":[{"name":"wp","href":"https:\/\/api.w.org\/{rel}","templated":true}]}}