{"id":247900,"date":"2023-09-12T17:09:36","date_gmt":"2023-09-12T15:09:36","guid":{"rendered":"https:\/\/poble-espanyol.com\/actividad\/grito-de-mexico\/"},"modified":"2025-09-08T16:28:58","modified_gmt":"2025-09-08T14:28:58","slug":"grito-de-mexic","status":"publish","type":"activitat","link":"https:\/\/poble-espanyol.com\/ca\/activitat\/grito-de-mexic\/","title":{"rendered":"&#8220;Grito&#8221; de M\u00e8xic"},"content":{"rendered":"","protected":false},"excerpt":{"rendered":"<p>Al Poble Espanyol es reuneixen m\u00e9s d\u2019un centenar d\u2019artistes i un programa divers que faran que la comunitat mexicana, i tots els qui l\u2019acompanyin, se sentin en un aut\u00e8ntic trosset de M\u00e8xic a Barcelona.<\/p>\n","protected":false},"author":4,"featured_media":247894,"comment_status":"closed","ping_status":"closed","template":"","meta":{"_acf_changed":false,"footnotes":""},"class_list":["post-247900","activitat","type-activitat","status-publish","has-post-thumbnail","hentry"],"acf":{"activitat_destacada":false,"activitats_destacades":false,"activitats_destacades_agenda":false,"activitats_destacades_activitats_familiars":false,"activitats_destacades_activitats_concerts":false,"url_comprar_entrades":"https:\/\/www.atrapalo.com\/entradas\/la-feria-del-grito-la-fiesta-mexicana-mas-grande-de-europa_e4925675\/","nom_activitat":"El \"Grito\" de M\u00e8xic torna a Barcelona","titol_previ_al_nom":"La fira mexicana m\u00e9s important d'Europa, amb m\u00e9s de vint anys d'hist\u00f2ria a la nostra ciutat, que organitza MEXCAT i la comunitat mexicana de Catalunya","text_introductori":"Els dies 13 i 14 de setembre, el Poble Espanyol es transforma en un trosset de M\u00e8xic per celebrar el Grito d\u2019Independ\u00e8ncia.\r\n\r\nDos dies de festa amb gastronomia, mariachis, lluita lliure, danses folkl\u00f2riques, activitats familiars, artesania, exposicions i espectacles \u00fanics que faran viure a Barcelona l\u2019experi\u00e8ncia mexicana m\u00e9s gran de l\u2019any.\r\n\r\nCompra la teva entrada i accedeix a tot durant tot el dia. Tu tries com viure-ho!","dates_activitat":[{"dia":"20250913","hora_inici":"11:00:00","hora_final":"23:59:00"},{"dia":"20250914","hora_inici":"10:00:00","hora_final":"22:00:00"}],"dies_i_horaris_visibles_a_fitxa":[{"dia_i_horari":"13 i 14 de setembre de 10h a 22h"}],"data_destacada":"<p>13-14 SET 2025<\/p>","data_ordenacio":"2025-09-14 10:00:00","preu":null,"preu_destacat":"","ubicacio":"","contingut_recomanat":"Tots els p\u00fablics","categoria_slider":[],"text_previ_segona_explicacio":"","titular_segona_explicacio":"La Fira del Grito, la festa mexicana m\u00e9s gran d\u2019Europa","text_posterior_segona_explicacio":"Enguany, el recinte es converteix en un aut\u00e8ntic tros de M\u00e8xic amb 5 espais actius plens de cultura, tradici\u00f3 i diversi\u00f3. Durant el cap de setmana podr\u00e0s gaudir d\u2019un programa complet amb lluita lliure mexicana (dissabte), l\u2019emocionant Grito d\u2019Independ\u00e8ncia amb mariachis i l\u2019espectacle La Llorona (diumenge), aix\u00ed com ballet folkl\u00f2ric, artistes mexicans en directe, DJs i ambient festiu fins a la nit.","text_detall_segona_explicacio":"Segons el president de MEXCAT, C\u00e9sar C\u00e1rdenas, \"el marc del Poble Espanyol fa que els mexicans se sentin com en un Poble M\u00e0gic mexic\u00e0, com si fossin al s\u00f2col de qualsevol ciutat mexicana\"","seccions_activitat":null,"bloc_activitats":null,"titol_previ_programa":"","titol_programa":"","pdf_programa":null,"programa_activitat":null,"titol_colaboradors":"","colaboradors":null,"titol_video":"","video":null,"titol_galeria":"","galeria":null,"titol_previ_activitats":"No te les perdis","titol_activitats":"Activitats relacionades","activitats_relacionades":{"manual":[111907,208647,256637]},"tipus_ae":[]},"_links":{"self":[{"href":"https:\/\/poble-espanyol.com\/ca\/wp-json\/wp\/v2\/activitat\/247900","targetHints":{"allow":["GET"]}}],"collection":[{"href":"https:\/\/poble-espanyol.com\/ca\/wp-json\/wp\/v2\/activitat"}],"about":[{"href":"https:\/\/poble-espanyol.com\/ca\/wp-json\/wp\/v2\/types\/activitat"}],"author":[{"embeddable":true,"href":"https:\/\/poble-espanyol.com\/ca\/wp-json\/wp\/v2\/users\/4"}],"replies":[{"embeddable":true,"href":"https:\/\/poble-espanyol.com\/ca\/wp-json\/wp\/v2\/comments?post=247900"}],"version-history":[{"count":8,"href":"https:\/\/poble-espanyol.com\/ca\/wp-json\/wp\/v2\/activitat\/247900\/revisions"}],"predecessor-version":[{"id":268239,"href":"https:\/\/poble-espanyol.com\/ca\/wp-json\/wp\/v2\/activitat\/247900\/revisions\/268239"}],"wp:featuredmedia":[{"embeddable":true,"href":"https:\/\/poble-espanyol.com\/ca\/wp-json\/wp\/v2\/media\/247894"}],"wp:attachment":[{"href":"https:\/\/poble-espanyol.com\/ca\/wp-json\/wp\/v2\/media?parent=247900"}],"curies":[{"name":"wp","href":"https:\/\/api.w.org\/{rel}","templated":true}]}}