{"id":251732,"date":"2024-05-06T17:50:19","date_gmt":"2024-05-06T15:50:19","guid":{"rendered":"https:\/\/poble-espanyol.com\/actividad\/alerta-fest-3\/"},"modified":"2024-05-10T11:08:00","modified_gmt":"2024-05-10T09:08:00","slug":"jorge-celedon-i-pipe-bueno","status":"publish","type":"activitat","link":"https:\/\/poble-espanyol.com\/ca\/activitat\/jorge-celedon-i-pipe-bueno\/","title":{"rendered":"Jorge Celed\u00f3n i Pipe Bueno"},"content":{"rendered":"","protected":false},"excerpt":{"rendered":"","protected":false},"author":4,"featured_media":251735,"comment_status":"closed","ping_status":"closed","template":"","meta":{"_acf_changed":false,"footnotes":""},"class_list":["post-251732","activitat","type-activitat","status-publish","has-post-thumbnail","hentry"],"acf":{"activitat_destacada":false,"activitats_destacades":false,"activitats_destacades_agenda":false,"activitats_destacades_activitats_familiars":false,"activitats_destacades_activitats_concerts":false,"url_comprar_entrades":"https:\/\/www.latinpalacebarcelona.com\/conciertos\/jorge-celedon-y-pipe-bueno","nom_activitat":"Jorge Celed\u00f3n i Pipe Bueno","titol_previ_al_nom":"El dia 20 de maig explora els g\u00e8neres de la cumbia, el \"vallenato\" o la \"ranchera\" al Poble ","text_introductori":"Jorge Celed\u00f3n una de les millors veus del \"vallenato\" al m\u00f3n, que ens delectar\u00e0 amb can\u00e7ons com  \u201cEsta vida\u201d, \u201cPor tu primer beso\u201d, \u201cParranda en el cafetal\u201d, \u201cLa invitaci\u00f3n\u201d entre altres i Pipe Bueno \u201cEl pr\u00edncep de la m\u00fasica popular\u201d en el seu retorn a Europa despr\u00e9s de 12 anys amb \u00e8xits com  \u201cGuaro\u201d, \u201cSi no te hubieras ido\u201d, \u201cDue\u00f1o de ti\u201d i moltes m\u00e9s.\r\n\r\nUn esdeveniment sense precedents que no us podeu perdre!","dates_activitat":[{"dia":"20240520","hora_inici":"","hora_final":""}],"dies_i_horaris_visibles_a_fitxa":[{"dia_i_horari":"20 de maig de 2024"},{"dia_i_horari":"Hora del concert: 19h"}],"data_destacada":"<p> 20 MAIG <\/p>","data_ordenacio":"20\/05\/2024 18:00","preu":null,"preu_destacat":"Des de 38,5\u20ac","ubicacio":"Pla\u00e7a Major","contingut_recomanat":"","categoria_slider":[],"text_previ_segona_explicacio":"","titular_segona_explicacio":"ELS ARTISTES","text_posterior_segona_explicacio":"Jorge Celed\u00f3n, un cantant i compositor colombi\u00e0 de vallenato i c\u00fambia, guanyador de cinc Premis Grammy Llatins per millor \u00e0lbum de Cumbia\/Vallenato. Pipe Bueno, \u00e9s un cantautor, compositor i actor colombi\u00e0, els seus g\u00e8neres musicals s\u00f3n principalment la m\u00fasica popular i la ranxera. Tot i aix\u00f2 en els \u00faltims anys ha fet col\u00b7laboracions de reguet\u00f3 al costat d'artistes com Maluma, Wisin, J \u00c1lvarez i Zion.","text_detall_segona_explicacio":"Y no et perdis als artistas convidats: els cantors Koko i Koronel. ","seccions_activitat":null,"bloc_activitats":null,"titol_previ_programa":"","titol_programa":"","pdf_programa":"","programa_activitat":null,"titol_colaboradors":"","colaboradors":null,"titol_video":"","video":"","titol_galeria":"","galeria":null,"titol_previ_activitats":"No te'ls perdis!","titol_activitats":"ALTRES CONCERTS AL POBLE ESPANYOL","activitats_relacionades":{"manual":[251431,251451,251417]},"tipus_ae":""},"_links":{"self":[{"href":"https:\/\/poble-espanyol.com\/ca\/wp-json\/wp\/v2\/activitat\/251732","targetHints":{"allow":["GET"]}}],"collection":[{"href":"https:\/\/poble-espanyol.com\/ca\/wp-json\/wp\/v2\/activitat"}],"about":[{"href":"https:\/\/poble-espanyol.com\/ca\/wp-json\/wp\/v2\/types\/activitat"}],"author":[{"embeddable":true,"href":"https:\/\/poble-espanyol.com\/ca\/wp-json\/wp\/v2\/users\/4"}],"replies":[{"embeddable":true,"href":"https:\/\/poble-espanyol.com\/ca\/wp-json\/wp\/v2\/comments?post=251732"}],"version-history":[{"count":2,"href":"https:\/\/poble-espanyol.com\/ca\/wp-json\/wp\/v2\/activitat\/251732\/revisions"}],"predecessor-version":[{"id":251743,"href":"https:\/\/poble-espanyol.com\/ca\/wp-json\/wp\/v2\/activitat\/251732\/revisions\/251743"}],"wp:featuredmedia":[{"embeddable":true,"href":"https:\/\/poble-espanyol.com\/ca\/wp-json\/wp\/v2\/media\/251735"}],"wp:attachment":[{"href":"https:\/\/poble-espanyol.com\/ca\/wp-json\/wp\/v2\/media?parent=251732"}],"curies":[{"name":"wp","href":"https:\/\/api.w.org\/{rel}","templated":true}]}}