{"id":251800,"date":"2024-05-06T17:50:19","date_gmt":"2024-05-06T15:50:19","guid":{"rendered":"https:\/\/poble-espanyol.com\/actividad\/bresh-3\/"},"modified":"2024-06-11T13:41:18","modified_gmt":"2024-06-11T11:41:18","slug":"paripe","status":"publish","type":"activitat","link":"https:\/\/poble-espanyol.com\/ca\/activitat\/paripe\/","title":{"rendered":"Parip\u00e9"},"content":{"rendered":"","protected":false},"excerpt":{"rendered":"","protected":false},"author":4,"featured_media":251803,"comment_status":"closed","ping_status":"closed","template":"","meta":{"_acf_changed":false,"footnotes":""},"class_list":["post-251800","activitat","type-activitat","status-publish","has-post-thumbnail","hentry"],"acf":{"activitat_destacada":false,"activitats_destacades":false,"activitats_destacades_agenda":false,"activitats_destacades_activitats_familiars":false,"activitats_destacades_activitats_concerts":false,"url_comprar_entrades":"https:\/\/www.theproject.es\/es\/paripe","nom_activitat":"El Parip\u00e9 Open Air","titol_previ_al_nom":"EI PARIP\u00c9 OPEN AIR, la festa m\u00e9s gran del Parip\u00e9 fins al moment ","text_introductori":"El dissabte 27 de juliol m\u00e9s de 5.000 persones gaudirem de la millor conya, ambient\u00e0s i alegria de Barcelona a l'aire lliure. Rumbeta en directe amb l'equip complet de MASAMADRE perqu\u00e8 no paris de cantar.\r\n\r\nNo triguis a comprar les entrades ja que aniran pujant el preu!!\r\n","dates_activitat":[{"dia":"20240727","hora_inici":"","hora_final":""}],"dies_i_horaris_visibles_a_fitxa":[{"dia_i_horari":"27 de juliol de 2024"},{"dia_i_horari":"De 18h a 1h"}],"data_destacada":"<p> 27 JUL <\/p>","data_ordenacio":"27\/07\/2024 18:00","preu":null,"preu_destacat":"Des de 15\u20ac","ubicacio":"Pla\u00e7a Major","contingut_recomanat":"","categoria_slider":[],"text_previ_segona_explicacio":"","titular_segona_explicacio":"El Parip\u00e9 m\u00e9s gran","text_posterior_segona_explicacio":"DJ TONY D. amb els millors temes perqu\u00e8 no paris de ballar + Molts jocs, concursos, food trucks, maquillatge BRILLI i m\u00e9s sorpreses durant tota la tarda + Una gran artista per al tancament del festival que ben aviat desvetllarem","text_detall_segona_explicacio":"<br \/>\r\n","seccions_activitat":null,"bloc_activitats":null,"titol_previ_programa":"","titol_programa":"","pdf_programa":"","programa_activitat":null,"titol_colaboradors":"","colaboradors":null,"titol_video":"","video":"","titol_galeria":"","galeria":null,"titol_previ_activitats":"No te'ls perdis!","titol_activitats":"ALTRES CONCERTS AL POBLE ESPANYOL","activitats_relacionades":{"manual":[251431,251451,251417]},"tipus_ae":""},"_links":{"self":[{"href":"https:\/\/poble-espanyol.com\/ca\/wp-json\/wp\/v2\/activitat\/251800","targetHints":{"allow":["GET"]}}],"collection":[{"href":"https:\/\/poble-espanyol.com\/ca\/wp-json\/wp\/v2\/activitat"}],"about":[{"href":"https:\/\/poble-espanyol.com\/ca\/wp-json\/wp\/v2\/types\/activitat"}],"author":[{"embeddable":true,"href":"https:\/\/poble-espanyol.com\/ca\/wp-json\/wp\/v2\/users\/4"}],"replies":[{"embeddable":true,"href":"https:\/\/poble-espanyol.com\/ca\/wp-json\/wp\/v2\/comments?post=251800"}],"version-history":[{"count":2,"href":"https:\/\/poble-espanyol.com\/ca\/wp-json\/wp\/v2\/activitat\/251800\/revisions"}],"predecessor-version":[{"id":251808,"href":"https:\/\/poble-espanyol.com\/ca\/wp-json\/wp\/v2\/activitat\/251800\/revisions\/251808"}],"wp:featuredmedia":[{"embeddable":true,"href":"https:\/\/poble-espanyol.com\/ca\/wp-json\/wp\/v2\/media\/251803"}],"wp:attachment":[{"href":"https:\/\/poble-espanyol.com\/ca\/wp-json\/wp\/v2\/media?parent=251800"}],"curies":[{"name":"wp","href":"https:\/\/api.w.org\/{rel}","templated":true}]}}