{"id":253861,"date":"2024-07-19T11:23:35","date_gmt":"2024-07-19T09:23:35","guid":{"rendered":"https:\/\/poble-espanyol.com\/actividad\/neo-fest-2024-3\/"},"modified":"2024-10-16T17:31:18","modified_gmt":"2024-10-16T15:31:18","slug":"open-house-48-h","status":"publish","type":"activitat","link":"https:\/\/poble-espanyol.com\/ca\/activitat\/open-house-48-h\/","title":{"rendered":"48h Open House"},"content":{"rendered":"","protected":false},"excerpt":{"rendered":"","protected":false},"author":4,"featured_media":253887,"comment_status":"closed","ping_status":"closed","template":"","meta":{"_acf_changed":false,"footnotes":""},"class_list":["post-253861","activitat","type-activitat","status-publish","has-post-thumbnail","hentry"],"acf":{"activitat_destacada":false,"activitats_destacades":false,"activitats_destacades_agenda":false,"activitats_destacades_activitats_familiars":false,"activitats_destacades_activitats_concerts":false,"url_comprar_entrades":"","nom_activitat":"48h Open House","titol_previ_al_nom":"La 15a edici\u00f3 del Festival d'Arquitectura ","text_introductori":"Per segon any consecutiu participem al 48h Open House, el festival d'arquitectura m\u00e9s important de l\u2019\u00e0mbit metropolit\u00e0 de Barcelona obre les portes de m\u00e9s de 200 edificis per a promoure una doble reflexi\u00f3 al voltant de qu\u00e8 es important en l\u2019arquitectura i que li d\u00f3na valor.\r\n\r\nRecull 6 ciutats; Barcelona, Badalona, L\u2019Hospitalet de Llobregat, Sant Joan Desp\u00ed, Vilassar de Dalt i Sitges.\r\nHi haur\u00e0n 212 activitats a tot l\u2019\u00e0mbit geogr\u00e0fic\r\n\r\nAl Poble Espanyol, s'obrir\u00e0n les portes el 27 d'octubre, coincidint amb el Creepy Family. Consistir\u00e0 en fer visites guiades totalment gratu\u00eftes amb una duraci\u00f2 de 30 minuts, aproximadament, en grups de 10\/15 persones, on cada visita comen\u00e7ar\u00e0 cada 15 minuts. \r\nAquestes visites es far\u00e0n des de les 10h fins les 17h.\r\n\r\n*No hi ha cap tipus de reserva pr\u00e8via, es far\u00e0 per ordre d'arribada o b\u00e9 fent fila a la porta principal del Poble Espanyol.\r\n","dates_activitat":[{"dia":"20241027","hora_inici":"10:00:00","hora_final":"17:00:00"}],"dies_i_horaris_visibles_a_fitxa":[{"dia_i_horari":"27 d'octubre de 2024"},{"dia_i_horari":"Obertura de portes a les 10:00h"}],"data_destacada":"<p> 27 OCT <\/p>","data_ordenacio":"27\/10\/2024 10:00","preu":null,"preu_destacat":"Gratu\u00eft","ubicacio":"","contingut_recomanat":"","categoria_slider":[],"text_previ_segona_explicacio":"","titular_segona_explicacio":"","text_posterior_segona_explicacio":"","text_detall_segona_explicacio":"","seccions_activitat":null,"bloc_activitats":null,"titol_previ_programa":"","titol_programa":"","pdf_programa":"","programa_activitat":null,"titol_colaboradors":"","colaboradors":null,"titol_video":"","video":"","titol_galeria":"","galeria":null,"titol_previ_activitats":"","titol_activitats":"","activitats_relacionades":{"manual":""},"tipus_ae":""},"_links":{"self":[{"href":"https:\/\/poble-espanyol.com\/ca\/wp-json\/wp\/v2\/activitat\/253861","targetHints":{"allow":["GET"]}}],"collection":[{"href":"https:\/\/poble-espanyol.com\/ca\/wp-json\/wp\/v2\/activitat"}],"about":[{"href":"https:\/\/poble-espanyol.com\/ca\/wp-json\/wp\/v2\/types\/activitat"}],"author":[{"embeddable":true,"href":"https:\/\/poble-espanyol.com\/ca\/wp-json\/wp\/v2\/users\/4"}],"replies":[{"embeddable":true,"href":"https:\/\/poble-espanyol.com\/ca\/wp-json\/wp\/v2\/comments?post=253861"}],"version-history":[{"count":4,"href":"https:\/\/poble-espanyol.com\/ca\/wp-json\/wp\/v2\/activitat\/253861\/revisions"}],"predecessor-version":[{"id":253891,"href":"https:\/\/poble-espanyol.com\/ca\/wp-json\/wp\/v2\/activitat\/253861\/revisions\/253891"}],"wp:featuredmedia":[{"embeddable":true,"href":"https:\/\/poble-espanyol.com\/ca\/wp-json\/wp\/v2\/media\/253887"}],"wp:attachment":[{"href":"https:\/\/poble-espanyol.com\/ca\/wp-json\/wp\/v2\/media?parent=253861"}],"curies":[{"name":"wp","href":"https:\/\/api.w.org\/{rel}","templated":true}]}}