{"id":255958,"date":"2024-05-06T17:50:19","date_gmt":"2024-05-06T15:50:19","guid":{"rendered":"https:\/\/poble-espanyol.com\/actividad\/rag-n-bone-man-3\/"},"modified":"2025-05-26T12:29:09","modified_gmt":"2025-05-26T10:29:09","slug":"julieta-venegas-rita-payes","status":"publish","type":"activitat","link":"https:\/\/poble-espanyol.com\/ca\/activitat\/julieta-venegas-rita-payes\/","title":{"rendered":"Alma Occident Festival &#8211;  Julieta Venegas + Rita Pay\u00e9s"},"content":{"rendered":"","protected":false},"excerpt":{"rendered":"","protected":false},"author":4,"featured_media":255962,"comment_status":"closed","ping_status":"closed","template":"","meta":{"_acf_changed":false,"footnotes":""},"class_list":["post-255958","activitat","type-activitat","status-publish","has-post-thumbnail","hentry"],"acf":{"activitat_destacada":false,"activitats_destacades":false,"activitats_destacades_agenda":false,"activitats_destacades_activitats_familiars":false,"activitats_destacades_activitats_concerts":false,"url_comprar_entrades":"https:\/\/www.ticketmaster.es\/event\/662249190?brand=base_mb_es","nom_activitat":"ALMA Festival Occident Barcelona 2025","titol_previ_al_nom":"Un festival musical emblem\u00e0tic en un espai \u00fanic de Barcelona  ","text_introductori":"Julieta Venegas i Rita Pay\u00e9s, dos talents excepcionals de la m\u00fasica, s'uneixen en un concert memorable que celebra el poder de l'autenticitat i la connexi\u00f3 amb les arrels. Julieta Venegas, reconeguda com una de les Leading Ladies of Entertainment pel seu impacte en la m\u00fasica i el comprom\u00eds social, ha captivat el m\u00f3n amb la seva versatilitat i \u00e8xits com \"Lim\u00f3n y sal\" i \"Me voy\". Despr\u00e9s de rec\u00f3rrer escenaris emblem\u00e0tics i rebre m\u00faltiples guardons, la seva pres\u00e8ncia \u00e9s un testimoni viu del poder transformador de l'art. \r\n","dates_activitat":[{"dia":"20250721","hora_inici":"21:00:00","hora_final":null}],"dies_i_horaris_visibles_a_fitxa":[{"dia_i_horari":"21 de juliol de 2025"},{"dia_i_horari":"Hora del concert: 21:00h"}],"data_destacada":"<p> 21 JUL <\/p>","data_ordenacio":"2025-07-21 21:00:00","preu":null,"preu_destacat":"Des de 38,60\u20ac","ubicacio":"Pla\u00e7a Major","contingut_recomanat":"","categoria_slider":[],"text_previ_segona_explicacio":"Per la seva part, Rita Pay\u00e9s, jove prodigi sorgida de la Sant Andreu Jazz Band, desllueix amb el seu tercer \u00e0lbum \u201cDe Camino al Camino\u201d, una obra que explora la bellesa en el quotidi\u00e0 amb un estil que fusiona jazz, bolero i m\u00fasica popular, consolidant la seva posici\u00f3 com una de les artistes m\u00e9s prometedores de l'escena actual. Aquest doble concert promet ser un viatge \u00fanic que connectar\u00e0 amb l'\u00e0nima de la m\u00fasica llatina, des de la mestria i l'emotivitat de Venegas fins a l'autenticitat i el carisma de Pay\u00e9s. Dues generacions, dos estils inconfusibles i una mateixa passi\u00f3 per transcendir fronteres a trav\u00e9s de la m\u00fasica.","titular_segona_explicacio":"Un dels grans festivals d\u00b4estiu a Barcelona","text_posterior_segona_explicacio":"ALMA Festival Occident torna al Poble Espanyol conservant els seus valors i consolidant el seu vincle indiscutible amb Barcelona com a Festival de refer\u00e8ncia a la ciutat.","text_detall_segona_explicacio":"El festival tindr\u00e0 lloc entre el 24 de juny i el 21 de juliol de 2025 en un gran espai a l'aire lliure i en un entorn arquitect\u00f2nic \u00fanic.","seccions_activitat":null,"bloc_activitats":null,"titol_previ_programa":"","titol_programa":"","pdf_programa":null,"programa_activitat":null,"titol_colaboradors":"","colaboradors":null,"titol_video":"EDICIONS ANTERIORS","video":"https:\/\/www.youtube.com\/watch?v=l6tFxCgPJUY&ab_channel=AlmaFestival","titol_galeria":"","galeria":null,"titol_previ_activitats":"No te'ls perdis!","titol_activitats":"ALTRES CONCERTS","activitats_relacionades":{"manual":[251431,251451,251417]},"tipus_ae":[]},"_links":{"self":[{"href":"https:\/\/poble-espanyol.com\/ca\/wp-json\/wp\/v2\/activitat\/255958","targetHints":{"allow":["GET"]}}],"collection":[{"href":"https:\/\/poble-espanyol.com\/ca\/wp-json\/wp\/v2\/activitat"}],"about":[{"href":"https:\/\/poble-espanyol.com\/ca\/wp-json\/wp\/v2\/types\/activitat"}],"author":[{"embeddable":true,"href":"https:\/\/poble-espanyol.com\/ca\/wp-json\/wp\/v2\/users\/4"}],"replies":[{"embeddable":true,"href":"https:\/\/poble-espanyol.com\/ca\/wp-json\/wp\/v2\/comments?post=255958"}],"version-history":[{"count":2,"href":"https:\/\/poble-espanyol.com\/ca\/wp-json\/wp\/v2\/activitat\/255958\/revisions"}],"predecessor-version":[{"id":256739,"href":"https:\/\/poble-espanyol.com\/ca\/wp-json\/wp\/v2\/activitat\/255958\/revisions\/256739"}],"wp:featuredmedia":[{"embeddable":true,"href":"https:\/\/poble-espanyol.com\/ca\/wp-json\/wp\/v2\/media\/255962"}],"wp:attachment":[{"href":"https:\/\/poble-espanyol.com\/ca\/wp-json\/wp\/v2\/media?parent=255958"}],"curies":[{"name":"wp","href":"https:\/\/api.w.org\/{rel}","templated":true}]}}