{"id":256053,"date":"2025-01-23T19:14:20","date_gmt":"2025-01-23T17:14:20","guid":{"rendered":"https:\/\/poble-espanyol.com\/actividad\/peru-salsa-all-stars-3\/"},"modified":"2025-05-08T18:03:50","modified_gmt":"2025-05-08T16:03:50","slug":"concert-el-drogas-ciclonautas","status":"publish","type":"activitat","link":"https:\/\/poble-espanyol.com\/ca\/activitat\/concert-el-drogas-ciclonautas\/","title":{"rendered":"Concert El Drogas + Ciclonautas"},"content":{"rendered":"","protected":false},"excerpt":{"rendered":"","protected":false},"author":4,"featured_media":256055,"comment_status":"closed","ping_status":"closed","template":"","meta":{"_acf_changed":false,"footnotes":""},"class_list":["post-256053","activitat","type-activitat","status-publish","has-post-thumbnail","hentry"],"acf":{"activitat_destacada":false,"activitats_destacades":false,"activitats_destacades_agenda":false,"activitats_destacades_activitats_familiars":false,"activitats_destacades_activitats_concerts":false,"url_comprar_entrades":"https:\/\/tickets.oneboxtds.com\/empremtes\/select\/2283919?_gl=1*1xbsnhr*_gcl_au*NjYwNzM2NzYxLjE3NDIyODczMTA","nom_activitat":"Concert El Drogas + Ciclonautas","titol_previ_al_nom":"","text_introductori":"\u2018El Drogas\u2019 \u00e9s el projecte definitiu i fonamental en el qual Enrique Villareal dona curs a les seves composicions actuals, a tota una vida dedicada a la m\u00fasica, tamb\u00e9 repassant la seva carrera al capdavant de les bandes que ha liderat, com  Barricada, La Venganza de la Abuela o Txarrena.\r\n","dates_activitat":[{"dia":"20250509","hora_inici":"19:30:00","hora_final":"23:00:00"}],"dies_i_horaris_visibles_a_fitxa":[{"dia_i_horari":"9 de maig de 2025"}],"data_destacada":"<p> 9 MAIG <\/p>","data_ordenacio":"2025-05-09 19:30:00","preu":[{"categoria_de_preu":"Entrada des de","import_preu":"30"}],"preu_destacat":"30\u20ac","ubicacio":"","contingut_recomanat":"","categoria_slider":[],"text_previ_segona_explicacio":"El Drogas comen\u00e7a com a projecte en 2012, amb una gira en la que l\u2019artista interpreta, per primera vegada, les can\u00e7ons de les seves tres bandes, fins que en 2013 publica el triple disc \u201cDemasiado tonto en la corteza\u201d. Aquest \u00e0lbum est\u00e0 format per tres parts diferenciades tem\u00e0tica i estil\u00edsticament.\r\n\r\nEn plena pand\u00e8mia, Enrique acaba d\u2019escriure el seu nou llibre de poemes i en el proc\u00e9s de composici\u00f3 aquest llibre tamb\u00e9 compon els 8 temes que formen part del seu nou disc, \u201cEl largo sue\u00f1o de una polilla\u201d, publicat el mateix dia que el seu llibre \u201c189 escritos con una mano enferma\u201d. El disc reflecteix la part m\u00e9s reposada de l\u2019artista, compost majorment al piano i guitarra ac\u00fastica i presentat mentre s\u2019anava sortint de la pand\u00e8mia en 38 teatres i centres c\u00edvics, en els quals esgota la majoria de les entrades a la venda.","titular_segona_explicacio":"","text_posterior_segona_explicacio":"","text_detall_segona_explicacio":"","seccions_activitat":null,"bloc_activitats":null,"titol_previ_programa":"","titol_programa":"","pdf_programa":null,"programa_activitat":null,"titol_colaboradors":"","colaboradors":null,"titol_video":"","video":null,"titol_galeria":"","galeria":null,"titol_previ_activitats":"","titol_activitats":"","activitats_relacionades":{"manual":""},"tipus_ae":[]},"_links":{"self":[{"href":"https:\/\/poble-espanyol.com\/ca\/wp-json\/wp\/v2\/activitat\/256053","targetHints":{"allow":["GET"]}}],"collection":[{"href":"https:\/\/poble-espanyol.com\/ca\/wp-json\/wp\/v2\/activitat"}],"about":[{"href":"https:\/\/poble-espanyol.com\/ca\/wp-json\/wp\/v2\/types\/activitat"}],"author":[{"embeddable":true,"href":"https:\/\/poble-espanyol.com\/ca\/wp-json\/wp\/v2\/users\/4"}],"replies":[{"embeddable":true,"href":"https:\/\/poble-espanyol.com\/ca\/wp-json\/wp\/v2\/comments?post=256053"}],"version-history":[{"count":3,"href":"https:\/\/poble-espanyol.com\/ca\/wp-json\/wp\/v2\/activitat\/256053\/revisions"}],"predecessor-version":[{"id":256300,"href":"https:\/\/poble-espanyol.com\/ca\/wp-json\/wp\/v2\/activitat\/256053\/revisions\/256300"}],"wp:featuredmedia":[{"embeddable":true,"href":"https:\/\/poble-espanyol.com\/ca\/wp-json\/wp\/v2\/media\/256055"}],"wp:attachment":[{"href":"https:\/\/poble-espanyol.com\/ca\/wp-json\/wp\/v2\/media?parent=256053"}],"curies":[{"name":"wp","href":"https:\/\/api.w.org\/{rel}","templated":true}]}}