{"id":274414,"date":"2024-05-06T17:47:56","date_gmt":"2024-05-06T15:47:56","guid":{"rendered":"https:\/\/poble-espanyol.com\/actividad\/barts-festival-biffy-clyro-3\/"},"modified":"2026-03-10T17:47:09","modified_gmt":"2026-03-10T15:47:09","slug":"lp-judith-hill","status":"publish","type":"activitat","link":"https:\/\/poble-espanyol.com\/ca\/activitat\/lp-judith-hill\/","title":{"rendered":"BARTS Festival &#8211; LP + Judith Hill"},"content":{"rendered":"","protected":false},"excerpt":{"rendered":"","protected":false},"author":4,"featured_media":274419,"comment_status":"closed","ping_status":"closed","template":"","meta":{"_acf_changed":false,"footnotes":""},"class_list":["post-274414","activitat","type-activitat","status-publish","has-post-thumbnail","hentry"],"acf":{"activitat_destacada":false,"activitats_destacades":false,"activitats_destacades_agenda":false,"activitats_destacades_activitats_familiars":false,"activitats_destacades_activitats_concerts":false,"url_comprar_entrades":"https:\/\/www.enterticket.es\/eventos\/judith-hill-lp-barts-festival-221798","nom_activitat":"BARTS Festival 2026","titol_previ_al_nom":"Una sala m\u00edtica transformada en festival d\u2019estiu","text_introductori":"D'una banda, Laura Pergolizzi, coneguda mundialment com LP, una for\u00e7a de la natura que va saltar a la fama global amb l'himne Lost on You. El seu estil, una barreja d'indie-pop, rock i folk, destaca per una tessitura vocal \u00fanica i una honestedat brutal.\r\n\r\nD'altra banda, la mateixa nit comptar\u00e0 amb l'actuaci\u00f3 de Judith Hill, la protegida de Prince i veu estel\u00b7lar al documental 20 Feet from Stardom. Amb una her\u00e8ncia de soul, funk i R&B, Hill aporta una sofisticaci\u00f3 i una energia que la confirmen com una de les grans divinitats de la m\u00fasica negra contempor\u00e0nia.","dates_activitat":[{"dia":"20260721","hora_inici":"21:00:00","hora_final":null}],"dies_i_horaris_visibles_a_fitxa":[{"dia_i_horari":"21 de juliol de 2026"},{"dia_i_horari":"Hora del concert 21:30h"}],"data_destacada":"<p> 21 JUL <\/p>","data_ordenacio":"2026-07-21 21:00:00","preu":null,"preu_destacat":"Des de 49,50\u20ac","ubicacio":"Pla\u00e7a Major","contingut_recomanat":"","categoria_slider":[],"text_previ_segona_explicacio":"","titular_segona_explicacio":"BARTS INICIA UNA NOVA ETAPA COM A FESTIVAL D\u2019ESTIU AL POBLE ESPANYOL","text_posterior_segona_explicacio":"La m\u00edtica sala barcelonina trasllada el seu esperit al Poble Espanyol per celebrar un estiu de concerts inoblidables, on els noms hist\u00f2rics dialoguen amb els referents m\u00e9s contemporanis.","text_detall_segona_explicacio":"","seccions_activitat":null,"bloc_activitats":null,"titol_previ_programa":"","titol_programa":"","pdf_programa":null,"programa_activitat":null,"titol_colaboradors":"","colaboradors":null,"titol_video":"","video":"https:\/\/youtu.be\/wDjeBNv6ip0","titol_galeria":"","galeria":null,"titol_previ_activitats":"","titol_activitats":"M\u00e9s de BARTS Festival","activitats_relacionades":{"manual":""},"tipus_ae":[]},"_links":{"self":[{"href":"https:\/\/poble-espanyol.com\/ca\/wp-json\/wp\/v2\/activitat\/274414","targetHints":{"allow":["GET"]}}],"collection":[{"href":"https:\/\/poble-espanyol.com\/ca\/wp-json\/wp\/v2\/activitat"}],"about":[{"href":"https:\/\/poble-espanyol.com\/ca\/wp-json\/wp\/v2\/types\/activitat"}],"author":[{"embeddable":true,"href":"https:\/\/poble-espanyol.com\/ca\/wp-json\/wp\/v2\/users\/4"}],"replies":[{"embeddable":true,"href":"https:\/\/poble-espanyol.com\/ca\/wp-json\/wp\/v2\/comments?post=274414"}],"version-history":[{"count":2,"href":"https:\/\/poble-espanyol.com\/ca\/wp-json\/wp\/v2\/activitat\/274414\/revisions"}],"predecessor-version":[{"id":274426,"href":"https:\/\/poble-espanyol.com\/ca\/wp-json\/wp\/v2\/activitat\/274414\/revisions\/274426"}],"wp:featuredmedia":[{"embeddable":true,"href":"https:\/\/poble-espanyol.com\/ca\/wp-json\/wp\/v2\/media\/274419"}],"wp:attachment":[{"href":"https:\/\/poble-espanyol.com\/ca\/wp-json\/wp\/v2\/media?parent=274414"}],"curies":[{"name":"wp","href":"https:\/\/api.w.org\/{rel}","templated":true}]}}