{"id":110967,"date":"2022-03-03T19:20:27","date_gmt":"2022-03-03T17:20:27","guid":{"rendered":"https:\/\/pe.efimatica.com\/?post_type=activitat_educativa&#038;p=110967"},"modified":"2026-02-24T17:25:23","modified_gmt":"2026-02-24T15:25:23","slug":"festa-major","status":"publish","type":"activitat_educativa","link":"https:\/\/poble-espanyol.com\/ca\/activitat-educativa\/festa-major\/","title":{"rendered":"Festa Major"},"content":{"rendered":"","protected":false},"excerpt":{"rendered":"<p>Amb la dinamitzaci\u00f3 d&#8217;un\/a monitor\/a, haureu de superar una s\u00e8rie de proves relacionades amb els elements m\u00e9s representatius d&#8217;aquestes celebracions: les disfresses, el ball del fanalet, la jornada infantil, els gegants i els capgrossos i el dinar de germanor. Una activitat participativa en qu\u00e8 repassareu les tradicions populars mentre passegeu pels carrers del Poble Espanyol.<\/p>\n","protected":false},"author":7,"featured_media":244344,"comment_status":"open","ping_status":"closed","template":"","meta":{"_acf_changed":false,"footnotes":""},"class_list":["post-110967","activitat_educativa","type-activitat_educativa","status-publish","has-post-thumbnail","hentry"],"acf":{"nom_activitat":"Festa Major","titol_previ_al_nom":"L\u2019estiu \u00e9s sin\u00f2nim de festa! Als pobles i a les ciutats s\u00f3n molt conegudes les festes majors. ","text_introductori":"El calendari de l\u2019estiu est\u00e0 ple de festes majors per tota Catalunya. En coneixeu alguna? Us proposem gaudir tots junts d'aquest tipus de celebracions... al nostre Poble. Per fer-ho, tot el grup haur\u00e0 de treballar cooperativament i anar descobrint, a trav\u00e9s de jocs i petits reptes, els elements caracter\u00edstics i trets comuns de qualsevol festa major! Teniu ganes d\u2019organitzar-ne una?\r\n\r\nM\u00edn per grup: 10 pax\r\n\r\nM\u00e0x per torn: 25 pax","artesa_que_limparteix":"1","artesa_existent":{"manual":""},"artesa_manual":{"nom_artesa":"Sara Ros\u00e9s","foto_artesa":92310,"categoria_i_funcio_artesa":"Joiera","enllac_artesa":"http:\/\/www.google.com"},"dates_activitat":[{"dia":"De dilluns a divendres"},{"dia":"Primer torn - 10:30h"},{"dia":"Segon torn - 12:30h"}],"ubicacio":"Tot el recinte","preu":"9,60","durada":"1 hora i 30 minuts","idiomes":"Catal\u00e0, Castell\u00e0","contingut_recomanat":"A partir de 6 a\u00f1os","categoria_slider":[],"titular_segona_explicacio":"Qu\u00e8 fer despr\u00e9s?","text_previ_segona_explicacio":"Altres propostes","text_posterior_segona_explicacio":"Un cop acabada l'activitat, podreu completar l'estada amb propostes complement\u00e0ries per aprofitar tot all\u00f2 que el Poble posa al vostre servei.","text_detall_segona_explicacio":"Dinar a la zona p\u00edcnic, descobrir les magn\u00edfiques vistes des del mirador del Monestir, con\u00e8ixer el Museu Fran Daurel d'art contemporani, deixar-vos sorprendre pel treball dels artesans i ara tamb\u00e9 pantalles t\u00e0ctils, instal\u00b7lacions audiovisuals i una zona amb tobogans a l'aire lliure.\r\n","seccions_activitat":null,"titol_previ_activitats":"Activitats relacionades","titol_activitats":"DESCOBREIX LES ACTIVITATS SIMILARS","activitats_relacionades":{"manual":""}},"_links":{"self":[{"href":"https:\/\/poble-espanyol.com\/ca\/wp-json\/wp\/v2\/activitat_educativa\/110967","targetHints":{"allow":["GET"]}}],"collection":[{"href":"https:\/\/poble-espanyol.com\/ca\/wp-json\/wp\/v2\/activitat_educativa"}],"about":[{"href":"https:\/\/poble-espanyol.com\/ca\/wp-json\/wp\/v2\/types\/activitat_educativa"}],"author":[{"embeddable":true,"href":"https:\/\/poble-espanyol.com\/ca\/wp-json\/wp\/v2\/users\/7"}],"replies":[{"embeddable":true,"href":"https:\/\/poble-espanyol.com\/ca\/wp-json\/wp\/v2\/comments?post=110967"}],"version-history":[{"count":6,"href":"https:\/\/poble-espanyol.com\/ca\/wp-json\/wp\/v2\/activitat_educativa\/110967\/revisions"}],"predecessor-version":[{"id":274024,"href":"https:\/\/poble-espanyol.com\/ca\/wp-json\/wp\/v2\/activitat_educativa\/110967\/revisions\/274024"}],"wp:featuredmedia":[{"embeddable":true,"href":"https:\/\/poble-espanyol.com\/ca\/wp-json\/wp\/v2\/media\/244344"}],"wp:attachment":[{"href":"https:\/\/poble-espanyol.com\/ca\/wp-json\/wp\/v2\/media?parent=110967"}],"curies":[{"name":"wp","href":"https:\/\/api.w.org\/{rel}","templated":true}]}}