{"id":111559,"date":"2022-03-03T13:50:50","date_gmt":"2022-03-03T11:50:50","guid":{"rendered":"https:\/\/pe.efimatica.com\/actividad-educativa\/el-joc-de-lartesania\/"},"modified":"2026-02-24T16:52:12","modified_gmt":"2026-02-24T14:52:12","slug":"taller-de-mosaics","status":"publish","type":"activitat_educativa","link":"https:\/\/poble-espanyol.com\/ca\/activitat-educativa\/taller-de-mosaics\/","title":{"rendered":"Taller de mosaics"},"content":{"rendered":"","protected":false},"excerpt":{"rendered":"<p> Elaborareu un mosaic fet de tessel\u00b7les de vidre de colors i textures diferents incrustades sobre vorada o ciment de junta.<\/p>\n","protected":false},"author":4,"featured_media":273671,"comment_status":"open","ping_status":"closed","template":"","meta":{"_acf_changed":false,"footnotes":""},"class_list":["post-111559","activitat_educativa","type-activitat_educativa","status-publish","has-post-thumbnail","hentry"],"acf":{"nom_activitat":"Taller de mosaics","titol_previ_al_nom":"Poseu a prova la vostra capacitat de fer una creaci\u00f3 art\u00edstica tot ajuntant petits fragments de vidre de formes irregulars.","text_introductori":"Els mosaics son elements decoratius arquitectonics. Habitualment es fan amb cer\u00e0mica, com feia Antoni Gaud\u00ed, per\u00f2 l\u2019artesana J\u00falia ens ha ensenyat que es pot fer tamb\u00e9 amb vidre. Voleu provar-ho? Cada nen\/a crear\u00e0 un posagots original i \u00fatil que es podr\u00e0 endur el mateix dia despr\u00e9s d\u2019un temps d\u2019assecat. Com ho fareu? Pimer s\u2019aplica vorada sobre una base rodona i despr\u00e9s, poc a poc, escollireu un a un els trossets de vidre de diferents colors i formes que voleu posar-hi, fins a completar el disseny.\r\n\r\nM\u00edn per grup: 10 pax\r\n\r\nM\u00e0x per torn: 50 pax","artesa_que_limparteix":"1","artesa_existent":{"manual":[105553]},"artesa_manual":{"nom_artesa":"Sara Ros\u00e9s","foto_artesa":92310,"categoria_i_funcio_artesa":"Joiera","enllac_artesa":"http:\/\/www.google.com"},"dates_activitat":[{"dia":"De dilluns a divendres"},{"dia":"Primer torn - 10:30h"},{"dia":"Segon torn - 12:30h"}],"ubicacio":"Carrer Mercaders 82","preu":"9,60","durada":"1 hora i 30 min","idiomes":"Catal\u00e0, Castell\u00e0","contingut_recomanat":"A partir de 8 anys","categoria_slider":[],"titular_segona_explicacio":"Qu\u00e8 fer despr\u00e9s?","text_previ_segona_explicacio":"Altres propostes","text_posterior_segona_explicacio":"Un cop acabada l'activitat, podreu completar l'estada amb propostes complement\u00e0ries per aprofitar tot all\u00f2 que el Poble posa al vostre servei.","text_detall_segona_explicacio":"Dinar a la zona p\u00edcnic, descobrir les magn\u00edfiques vistes des del mirador del Monestir, con\u00e8ixer el Museu Fran Daurel d'art contemporani, deixar-vos sorprendre pel treball dels artesans i ara tamb\u00e9 pantalles t\u00e0ctils, instal\u00b7lacions audiovisuals i una zona amb tobogans a l'aire lliure.\r\n","seccions_activitat":null,"titol_previ_activitats":"Activitats relacionades","titol_activitats":"Descobreix activitats familiars","activitats_relacionades":{"manual":[109595,109607,109787]}},"_links":{"self":[{"href":"https:\/\/poble-espanyol.com\/ca\/wp-json\/wp\/v2\/activitat_educativa\/111559","targetHints":{"allow":["GET"]}}],"collection":[{"href":"https:\/\/poble-espanyol.com\/ca\/wp-json\/wp\/v2\/activitat_educativa"}],"about":[{"href":"https:\/\/poble-espanyol.com\/ca\/wp-json\/wp\/v2\/types\/activitat_educativa"}],"author":[{"embeddable":true,"href":"https:\/\/poble-espanyol.com\/ca\/wp-json\/wp\/v2\/users\/4"}],"replies":[{"embeddable":true,"href":"https:\/\/poble-espanyol.com\/ca\/wp-json\/wp\/v2\/comments?post=111559"}],"version-history":[{"count":9,"href":"https:\/\/poble-espanyol.com\/ca\/wp-json\/wp\/v2\/activitat_educativa\/111559\/revisions"}],"predecessor-version":[{"id":273995,"href":"https:\/\/poble-espanyol.com\/ca\/wp-json\/wp\/v2\/activitat_educativa\/111559\/revisions\/273995"}],"wp:featuredmedia":[{"embeddable":true,"href":"https:\/\/poble-espanyol.com\/ca\/wp-json\/wp\/v2\/media\/273671"}],"wp:attachment":[{"href":"https:\/\/poble-espanyol.com\/ca\/wp-json\/wp\/v2\/media?parent=111559"}],"curies":[{"name":"wp","href":"https:\/\/api.w.org\/{rel}","templated":true}]}}