{"id":107692,"date":"2022-02-15T11:32:09","date_gmt":"2022-02-15T09:32:09","guid":{"rendered":"https:\/\/pe.efimatica.com\/?post_type=edifici&#038;p=107692"},"modified":"2022-02-15T11:54:40","modified_gmt":"2022-02-15T09:54:40","slug":"casa-de-ninca","status":"publish","type":"edifici","link":"https:\/\/poble-espanyol.com\/ca\/edifici\/casa-de-ninca\/","title":{"rendered":"Casa de N\u00ednca"},"content":{"rendered":"","protected":false},"excerpt":{"rendered":"<p>\u00dabeda \u00e9s una poblaci\u00f3 situada a Ja\u00e9n que va ser declarada Patrimoni Hist\u00f2ric de la Humanitat el 2003.<br \/>\nActualment, la Casa de N\u00ednca \u00e9s anomenada la Casa dels Padilla, situat al carrer Padilla de la localitat d&#8217;\u00dabeda.<br \/>\nAl Poble Espanyol est\u00e0 representada la pla\u00e7a de la Hermandad on es recrea una placeta t\u00edpica andalusa.<\/p>\n","protected":false},"author":4,"featured_media":107700,"comment_status":"open","ping_status":"closed","template":"","meta":{"_acf_changed":false,"footnotes":""},"categories-edifici-poble":[1021],"class_list":["post-107692","edifici","type-edifici","status-publish","has-post-thumbnail","hentry","categories-edifici-poble-sud-ca"],"acf":{"nom_edifici":"Casa de N\u00ednca","titol_previ":"Casa de N\u00ednca (\u00dabeda, Ja\u00e9n)","text_introductori":"\u00dabeda \u00e9s una poblaci\u00f3 situada a Ja\u00e9n que va ser declarada Patrimoni Hist\u00f2ric de la Humanitat el 2003. \r\nActualment, la Casa de N\u00ednca \u00e9s anomenada la Casa dels Padilla, situat al carrer Padilla de la localitat d'\u00dabeda.\r\nAl Poble Espanyol est\u00e0 representada la pla\u00e7a de la Hermandad on es recrea una placeta t\u00edpica andalusa.\r\n\r\n","fotos_adicionals":"","titular_segona_explicacio":"","text_posterior_segona_explicacio":"","text_previ_segona_explicacio":"","text_detall_segona_explicacio":"","seccions_edifici":null,"ubicacio":{"address":"Av. Francesc Ferrer i Gu\u00e0rdia, 13, 08038 Barcelona, Espa\u00f1a","lat":41.368673634219924,"lng":2.1491073670036176,"zoom":19,"place_id":"ChIJ6S8pIHeipBIRry9X58Mz-8E","street_number":13,"street_name":"Avinguda Francesc Ferrer i Gu\u00e0rdia","street_name_short":"Av. Francesc Ferrer i Gu\u00e0rdia","city":"Barcelona","state":"Catalunya","state_short":"CT","post_code":8038,"country":"Espa\u00f1a","country_short":"ES"}},"_links":{"self":[{"href":"https:\/\/poble-espanyol.com\/ca\/wp-json\/wp\/v2\/edifici\/107692","targetHints":{"allow":["GET"]}}],"collection":[{"href":"https:\/\/poble-espanyol.com\/ca\/wp-json\/wp\/v2\/edifici"}],"about":[{"href":"https:\/\/poble-espanyol.com\/ca\/wp-json\/wp\/v2\/types\/edifici"}],"author":[{"embeddable":true,"href":"https:\/\/poble-espanyol.com\/ca\/wp-json\/wp\/v2\/users\/4"}],"replies":[{"embeddable":true,"href":"https:\/\/poble-espanyol.com\/ca\/wp-json\/wp\/v2\/comments?post=107692"}],"version-history":[{"count":0,"href":"https:\/\/poble-espanyol.com\/ca\/wp-json\/wp\/v2\/edifici\/107692\/revisions"}],"wp:featuredmedia":[{"embeddable":true,"href":"https:\/\/poble-espanyol.com\/ca\/wp-json\/wp\/v2\/media\/107700"}],"wp:attachment":[{"href":"https:\/\/poble-espanyol.com\/ca\/wp-json\/wp\/v2\/media?parent=107692"}],"wp:term":[{"taxonomy":"categories-edifici-poble","embeddable":true,"href":"https:\/\/poble-espanyol.com\/ca\/wp-json\/wp\/v2\/categories-edifici-poble?post=107692"}],"curies":[{"name":"wp","href":"https:\/\/api.w.org\/{rel}","templated":true}]}}