{"id":107777,"date":"2022-02-15T13:34:29","date_gmt":"2022-02-15T11:34:29","guid":{"rendered":"https:\/\/pe.efimatica.com\/?post_type=edifici&#038;p=107777"},"modified":"2022-02-15T13:40:43","modified_gmt":"2022-02-15T11:40:43","slug":"casa-del-marques-de-la-floresta","status":"publish","type":"edifici","link":"https:\/\/poble-espanyol.com\/ca\/edifici\/casa-del-marques-de-la-floresta\/","title":{"rendered":"Casa del Marqu\u00e8s de la Floresta"},"content":{"rendered":"","protected":false},"excerpt":{"rendered":"<p>La Casa del Marqu\u00e8s de la Floresta va ser constru\u00eft durant el segle XIII per la fam\u00edlia Ard\u00e9vol i est\u00e0 situat a T\u00e0rrega. \u00c9s un dels exemplars m\u00e9s notables de l?arquitectura civil catalana d?estil rom\u00e0nic.<br \/>\nAl principi, es va construir per fer la funci\u00f3 d&#8217;un hospital, per\u00f2 durant el segle XII va passar a les mans de marquesos i les seves fam\u00edlies. L&#8217;any 1940 es va enderrocar i les seves pedres les van guardar al cementiri de la ciutat.<br \/>\nDurant l&#8217;any 1955, l&#8217;Ajuntament va cedir a la M\u00fatua Patronal de T\u00e0rrega la fa\u00e7ana del palau perqu\u00e8 es reconstru\u00eds en un edifici del carrer del Carme, lloc exacte on havia estat el Palau.<\/p>\n","protected":false},"author":7,"featured_media":107781,"comment_status":"open","ping_status":"closed","template":"","meta":{"_acf_changed":false,"footnotes":""},"categories-edifici-poble":[1019],"class_list":["post-107777","edifici","type-edifici","status-publish","has-post-thumbnail","hentry","categories-edifici-poble-mediterrani"],"acf":{"nom_edifici":"Casa del Marqu\u00e9s de la Floresta ","titol_previ":"Casa del Marqu\u00e9s de la Floresta (T\u00e0rrega, Lleida)","text_introductori":"La Casa del Marqu\u00e8s de la Floresta va ser constru\u00eft durant el segle XIII per la fam\u00edlia Ard\u00e9vol i est\u00e0 situat a T\u00e0rrega. \u00c9s un dels exemplars m\u00e9s notables de l'arquitectura civil catalana d'estil rom\u00e0nic.\r\nAl principi, es va construir per fer la funci\u00f3 d'un hospital, per\u00f2 durant el segle XII va passar a les mans de marquesos i les seves fam\u00edlies. L'any 1940 es va enderrocar i les seves pedres les van guardar al cementiri de la ciutat.\r\nDurant l'any 1955, l'Ajuntament va cedir a la M\u00fatua Patronal de T\u00e0rrega la fa\u00e7ana del palau perqu\u00e8 es reconstru\u00eds en un edifici del carrer del Carme, lloc exacte on havia estat el Palau.\r\n\r\n\r\n\r\n\r\n\r\n\r\n\r\n\r\n","fotos_adicionals":"","titular_segona_explicacio":"","text_posterior_segona_explicacio":"","text_previ_segona_explicacio":"","text_detall_segona_explicacio":"","seccions_edifici":null,"ubicacio":{"address":"Av. Francesc Ferrer i Gu\u00e0rdia, 13-27, 08038 Barcelona, Espa\u00f1a","lat":41.369027907911438,"lng":2.1494265498763898,"zoom":19,"place_id":"ChIJn8soKXeipBIRTblmETJVvy4","street_number":"13-27","street_name":"Avinguda Francesc Ferrer i Gu\u00e0rdia","street_name_short":"Av. Francesc Ferrer i Gu\u00e0rdia","city":"Barcelona","state":"Catalunya","state_short":"CT","post_code":8038,"country":"Espa\u00f1a","country_short":"ES"}},"_links":{"self":[{"href":"https:\/\/poble-espanyol.com\/ca\/wp-json\/wp\/v2\/edifici\/107777","targetHints":{"allow":["GET"]}}],"collection":[{"href":"https:\/\/poble-espanyol.com\/ca\/wp-json\/wp\/v2\/edifici"}],"about":[{"href":"https:\/\/poble-espanyol.com\/ca\/wp-json\/wp\/v2\/types\/edifici"}],"author":[{"embeddable":true,"href":"https:\/\/poble-espanyol.com\/ca\/wp-json\/wp\/v2\/users\/7"}],"replies":[{"embeddable":true,"href":"https:\/\/poble-espanyol.com\/ca\/wp-json\/wp\/v2\/comments?post=107777"}],"version-history":[{"count":0,"href":"https:\/\/poble-espanyol.com\/ca\/wp-json\/wp\/v2\/edifici\/107777\/revisions"}],"wp:featuredmedia":[{"embeddable":true,"href":"https:\/\/poble-espanyol.com\/ca\/wp-json\/wp\/v2\/media\/107781"}],"wp:attachment":[{"href":"https:\/\/poble-espanyol.com\/ca\/wp-json\/wp\/v2\/media?parent=107777"}],"wp:term":[{"taxonomy":"categories-edifici-poble","embeddable":true,"href":"https:\/\/poble-espanyol.com\/ca\/wp-json\/wp\/v2\/categories-edifici-poble?post=107777"}],"curies":[{"name":"wp","href":"https:\/\/api.w.org\/{rel}","templated":true}]}}