{"id":108105,"date":"2022-02-16T11:58:34","date_gmt":"2022-02-16T09:58:34","guid":{"rendered":"https:\/\/pe.efimatica.com\/?post_type=edifici&#038;p=108105"},"modified":"2022-02-16T12:02:41","modified_gmt":"2022-02-16T10:02:41","slug":"hospital-de-santa-magdalena","status":"publish","type":"edifici","link":"https:\/\/poble-espanyol.com\/ca\/edifici\/hospital-de-santa-magdalena\/","title":{"rendered":"Hospital de Santa Magdalena"},"content":{"rendered":"","protected":false},"excerpt":{"rendered":"<p>L&#8217;Hospital de Santa Magdalena es va consolidar unint una s\u00e8rie d&#8217;hospitals sota l&#8217;ordre de Ferran II durant el segle XV. La finalitat d&#8217;aquesta fusi\u00f3 va ser tindre cura dels pobres, pelegrins i malalts. Posteriorment es va instal\u00b7lar una comunitat de germanes que impartien classes a dones del poble, despr\u00e9s va ser un consultori m\u00e8dic i, finalment, una empresa t\u00e8xtil. Actualment \u00e9s la seu de l&#8217;Arxiu Hist\u00f2ric de la Conca de Barber\u00e0.<\/p>\n","protected":false},"author":7,"featured_media":108109,"comment_status":"open","ping_status":"closed","template":"","meta":{"_acf_changed":false,"footnotes":""},"categories-edifici-poble":[1019],"class_list":["post-108105","edifici","type-edifici","status-publish","has-post-thumbnail","hentry","categories-edifici-poble-mediterrani"],"acf":{"nom_edifici":"Hospital de Santa Magdalena","titol_previ":"Hospital de Santa Magdalena","text_introductori":"L'Hospital de Santa Magdalena es va consolidar unint una s\u00e8rie d'hospitals sota l'ordre de Ferran II durant el segle XV. La finalitat d'aquesta fusi\u00f3 va ser tindre cura dels pobres, pelegrins i malalts. Posteriorment es va instal\u00b7lar una comunitat de germanes que impartien classes a dones del poble, despr\u00e9s va ser un consultori m\u00e8dic i, finalment, una empresa t\u00e8xtil. Actualment \u00e9s la seu de l'Arxiu Hist\u00f2ric de la Conca de Barber\u00e0.","fotos_adicionals":"","titular_segona_explicacio":"","text_posterior_segona_explicacio":"","text_previ_segona_explicacio":"","text_detall_segona_explicacio":"","seccions_edifici":null,"ubicacio":{"address":"Av. Francesc Ferrer i Gu\u00e0rdia, 13, 08038 Barcelona, Espa\u00f1a","lat":41.368919210506611,"lng":2.148546785319505,"zoom":19,"place_id":"ChIJ6S8pIHeipBIRry9X58Mz-8E","street_number":13,"street_name":"Avinguda Francesc Ferrer i Gu\u00e0rdia","street_name_short":"Av. Francesc Ferrer i Gu\u00e0rdia","city":"Barcelona","state":"Catalunya","state_short":"CT","post_code":8038,"country":"Espa\u00f1a","country_short":"ES"}},"_links":{"self":[{"href":"https:\/\/poble-espanyol.com\/ca\/wp-json\/wp\/v2\/edifici\/108105","targetHints":{"allow":["GET"]}}],"collection":[{"href":"https:\/\/poble-espanyol.com\/ca\/wp-json\/wp\/v2\/edifici"}],"about":[{"href":"https:\/\/poble-espanyol.com\/ca\/wp-json\/wp\/v2\/types\/edifici"}],"author":[{"embeddable":true,"href":"https:\/\/poble-espanyol.com\/ca\/wp-json\/wp\/v2\/users\/7"}],"replies":[{"embeddable":true,"href":"https:\/\/poble-espanyol.com\/ca\/wp-json\/wp\/v2\/comments?post=108105"}],"version-history":[{"count":0,"href":"https:\/\/poble-espanyol.com\/ca\/wp-json\/wp\/v2\/edifici\/108105\/revisions"}],"wp:featuredmedia":[{"embeddable":true,"href":"https:\/\/poble-espanyol.com\/ca\/wp-json\/wp\/v2\/media\/108109"}],"wp:attachment":[{"href":"https:\/\/poble-espanyol.com\/ca\/wp-json\/wp\/v2\/media?parent=108105"}],"wp:term":[{"taxonomy":"categories-edifici-poble","embeddable":true,"href":"https:\/\/poble-espanyol.com\/ca\/wp-json\/wp\/v2\/categories-edifici-poble?post=108105"}],"curies":[{"name":"wp","href":"https:\/\/api.w.org\/{rel}","templated":true}]}}