{"id":108343,"date":"2022-02-17T14:34:03","date_gmt":"2022-02-17T12:34:03","guid":{"rendered":"https:\/\/pe.efimatica.com\/?post_type=edifici&#038;p=108343"},"modified":"2022-02-17T14:40:54","modified_gmt":"2022-02-17T12:40:54","slug":"el-burgo-de-osma-2","status":"publish","type":"edifici","link":"https:\/\/poble-espanyol.com\/ca\/edifici\/el-burgo-de-osma-2\/","title":{"rendered":"El Burgo de Osma"},"content":{"rendered":"","protected":false},"excerpt":{"rendered":"<p>Burgo de Osma \u00e9s una ciutat i vila declarada Conjunt historicoart\u00edstic des de 1993 i Vila d&#8217;Inter\u00e8s Tur\u00edstic des de 1962.<br \/>\nAquesta monumental ciutat episcopal conserva un recinte fortificat i un important nombre d&#8217;edificacions presidides per la Catedral de Nuestra Se\u00f1ora de la Asunci\u00f3n Alguns dels edificis m\u00e9s interessants s\u00f3n la Muralla, el Convent del Carmen, Hospici, Esgl\u00e9sia de Santa Cristina de Osma\u2026 entre altres.<br \/>\n\u00c9s un dels municipis m\u00e9s importants de Castella i Lle\u00f3.<\/p>\n","protected":false},"author":4,"featured_media":108356,"comment_status":"open","ping_status":"closed","template":"","meta":{"_acf_changed":false,"footnotes":""},"categories-edifici-poble":[1018],"class_list":["post-108343","edifici","type-edifici","status-publish","has-post-thumbnail","hentry","categories-edifici-poble-centre"],"acf":{"nom_edifici":"El Burgo de Osma ","titol_previ":"El Burgo de Osma (Soria)","text_introductori":"Burgo de Osma \u00e9s una ciutat i vila declarada Conjunt historicoart\u00edstic des de 1993 i Vila d'Inter\u00e8s Tur\u00edstic des de 1962. \r\nAquesta monumental ciutat episcopal conserva un recinte fortificat i un important nombre d'edificacions presidides per la Catedral de Nuestra Se\u00f1ora de la Asunci\u00f3n Alguns dels edificis m\u00e9s interessants s\u00f3n la Muralla, el Convent del Carmen, Hospici, Esgl\u00e9sia de Santa Cristina de Osma\u2026 entre altres.\r\n\u00c9s un dels municipis m\u00e9s importants de Castella i Lle\u00f3.\r\n\r\n\r\n\r\n\r\n","fotos_adicionals":"","titular_segona_explicacio":"","text_posterior_segona_explicacio":"","text_previ_segona_explicacio":"","text_detall_segona_explicacio":"","seccions_edifici":null,"ubicacio":{"address":"Av. Francesc Ferrer i Gu\u00e0rdia, 13, 08038 Barcelona, Espa\u00f1a","lat":41.36845825097587,"lng":2.147224456275163,"zoom":19,"place_id":"ChIJkctNUXaipBIREwO5jkIrgiU","street_number":13,"street_name":"Avinguda Francesc Ferrer i Gu\u00e0rdia","street_name_short":"Av. Francesc Ferrer i Gu\u00e0rdia","city":"Barcelona","state":"Catalunya","state_short":"CT","post_code":8038,"country":"Espa\u00f1a","country_short":"ES"}},"_links":{"self":[{"href":"https:\/\/poble-espanyol.com\/ca\/wp-json\/wp\/v2\/edifici\/108343","targetHints":{"allow":["GET"]}}],"collection":[{"href":"https:\/\/poble-espanyol.com\/ca\/wp-json\/wp\/v2\/edifici"}],"about":[{"href":"https:\/\/poble-espanyol.com\/ca\/wp-json\/wp\/v2\/types\/edifici"}],"author":[{"embeddable":true,"href":"https:\/\/poble-espanyol.com\/ca\/wp-json\/wp\/v2\/users\/4"}],"replies":[{"embeddable":true,"href":"https:\/\/poble-espanyol.com\/ca\/wp-json\/wp\/v2\/comments?post=108343"}],"version-history":[{"count":0,"href":"https:\/\/poble-espanyol.com\/ca\/wp-json\/wp\/v2\/edifici\/108343\/revisions"}],"wp:featuredmedia":[{"embeddable":true,"href":"https:\/\/poble-espanyol.com\/ca\/wp-json\/wp\/v2\/media\/108356"}],"wp:attachment":[{"href":"https:\/\/poble-espanyol.com\/ca\/wp-json\/wp\/v2\/media?parent=108343"}],"wp:term":[{"taxonomy":"categories-edifici-poble","embeddable":true,"href":"https:\/\/poble-espanyol.com\/ca\/wp-json\/wp\/v2\/categories-edifici-poble?post=108343"}],"curies":[{"name":"wp","href":"https:\/\/api.w.org\/{rel}","templated":true}]}}