{"id":122403,"date":"2022-04-07T12:30:15","date_gmt":"2022-04-07T10:30:15","guid":{"rendered":"https:\/\/poble-espanyol.com\/?page_id=122403"},"modified":"2022-05-06T12:28:22","modified_gmt":"2022-05-06T10:28:22","slug":"primavera-al-poble","status":"publish","type":"page","link":"https:\/\/poble-espanyol.com\/ca\/activitats\/primavera-al-poble\/","title":{"rendered":"Primavera al Poble"},"content":{"rendered":"<div class=\"wpb-content-wrapper\"><p>[vc_row unlock_row_content=&#8221;yes&#8221; row_height_percent=&#8221;0&#8243; override_padding=&#8221;yes&#8221; h_padding=&#8221;2&#8243; top_padding=&#8221;2&#8243; bottom_padding=&#8221;2&#8243; overlay_alpha=&#8221;50&#8243; gutter_size=&#8221;2&#8243; column_width_percent=&#8221;100&#8243; shift_y=&#8221;0&#8243; z_index=&#8221;0&#8243; uncode_shortcode_id=&#8221;173677&#8243; el_class=&#8221;espaiTitulPrevi&#8221;][vc_column column_width_percent=&#8221;100&#8243; gutter_size=&#8221;3&#8243; overlay_alpha=&#8221;50&#8243; shift_x=&#8221;0&#8243; shift_y=&#8221;0&#8243; shift_y_down=&#8221;0&#8243; z_index=&#8221;0&#8243; medium_width=&#8221;0&#8243; mobile_width=&#8221;7&#8243; width=&#8221;1\/1&#8243; uncode_shortcode_id=&#8221;617312&#8243;][vc_custom_heading heading_semantic=&#8221;h4&#8243; text_font=&#8221;font-538551&#8243; text_size=&#8221;fontsize-847074&#8243; text_weight=&#8221;400&#8243; text_height=&#8221;fontheight-846199&#8243; text_space=&#8221;fontspace-861442&#8243; uncode_shortcode_id=&#8221;322084&#8243;]AL BON TEMPS&#8230; \u00a1POBLE ESPANYOL![\/vc_custom_heading][\/vc_column][\/vc_row][vc_row unlock_row_content=&#8221;yes&#8221; row_height_percent=&#8221;0&#8243; override_padding=&#8221;yes&#8221; h_padding=&#8221;2&#8243; top_padding=&#8221;0&#8243; bottom_padding=&#8221;3&#8243; overlay_alpha=&#8221;50&#8243; gutter_size=&#8221;2&#8243; column_width_percent=&#8221;100&#8243; shift_y=&#8221;0&#8243; z_index=&#8221;0&#8243; uncode_shortcode_id=&#8221;194937&#8243;][vc_column column_width_percent=&#8221;100&#8243; position_horizontal=&#8221;left&#8221; gutter_size=&#8221;3&#8243; overlay_alpha=&#8221;50&#8243; shift_x=&#8221;0&#8243; shift_y=&#8221;0&#8243; shift_y_down=&#8221;0&#8243; z_index=&#8221;0&#8243; medium_width=&#8221;2&#8243; mobile_width=&#8221;7&#8243; width=&#8221;1\/4&#8243;][vc_custom_heading text_color=&#8221;color-107789&#8243; text_font=&#8221;font-643449&#8243; text_size=&#8221;fontsize-495345&#8243; text_weight=&#8221;400&#8243; text_height=&#8221;fontheight-159127&#8243; uncode_shortcode_id=&#8221;213583&#8243; text_color_type=&#8221;uncode-palette&#8221;]CULTURA I OCI PER A TOTS I TOTES[\/vc_custom_heading][\/vc_column][vc_column column_width_percent=&#8221;100&#8243; position_horizontal=&#8221;left&#8221; gutter_size=&#8221;3&#8243; overlay_alpha=&#8221;50&#8243; shift_x=&#8221;0&#8243; shift_y=&#8221;0&#8243; shift_y_down=&#8221;0&#8243; z_index=&#8221;0&#8243; medium_width=&#8221;4&#8243; mobile_width=&#8221;7&#8243; width=&#8221;2\/4&#8243;][vc_custom_heading heading_semantic=&#8221;p&#8221; text_font=&#8221;font-875416&#8243; text_size=&#8221;fontsize-495345&#8243; text_weight=&#8221;400&#8243; text_height=&#8221;fontheight-206872&#8243; el_class=&#8221;tabletTipografia&#8221; uncode_shortcode_id=&#8221;213065&#8243;]Han tornat els paraig\u00fces de colors al Poble Espanyol i tamb\u00e9 les activitats de primavera! Activitats familiars, m\u00fasica en directe, exposicions, tallers d&#8217;artesania, l&#8217;esperada Biergarten i un gran espai a l&#8217;aire lliure a la teva disposici\u00f3. No et perdis les nostres activitats de primavera a Barcelona![\/vc_custom_heading][vc_empty_space empty_h=&#8221;3&#8243; medium_visibility=&#8221;yes&#8221; mobile_visibility=&#8221;yes&#8221;][vc_custom_heading heading_semantic=&#8221;h5&#8243; text_font=&#8221;font-875416&#8243; text_size=&#8221;fontsize-847074&#8243; text_weight=&#8221;400&#8243; text_height=&#8221;fontheight-846199&#8243; el_class=&#8221;links&#8221; uncode_shortcode_id=&#8221;152925&#8243;]<a href=\"https:\/\/poble-espanyol.com\/ca\/activitats\/\">Descobreix totes les activitats del Poble Espanyol<\/a><br \/>\n<a href=\"https:\/\/poble-espanyol.com\/ca\/la-visita\/\">Planifica la teva visita<\/a>[\/vc_custom_heading][\/vc_column][vc_column column_width_percent=&#8221;100&#8243; align_horizontal=&#8221;align_right&#8221; gutter_size=&#8221;0&#8243; override_padding=&#8221;yes&#8221; column_padding=&#8221;0&#8243; expand_height=&#8221;yes&#8221; overlay_alpha=&#8221;50&#8243; shift_x=&#8221;0&#8243; shift_y=&#8221;0&#8243; shift_y_down=&#8221;0&#8243; z_index=&#8221;0&#8243; medium_width=&#8221;2&#8243; mobile_width=&#8221;7&#8243; width=&#8221;1\/4&#8243;][vc_single_image media=&#8221;122204&#8243; media_width_percent=&#8221;100&#8243; media_ratio=&#8221;one-one&#8221; advanced=&#8221;yes&#8221; media_overlay_opacity=&#8221;1&#8243; media_overlay_anim=&#8221;no&#8221; media_text_anim=&#8221;no&#8221; media_image_anim=&#8221;no&#8221; media_padding=&#8221;5&#8243; el_class=&#8221;arc-radius&#8221; uncode_shortcode_id=&#8221;107307&#8243;][\/vc_column][\/vc_row][vc_row unlock_row_content=&#8221;yes&#8221; row_height_percent=&#8221;0&#8243; override_padding=&#8221;yes&#8221; h_padding=&#8221;2&#8243; top_padding=&#8221;1&#8243; bottom_padding=&#8221;0&#8243; overlay_alpha=&#8221;50&#8243; gutter_size=&#8221;2&#8243; column_width_percent=&#8221;100&#8243; shift_y=&#8221;0&#8243; z_index=&#8221;0&#8243; uncode_shortcode_id=&#8221;234308&#8243;][vc_column column_width_percent=&#8221;100&#8243; gutter_size=&#8221;3&#8243; overlay_alpha=&#8221;50&#8243; shift_x=&#8221;0&#8243; shift_y=&#8221;0&#8243; shift_y_down=&#8221;0&#8243; z_index=&#8221;0&#8243; medium_width=&#8221;0&#8243; mobile_width=&#8221;0&#8243; width=&#8221;1\/1&#8243;][vc_separator sep_color=&#8221;color-770920&#8243;][\/vc_column][\/vc_row][vc_row unlock_row_content=&#8221;yes&#8221; row_height_percent=&#8221;0&#8243; override_padding=&#8221;yes&#8221; h_padding=&#8221;2&#8243; top_padding=&#8221;2&#8243; bottom_padding=&#8221;2&#8243; overlay_alpha=&#8221;50&#8243; gutter_size=&#8221;2&#8243; column_width_percent=&#8221;100&#8243; shift_y=&#8221;0&#8243; z_index=&#8221;0&#8243; uncode_shortcode_id=&#8221;149841&#8243; el_class=&#8221;espaiTitulPrevi&#8221;][vc_column column_width_percent=&#8221;100&#8243; gutter_size=&#8221;3&#8243; overlay_alpha=&#8221;50&#8243; shift_x=&#8221;0&#8243; shift_y=&#8221;0&#8243; shift_y_down=&#8221;0&#8243; z_index=&#8221;0&#8243; medium_width=&#8221;0&#8243; mobile_width=&#8221;7&#8243; width=&#8221;1\/1&#8243; uncode_shortcode_id=&#8221;617312&#8243;][vc_custom_heading heading_semantic=&#8221;h4&#8243; text_font=&#8221;font-538551&#8243; text_size=&#8221;fontsize-847074&#8243; text_weight=&#8221;400&#8243; text_height=&#8221;fontheight-846199&#8243; text_space=&#8221;fontspace-861442&#8243; uncode_shortcode_id=&#8221;326698&#8243;]PROPOSTES PER A TOTS ELS GUSTOS[\/vc_custom_heading][\/vc_column][\/vc_row][vc_row unlock_row_content=&#8221;yes&#8221; row_height_percent=&#8221;0&#8243; override_padding=&#8221;yes&#8221; h_padding=&#8221;2&#8243; top_padding=&#8221;0&#8243; bottom_padding=&#8221;3&#8243; overlay_alpha=&#8221;50&#8243; gutter_size=&#8221;0&#8243; column_width_percent=&#8221;100&#8243; shift_y=&#8221;0&#8243; z_index=&#8221;0&#8243; el_class=&#8221;subheadingGaudeix&#8221; uncode_shortcode_id=&#8221;134477&#8243;][vc_column column_width_percent=&#8221;100&#8243; gutter_size=&#8221;3&#8243; overlay_alpha=&#8221;50&#8243; shift_x=&#8221;0&#8243; shift_y=&#8221;0&#8243; shift_y_down=&#8221;0&#8243; z_index=&#8221;0&#8243; medium_width=&#8221;2&#8243; align_mobile=&#8221;align_left_mobile&#8221; mobile_width=&#8221;0&#8243; width=&#8221;1\/4&#8243;][vc_custom_heading text_color=&#8221;color-107789&#8243; text_font=&#8221;font-643449&#8243; text_size=&#8221;fontsize-495345&#8243; text_weight=&#8221;400&#8243; text_height=&#8221;fontheight-159127&#8243; uncode_shortcode_id=&#8221;206514&#8243; text_color_type=&#8221;uncode-palette&#8221;]LES ACTIVITATS DE PRIMAVERA, UNA A UNA[\/vc_custom_heading][vc_empty_space empty_h=&#8221;2&#8243; desktop_visibility=&#8221;yes&#8221; medium_visibility=&#8221;yes&#8221;][\/vc_column][vc_column column_width_percent=&#8221;100&#8243; position_horizontal=&#8221;left&#8221; gutter_size=&#8221;3&#8243; overlay_alpha=&#8221;50&#8243; shift_x=&#8221;0&#8243; shift_y=&#8221;0&#8243; shift_y_down=&#8221;0&#8243; z_index=&#8221;0&#8243; medium_width=&#8221;6&#8243; mobile_width=&#8221;0&#8243; width=&#8221;3\/4&#8243;][vc_row_inner row_inner_height_percent=&#8221;0&#8243; overlay_alpha=&#8221;50&#8243; equal_height=&#8221;yes&#8221; gutter_size=&#8221;0&#8243; shift_y=&#8221;0&#8243; z_index=&#8221;0&#8243; el_class=&#8221;blocColumnesImatge noShowTextMobile desktopPetitsReduirFont blocImatgesArrodonides&#8221; uncode_shortcode_id=&#8221;150513&#8243;][vc_column_inner column_width_percent=&#8221;100&#8243; gutter_size=&#8221;3&#8243; overlay_alpha=&#8221;50&#8243; border_style=&#8221;solid&#8221; shift_x=&#8221;0&#8243; shift_y=&#8221;0&#8243; shift_y_down=&#8221;0&#8243; z_index=&#8221;0&#8243; medium_width=&#8221;2&#8243; mobile_width=&#8221;4&#8243; width=&#8221;1\/4&#8243;][vc_single_image media=&#8221;119641&#8243; media_width_percent=&#8221;100&#8243; media_ratio=&#8221;one-one&#8221; alignment=&#8221;center&#8221; advanced=&#8221;yes&#8221; media_overlay_opacity=&#8221;1&#8243; media_overlay_anim=&#8221;no&#8221; media_text_anim=&#8221;no&#8221; media_image_anim=&#8221;no&#8221; media_padding=&#8221;5&#8243; el_class=&#8221;arc-radius&#8221; uncode_shortcode_id=&#8221;136847&#8243; media_link=&#8221;url:https%3A%2F%2Fpoble-espanyol.com%2Factividad%2F1977-2022-una-galaxia-muy-lejana-la-exposicion%2F&#8221;][vc_custom_heading heading_semantic=&#8221;h3&#8243; text_font=&#8221;font-875416&#8243; text_size=&#8221;fontsize-495345&#8243; text_weight=&#8221;400&#8243; text_height=&#8221;fontheight-206872&#8243; subheading=&#8221;Una exposici\u00f3 \u00fanica a Europa on podr\u00e0s veure material exclusiu sobre personatges i moments ic\u00f2nics de la saga cinematogr\u00e0fica m\u00e9s famosa de la hist\u00f2ria.&#8221; el_class=&#8221;sizeMobile&#8221; uncode_shortcode_id=&#8221;358447&#8243;]Una gal\u00e0xia molt llunyana[\/vc_custom_heading][vc_button size=&#8221;link&#8221; btn_link_size=&#8221;fontsize-847074&#8243; custom_typo=&#8221;yes&#8221; font_family=&#8221;font-875416&#8243; font_weight=&#8221;400&#8243; el_class=&#8221;links&#8221; link=&#8221;url:https%3A%2F%2Fpoble-espanyol.com%2Fca%2Factividad%2F1977-2022-una-galaxia-molt-llunyana%2F&#8221; uncode_shortcode_id=&#8221;173463&#8243;]M\u00e9s informaci\u00f3[\/vc_button][\/vc_column_inner][vc_column_inner column_width_percent=&#8221;100&#8243; gutter_size=&#8221;3&#8243; overlay_alpha=&#8221;50&#8243; shift_x=&#8221;0&#8243; shift_y=&#8221;0&#8243; shift_y_down=&#8221;0&#8243; z_index=&#8221;0&#8243; medium_width=&#8221;2&#8243; mobile_width=&#8221;4&#8243; width=&#8221;1\/4&#8243;][vc_single_image media=&#8221;119621&#8243; media_width_percent=&#8221;100&#8243; media_ratio=&#8221;one-one&#8221; alignment=&#8221;center&#8221; advanced=&#8221;yes&#8221; media_overlay_opacity=&#8221;1&#8243; media_overlay_anim=&#8221;no&#8221; media_text_anim=&#8221;no&#8221; media_image_anim=&#8221;no&#8221; media_padding=&#8221;5&#8243; el_class=&#8221;arc-radius&#8221; uncode_shortcode_id=&#8221;119862&#8243; media_link=&#8221;url:https%3A%2F%2Fpoble-espanyol.com%2Factividad%2Fjurassic-jones-adventure%2F&#8221;][vc_custom_heading heading_semantic=&#8221;h3&#8243; text_font=&#8221;font-875416&#8243; text_size=&#8221;fontsize-495345&#8243; text_weight=&#8221;400&#8243; text_height=&#8221;fontheight-206872&#8243; subheading=&#8221;Fam\u00edlies! Entreu a l&#8217;apassionant m\u00f3n dels dinosaures per desenterrar un esquelet de T-Rex!&#8221; el_class=&#8221;sizeMobile&#8221; uncode_shortcode_id=&#8221;168800&#8243;]Jurassic Jones Adventure[\/vc_custom_heading][vc_button size=&#8221;link&#8221; btn_link_size=&#8221;fontsize-847074&#8243; custom_typo=&#8221;yes&#8221; font_family=&#8221;font-875416&#8243; font_weight=&#8221;400&#8243; el_class=&#8221;links&#8221; link=&#8221;url:https%3A%2F%2Fpoble-espanyol.com%2Fca%2Factividad%2Fjurassic-jones-adventure%2F&#8221; uncode_shortcode_id=&#8221;153502&#8243;]M\u00e9s informaci\u00f3[\/vc_button][\/vc_column_inner][vc_column_inner column_width_percent=&#8221;100&#8243; gutter_size=&#8221;3&#8243; overlay_alpha=&#8221;50&#8243; shift_x=&#8221;0&#8243; shift_y=&#8221;0&#8243; shift_y_down=&#8221;0&#8243; z_index=&#8221;0&#8243; medium_width=&#8221;2&#8243; mobile_width=&#8221;4&#8243; width=&#8221;1\/4&#8243;][vc_single_image media=&#8221;115925&#8243; media_width_percent=&#8221;100&#8243; media_ratio=&#8221;one-one&#8221; alignment=&#8221;center&#8221; advanced=&#8221;yes&#8221; media_overlay_opacity=&#8221;1&#8243; media_overlay_anim=&#8221;no&#8221; media_text_anim=&#8221;no&#8221; media_image_anim=&#8221;no&#8221; media_padding=&#8221;5&#8243; el_class=&#8221;arc-radius&#8221; uncode_shortcode_id=&#8221;198269&#8243; media_link=&#8221;url:https%3A%2F%2Fpoble-espanyol.com%2Factividad%2Fbiergarten%2F&#8221;][vc_custom_heading heading_semantic=&#8221;h3&#8243; text_font=&#8221;font-875416&#8243; text_size=&#8221;fontsize-495345&#8243; text_weight=&#8221;400&#8243; text_height=&#8221;fontheight-206872&#8243; subheading=&#8221;Torna l&#8217;esdeveniment cerveser m\u00e9s aut\u00e8ntic de Barcelona. La Pla\u00e7a Major del Poble es converteix en una Biergarten berlinesa!&#8221; el_class=&#8221;sizeMobile&#8221; uncode_shortcode_id=&#8221;478088&#8243;]Biergarten &#8211; 9\u00aa edici\u00f3[\/vc_custom_heading][vc_button size=&#8221;link&#8221; btn_link_size=&#8221;fontsize-847074&#8243; custom_typo=&#8221;yes&#8221; font_family=&#8221;font-875416&#8243; font_weight=&#8221;400&#8243; el_class=&#8221;links&#8221; link=&#8221;url:https%3A%2F%2Fpoble-espanyol.com%2Fca%2Factividad%2Fbiergarten%2F&#8221; uncode_shortcode_id=&#8221;298220&#8243;]M\u00e9s informaci\u00f3[\/vc_button][\/vc_column_inner][vc_column_inner column_width_percent=&#8221;100&#8243; gutter_size=&#8221;3&#8243; overlay_alpha=&#8221;50&#8243; shift_x=&#8221;0&#8243; shift_y=&#8221;0&#8243; shift_y_down=&#8221;0&#8243; z_index=&#8221;0&#8243; medium_width=&#8221;2&#8243; mobile_width=&#8221;4&#8243; width=&#8221;1\/4&#8243;][vc_single_image media=&#8221;116824&#8243; media_width_percent=&#8221;100&#8243; media_ratio=&#8221;one-one&#8221; alignment=&#8221;center&#8221; advanced=&#8221;yes&#8221; media_overlay_opacity=&#8221;1&#8243; media_overlay_anim=&#8221;no&#8221; media_text_anim=&#8221;no&#8221; media_image_anim=&#8221;no&#8221; media_padding=&#8221;5&#8243; el_class=&#8221;arc-radius&#8221; uncode_shortcode_id=&#8221;124471&#8243;][vc_custom_heading heading_semantic=&#8221;h3&#8243; text_font=&#8221;font-875416&#8243; text_size=&#8221;fontsize-495345&#8243; text_weight=&#8221;400&#8243; text_height=&#8221;fontheight-206872&#8243; subheading=&#8221;Viu els concerts dels millors grups i DJs d&#8217;Indie, Psicodelia, Garage i Soul a l&#8217;aire lliure.&#8221; el_class=&#8221;sizeMobile&#8221; uncode_shortcode_id=&#8221;186680&#8243;]Picnic Beat[\/vc_custom_heading][vc_button size=&#8221;link&#8221; btn_link_size=&#8221;fontsize-847074&#8243; custom_typo=&#8221;yes&#8221; font_family=&#8221;font-875416&#8243; font_weight=&#8221;400&#8243; el_class=&#8221;links&#8221; uncode_shortcode_id=&#8221;206505&#8243; link=&#8221;url:https%3A%2F%2Fpoble-espanyol.com%2Fca%2Factividad%2Fpicnic-beat%2F&#8221;]M\u00e9s informaci\u00f3[\/vc_button][\/vc_column_inner][\/vc_row_inner][vc_row_inner row_inner_height_percent=&#8221;0&#8243; overlay_alpha=&#8221;50&#8243; equal_height=&#8221;yes&#8221; gutter_size=&#8221;0&#8243; shift_y=&#8221;0&#8243; z_index=&#8221;0&#8243; el_class=&#8221;blocColumnesImatge noShowTextMobile desktopPetitsReduirFont blocImatgesArrodonides&#8221; uncode_shortcode_id=&#8221;793333&#8243;][vc_column_inner width=&#8221;1\/4&#8243;][vc_single_image media=&#8221;134012&#8243; media_width_percent=&#8221;100&#8243; media_ratio=&#8221;one-one&#8221; alignment=&#8221;center&#8221; advanced=&#8221;yes&#8221; media_overlay_opacity=&#8221;1&#8243; media_overlay_anim=&#8221;no&#8221; media_text_anim=&#8221;no&#8221; media_image_anim=&#8221;no&#8221; media_padding=&#8221;5&#8243; el_class=&#8221;arc-radius&#8221; uncode_shortcode_id=&#8221;214641&#8243; media_link=&#8221;url:https%3A%2F%2Fpoble-espanyol.com%2Fexposicion%2Fun-viaje-fotografico%2F&#8221;][vc_custom_heading heading_semantic=&#8221;h3&#8243; text_font=&#8221;font-875416&#8243; text_size=&#8221;fontsize-495345&#8243; text_weight=&#8221;400&#8243; text_height=&#8221;fontheight-206872&#8243; subheading=&#8221;Despr\u00e9s de 7 anys torna l&#8217;Hipnotik Festival! L&#8217;Hipnotik ha sigut durant 11 anys un dels referents de la cultura Hip Hop a Barcelona i celebra la seva 13a edici\u00f3 al Poble Espanyol<br \/>\n&#8221; el_class=&#8221;sizeMobile&#8221; uncode_shortcode_id=&#8221;175608&#8243;]Hipnotik Festival[\/vc_custom_heading][vc_button size=&#8221;link&#8221; btn_link_size=&#8221;fontsize-847074&#8243; custom_typo=&#8221;yes&#8221; font_family=&#8221;font-875416&#8243; font_weight=&#8221;400&#8243; el_class=&#8221;links&#8221; uncode_shortcode_id=&#8221;117327&#8243; link=&#8221;url:https%3A%2F%2Fpoble-espanyol.com%2Fca%2Factivitat%2Fhipnotik-2022%2F&#8221;]M\u00e9s informaci\u00f3[\/vc_button][\/vc_column_inner][vc_column_inner column_width_percent=&#8221;100&#8243; gutter_size=&#8221;3&#8243; overlay_alpha=&#8221;50&#8243; shift_x=&#8221;0&#8243; shift_y=&#8221;0&#8243; shift_y_down=&#8221;0&#8243; z_index=&#8221;0&#8243; medium_width=&#8221;0&#8243; mobile_width=&#8221;0&#8243; width=&#8221;1\/4&#8243; uncode_shortcode_id=&#8221;186622&#8243;][vc_single_image media=&#8221;110107&#8243; media_width_percent=&#8221;100&#8243; media_ratio=&#8221;one-one&#8221; alignment=&#8221;center&#8221; advanced=&#8221;yes&#8221; media_overlay_opacity=&#8221;1&#8243; media_overlay_anim=&#8221;no&#8221; media_text_anim=&#8221;no&#8221; media_image_anim=&#8221;no&#8221; media_padding=&#8221;5&#8243; el_class=&#8221;arc-radius&#8221; uncode_shortcode_id=&#8221;200227&#8243; media_link=&#8221;url:https%3A%2F%2Fpoble-espanyol.com%2Fexposicion%2Fun-viaje-fotografico%2F&#8221;][vc_custom_heading heading_semantic=&#8221;h3&#8243; text_font=&#8221;font-875416&#8243; text_size=&#8221;fontsize-495345&#8243; text_weight=&#8221;400&#8243; text_height=&#8221;fontheight-206872&#8243; subheading=&#8221;Petit Brunch ofereix un ampli ventall d\u2019activitats i taller a l\u2019aire lliure per als m\u00e9s petits, de manera que tota la fam\u00edlia pugui gaudir de la m\u00fasica i la gastronomia del Brunch Barcelona.&#8221; el_class=&#8221;sizeMobile&#8221; uncode_shortcode_id=&#8221;204643&#8243;]Petit Brunch[\/vc_custom_heading][vc_button size=&#8221;link&#8221; btn_link_size=&#8221;fontsize-847074&#8243; custom_typo=&#8221;yes&#8221; font_family=&#8221;font-875416&#8243; font_weight=&#8221;400&#8243; el_class=&#8221;links&#8221; uncode_shortcode_id=&#8221;688592&#8243; link=&#8221;url:https%3A%2F%2Fpoble-espanyol.com%2Fca%2Factivitat%2Fpetit-brunch%2F&#8221;]M\u00e9s informaci\u00f3[\/vc_button][\/vc_column_inner][vc_column_inner column_width_percent=&#8221;100&#8243; gutter_size=&#8221;3&#8243; overlay_alpha=&#8221;50&#8243; shift_x=&#8221;0&#8243; shift_y=&#8221;0&#8243; shift_y_down=&#8221;0&#8243; z_index=&#8221;0&#8243; medium_width=&#8221;2&#8243; mobile_width=&#8221;4&#8243; width=&#8221;1\/4&#8243;][vc_single_image media=&#8221;121643&#8243; media_width_percent=&#8221;100&#8243; media_ratio=&#8221;one-one&#8221; alignment=&#8221;center&#8221; advanced=&#8221;yes&#8221; media_overlay_opacity=&#8221;1&#8243; media_overlay_anim=&#8221;no&#8221; media_text_anim=&#8221;no&#8221; media_image_anim=&#8221;no&#8221; media_padding=&#8221;5&#8243; el_class=&#8221;arc-radius&#8221; uncode_shortcode_id=&#8221;210487&#8243; media_link=&#8221;url:https%3A%2F%2Fpoble-espanyol.com%2Fla-visita%2Fartesania%2F&#8221;][vc_custom_heading heading_semantic=&#8221;h3&#8243; text_font=&#8221;font-875416&#8243; text_size=&#8221;fontsize-495345&#8243; text_weight=&#8221;400&#8243; text_height=&#8221;fontheight-206872&#8243; subheading=&#8221;Al Poble Espanyol l&#8217;artesania es viu com a cap altre lloc de Barcelona. Observa com treballen els artesans i participa a un dels tallers r\u00e0pids que t&#8217;ofereixen!&#8221; el_class=&#8221;sizeMobile&#8221; uncode_shortcode_id=&#8221;386119&#8243;]Tallers artesanals[\/vc_custom_heading][vc_button size=&#8221;link&#8221; btn_link_size=&#8221;fontsize-847074&#8243; custom_typo=&#8221;yes&#8221; font_family=&#8221;font-875416&#8243; font_weight=&#8221;400&#8243; el_class=&#8221;links&#8221; link=&#8221;url:https%3A%2F%2Fpoble-espanyol.com%2Fca%2Fla-visita%2Fartesania%2F&#8221; uncode_shortcode_id=&#8221;425506&#8243;]M\u00e9s informaci\u00f3[\/vc_button][\/vc_column_inner][vc_column_inner column_width_percent=&#8221;100&#8243; gutter_size=&#8221;3&#8243; overlay_alpha=&#8221;50&#8243; shift_x=&#8221;0&#8243; shift_y=&#8221;0&#8243; shift_y_down=&#8221;0&#8243; z_index=&#8221;0&#8243; medium_width=&#8221;2&#8243; mobile_width=&#8221;4&#8243; width=&#8221;1\/4&#8243;][vc_single_image media=&#8221;110107&#8243; media_width_percent=&#8221;100&#8243; media_ratio=&#8221;one-one&#8221; alignment=&#8221;center&#8221; advanced=&#8221;yes&#8221; media_overlay_opacity=&#8221;1&#8243; media_overlay_anim=&#8221;no&#8221; media_text_anim=&#8221;no&#8221; media_image_anim=&#8221;no&#8221; media_padding=&#8221;5&#8243; el_class=&#8221;arc-radius&#8221; uncode_shortcode_id=&#8221;200227&#8243; media_link=&#8221;url:https%3A%2F%2Fpoble-espanyol.com%2Fexposicion%2Fun-viaje-fotografico%2F&#8221;][vc_custom_heading heading_semantic=&#8221;h3&#8243; text_font=&#8221;font-875416&#8243; text_size=&#8221;fontsize-495345&#8243; text_weight=&#8221;400&#8243; text_height=&#8221;fontheight-206872&#8243; subheading=&#8221;No us perdeu l&#8217;exposici\u00f3 &#8220;Un viatge fotogr\u00e0fic. La construcci\u00f3 del Poble Espanyol&#8220;, sobre l&#8217;origen i el proc\u00e9s d&#8217;edificaci\u00f3 del recinte. Est\u00e0 inclosa amb l&#8217;entrada al Poble!&#8221; el_class=&#8221;sizeMobile&#8221; uncode_shortcode_id=&#8221;129272&#8243;]Un viatge fotogr\u00e0fic[\/vc_custom_heading][vc_button size=&#8221;link&#8221; btn_link_size=&#8221;fontsize-847074&#8243; custom_typo=&#8221;yes&#8221; font_family=&#8221;font-875416&#8243; font_weight=&#8221;400&#8243; el_class=&#8221;links&#8221; uncode_shortcode_id=&#8221;212369&#8243; link=&#8221;url:https%3A%2F%2Fpoble-espanyol.com%2Fca%2Fexposicio%2Fun-viatge-fotografic%2F&#8221;]M\u00e9s informaci\u00f3[\/vc_button][\/vc_column_inner][\/vc_row_inner][\/vc_column][\/vc_row][vc_row unlock_row_content=&#8221;yes&#8221; row_height_percent=&#8221;0&#8243; override_padding=&#8221;yes&#8221; h_padding=&#8221;0&#8243; top_padding=&#8221;0&#8243; bottom_padding=&#8221;0&#8243; overlay_alpha=&#8221;50&#8243; gutter_size=&#8221;0&#8243; column_width_percent=&#8221;100&#8243; border_color=&#8221;color-192209&#8243; border_style=&#8221;solid&#8221; shift_y=&#8221;0&#8243; z_index=&#8221;0&#8243; el_class=&#8221;overflow-hidden&#8221; uncode_shortcode_id=&#8221;836793&#8243; css=&#8221;.vc_custom_1633507586019{margin-top: 0px !important;margin-bottom: 0px !important;border-top-width: 1px !important;border-bottom-width: 1px !important;padding-top: 0px !important;padding-right: 0px !important;padding-bottom: 0px !important;padding-left: 0px !important;}&#8221; border_color_type=&#8221;uncode-palette&#8221;][vc_column column_width_percent=&#8221;100&#8243; gutter_size=&#8221;0&#8243; override_padding=&#8221;yes&#8221; column_padding=&#8221;0&#8243; overlay_alpha=&#8221;50&#8243; shift_x=&#8221;0&#8243; shift_y=&#8221;0&#8243; shift_y_down=&#8221;0&#8243; z_index=&#8221;0&#8243; medium_width=&#8221;0&#8243; mobile_width=&#8221;0&#8243; width=&#8221;1\/1&#8243; uncode_shortcode_id=&#8221;919872&#8243; css=&#8221;.vc_custom_1633000115843{border-top-width: 0px !important;border-right-width: 0px !important;border-bottom-width: 0px !important;border-left-width: 0px !important;padding-top: 0px !important;padding-right: 0px !important;padding-bottom: 0px !important;padding-left: 0px !important;}&#8221;][vc_row_inner row_inner_height_percent=&#8221;0&#8243; overlay_alpha=&#8221;50&#8243; gutter_size=&#8221;0&#8243; shift_y=&#8221;0&#8243; z_index=&#8221;0&#8243; medium_visibility=&#8221;yes&#8221; uncode_shortcode_id=&#8221;140830&#8243; css=&#8221;.vc_custom_1633425578298{margin-top: 0px !important;margin-bottom: 0px !important;padding-top: 0px !important;padding-right: 0px !important;padding-bottom: 0px !important;padding-left: 0px !important;}&#8221;][vc_column_inner width=&#8221;1\/1&#8243;][uncode_index el_id=&#8221;index-49284911&#8243; index_type=&#8221;carousel&#8221; loop=&#8221;size:All|order_by:date|post_type:slide|tax_query:5557|taxonomy_count:10&#8243; index_back_color=&#8221;color-127369&#8243; carousel_lg=&#8221;1&#8243; carousel_md=&#8221;1&#8243; carousel_sm=&#8221;1&#8243; thumb_size=&#8221;sixteen-nine&#8221; gutter_size=&#8221;0&#8243; post_items=&#8221;date,title,spacer_two|two,text|excerpt|300,link|link|default_size|M\u00e9s informaci\u00f3,media|featured|onpost|original&#8221; proces_artesa_items=&#8221;titol_previ,title,spacer_two|two,text|full,enllac_extern,media|featured|onpost|original&#8221; activitat_items=&#8221;date,spacer_two|two,title,media|featured|onpost|original&#8221; slide_items=&#8221;titol_previ,title,spacer_two|two,text|full,enllac_extern,media|featured|onpost|original&#8221; carousel_type=&#8221;fade&#8221; carousel_interval=&#8221;10000&#8243; carousel_navspeed=&#8221;1000&#8243; carousel_loop=&#8221;yes&#8221; carousel_nav=&#8221;yes&#8221; carousel_nav_mobile=&#8221;yes&#8221; carousel_dot_position=&#8221;left&#8221; carousel_width_percent=&#8221;100&#8243; stage_padding=&#8221;0&#8243; single_text=&#8221;lateral&#8221; single_image_position=&#8221;right&#8221; single_image_size=&#8221;9&#8243; single_overlay_opacity=&#8221;50&#8243; single_overlay_anim=&#8221;no&#8221; single_text_anim=&#8221;no&#8221; single_image_anim=&#8221;no&#8221; single_vertical_text=&#8221;bottom&#8221; single_padding=&#8221;2&#8243; single_title_semantic=&#8221;div&#8221; single_title_dimension=&#8221;fontsize-495345&#8243; single_title_weight=&#8221;400&#8243; single_title_transform=&#8221;uppercase&#8221; single_title_height=&#8221;fontheight-206872&#8243; single_border=&#8221;yes&#8221; single_css_animation=&#8221;left-t-right&#8221; uncode_shortcode_id=&#8221;155840&#8243; el_class=&#8221;positionSliderModel2 noVisibleDesktopsPetits&#8221; index_back_color_type=&#8221;uncode-palette&#8221;][\/vc_column_inner][\/vc_row_inner][vc_row_inner row_inner_height_percent=&#8221;0&#8243; overlay_alpha=&#8221;50&#8243; gutter_size=&#8221;0&#8243; shift_y=&#8221;0&#8243; z_index=&#8221;0&#8243; mobile_visibility=&#8221;yes&#8221; uncode_shortcode_id=&#8221;186478&#8243; css=&#8221;.vc_custom_1633432881993{margin-top: 0px !important;margin-bottom: 0px !important;padding-top: 0px !important;padding-right: 0px !important;padding-bottom: 0px !important;padding-left: 0px !important;}&#8221;][vc_column_inner width=&#8221;1\/1&#8243;][uncode_index el_id=&#8221;index-492849222&#8243; index_type=&#8221;carousel&#8221; loop=&#8221;size:All|order_by:date|post_type:slide|tax_query:216|taxonomy_count:10&#8243; index_back_color=&#8221;color-127369&#8243; carousel_lg=&#8221;1&#8243; carousel_md=&#8221;1&#8243; carousel_sm=&#8221;1&#8243; thumb_size=&#8221;one-one&#8221; gutter_size=&#8221;0&#8243; post_items=&#8221;date,title,spacer_two|two,text|excerpt|300,link|link|default_size|M\u00e9s informaci\u00f3,media|featured|onpost|original&#8221; proces_artesa_items=&#8221;titol_previ,title,spacer_two|two,text|full,enllac_extern,media|featured|onpost|original&#8221; activitat_items=&#8221;date,spacer_two|two,title,media|featured|onpost|original&#8221; slide_items=&#8221;titol_previ,title,spacer_two|two,text|full,enllac_extern,media|featured|onpost|original&#8221; carousel_type=&#8221;fade&#8221; carousel_interval=&#8221;10000&#8243; carousel_navspeed=&#8221;1000&#8243; carousel_loop=&#8221;yes&#8221; carousel_nav=&#8221;yes&#8221; carousel_nav_mobile=&#8221;yes&#8221; carousel_dot_position=&#8221;left&#8221; carousel_width_percent=&#8221;100&#8243; stage_padding=&#8221;0&#8243; single_text=&#8221;lateral&#8221; single_image_position=&#8221;right&#8221; single_image_size=&#8221;6&#8243; single_overlay_opacity=&#8221;50&#8243; single_overlay_anim=&#8221;no&#8221; single_text_anim=&#8221;no&#8221; single_image_anim=&#8221;no&#8221; single_vertical_text=&#8221;bottom&#8221; single_padding=&#8221;2&#8243; single_title_semantic=&#8221;div&#8221; single_title_dimension=&#8221;fontsize-495345&#8243; single_title_weight=&#8221;400&#8243; single_title_transform=&#8221;uppercase&#8221; single_title_height=&#8221;fontheight-206872&#8243; single_border=&#8221;yes&#8221; single_css_animation=&#8221;left-t-right&#8221; uncode_shortcode_id=&#8221;301380&#8243; el_class=&#8221;positionSliderModel2 visibleDesktopsPetits&#8221; index_back_color_type=&#8221;uncode-palette&#8221;][\/vc_column_inner][\/vc_row_inner][\/vc_column][\/vc_row][vc_row][vc_column width=&#8221;1\/1&#8243;][uncode_block id=&#8221;90044&#8243;][\/vc_column][\/vc_row][vc_row][vc_column width=&#8221;1\/1&#8243;][uncode_block id=&#8221;90044&#8243;][\/vc_column][\/vc_row]<\/p>\n<\/div>","protected":false},"excerpt":{"rendered":"<p>Han tornat els paraig\u00fces de colors al Poble Espanyol i, amb ells, les activitats de primavera! Activitats familiars, m\u00fasica en directe, exposicions, tallers d&#8217;artesania, l&#8217;esperada Biergarten i un gran espai exterior a la vostra disposici\u00f3. No us perdeu les nostres activitats de primavera a Barcelona!<\/p>\n","protected":false},"author":7,"featured_media":121732,"parent":105340,"menu_order":43,"comment_status":"closed","ping_status":"closed","template":"","meta":{"_acf_changed":false,"footnotes":""},"class_list":["post-122403","page","type-page","status-publish","has-post-thumbnail","hentry"],"acf":[],"_links":{"self":[{"href":"https:\/\/poble-espanyol.com\/ca\/wp-json\/wp\/v2\/pages\/122403","targetHints":{"allow":["GET"]}}],"collection":[{"href":"https:\/\/poble-espanyol.com\/ca\/wp-json\/wp\/v2\/pages"}],"about":[{"href":"https:\/\/poble-espanyol.com\/ca\/wp-json\/wp\/v2\/types\/page"}],"author":[{"embeddable":true,"href":"https:\/\/poble-espanyol.com\/ca\/wp-json\/wp\/v2\/users\/7"}],"replies":[{"embeddable":true,"href":"https:\/\/poble-espanyol.com\/ca\/wp-json\/wp\/v2\/comments?post=122403"}],"version-history":[{"count":0,"href":"https:\/\/poble-espanyol.com\/ca\/wp-json\/wp\/v2\/pages\/122403\/revisions"}],"up":[{"embeddable":true,"href":"https:\/\/poble-espanyol.com\/ca\/wp-json\/wp\/v2\/pages\/105340"}],"wp:featuredmedia":[{"embeddable":true,"href":"https:\/\/poble-espanyol.com\/ca\/wp-json\/wp\/v2\/media\/121732"}],"wp:attachment":[{"href":"https:\/\/poble-espanyol.com\/ca\/wp-json\/wp\/v2\/media?parent=122403"}],"curies":[{"name":"wp","href":"https:\/\/api.w.org\/{rel}","templated":true}]}}