{"id":273605,"date":"2022-06-07T16:16:48","date_gmt":"2022-06-07T14:16:48","guid":{"rendered":"https:\/\/poble-espanyol.com\/?page_id=273605"},"modified":"2026-04-21T15:50:34","modified_gmt":"2026-04-21T13:50:34","slug":"arquitectura-barcelona-2026","status":"publish","type":"page","link":"https:\/\/poble-espanyol.com\/ca\/arquitectura-barcelona-2026\/","title":{"rendered":"Barcelona Capital Mundial de l&#8217;Arquitectura 2026"},"content":{"rendered":"<div class=\"wpb-content-wrapper\"><p>[vc_row unlock_row_content=&#8221;yes&#8221; row_height_percent=&#8221;55&#8243; back_color=&#8221;color-147523&#8243; back_image=&#8221;273639&#8243; overlay_alpha=&#8221;50&#8243; gutter_size=&#8221;3&#8243; column_width_percent=&#8221;100&#8243; shift_y=&#8221;0&#8243; z_index=&#8221;0&#8243; content_parallax=&#8221;0&#8243; uncode_shortcode_id=&#8221;996483&#8243; back_color_type=&#8221;uncode-palette&#8221; css=&#8221;.vc_custom_1771587135589{padding-top: 100px !important;}&#8221;][vc_column width=&#8221;1\/1&#8243;][\/vc_column][\/vc_row][vc_row unlock_row_content=&#8221;yes&#8221; row_height_percent=&#8221;0&#8243; override_padding=&#8221;yes&#8221; h_padding=&#8221;2&#8243; top_padding=&#8221;2&#8243; bottom_padding=&#8221;2&#8243; overlay_alpha=&#8221;50&#8243; gutter_size=&#8221;2&#8243; column_width_percent=&#8221;100&#8243; shift_y=&#8221;0&#8243; z_index=&#8221;0&#8243; uncode_shortcode_id=&#8221;173677&#8243; el_class=&#8221;espaiTitulPrevi&#8221;][vc_column column_width_percent=&#8221;100&#8243; gutter_size=&#8221;3&#8243; overlay_alpha=&#8221;50&#8243; shift_x=&#8221;0&#8243; shift_y=&#8221;0&#8243; shift_y_down=&#8221;0&#8243; z_index=&#8221;0&#8243; medium_width=&#8221;0&#8243; mobile_width=&#8221;7&#8243; width=&#8221;1\/1&#8243; uncode_shortcode_id=&#8221;617312&#8243;][vc_empty_space empty_h=&#8221;2&#8243;][\/vc_column][\/vc_row][vc_row unlock_row_content=&#8221;yes&#8221; row_height_percent=&#8221;0&#8243; override_padding=&#8221;yes&#8221; h_padding=&#8221;2&#8243; top_padding=&#8221;0&#8243; bottom_padding=&#8221;3&#8243; overlay_alpha=&#8221;50&#8243; gutter_size=&#8221;3&#8243; column_width_percent=&#8221;100&#8243; shift_y=&#8221;0&#8243; z_index=&#8221;0&#8243; content_parallax=&#8221;0&#8243; uncode_shortcode_id=&#8221;126033&#8243;][vc_column column_width_percent=&#8221;100&#8243; position_horizontal=&#8221;left&#8221; gutter_size=&#8221;3&#8243; overlay_alpha=&#8221;50&#8243; shift_x=&#8221;0&#8243; shift_y=&#8221;0&#8243; shift_y_down=&#8221;0&#8243; z_index=&#8221;0&#8243; medium_width=&#8221;2&#8243; mobile_width=&#8221;7&#8243; width=&#8221;1\/4&#8243;][vc_custom_heading text_color=&#8221;color-107789&#8243; heading_semantic=&#8221;h1&#8243; text_font=&#8221;font-643449&#8243; text_size=&#8221;fontsize-495345&#8243; text_weight=&#8221;400&#8243; text_height=&#8221;fontheight-159127&#8243; uncode_shortcode_id=&#8221;152555&#8243; text_color_type=&#8221;uncode-palette&#8221;]POBLE ESPANYOL: L\u2019ARQUITECTURA DE TOT UN PA\u00cdS, A BARCELONA[\/vc_custom_heading][vc_column_text uncode_shortcode_id=&#8221;195711&#8243;]<em>Un viatge pel patrimoni, l&#8217;artesania i la hist\u00f2ria sense sortir de la ciutat. Descobreix 117 edificis \u00fanics en un entorn sense massificacions.<br \/>\n<\/em>[\/vc_column_text][\/vc_column][vc_column column_width_percent=&#8221;85&#8243; gutter_size=&#8221;3&#8243; overlay_alpha=&#8221;50&#8243; shift_x=&#8221;0&#8243; shift_y=&#8221;0&#8243; shift_y_down=&#8221;0&#8243; z_index=&#8221;0&#8243; medium_width=&#8221;4&#8243; mobile_width=&#8221;7&#8243; width=&#8221;2\/4&#8243; uncode_shortcode_id=&#8221;335284&#8243;][vc_column_text uncode_shortcode_id=&#8221;864424&#8243;]El Poble Espanyol neix com un dels grans projectes de l\u2019<strong>Exposici\u00f3 Internacional de 1929<\/strong>. Com altres construccions ic\u00f2niques com s\u00f3n el MNAC, el Teatre Grec o el Pavell\u00f3 Mies van der Rohe, el nostre recinte es va crear per mostrar al m\u00f3n l\u2019\u00e0nima d\u2019un pa\u00eds en un moment en qu\u00e8 Barcelona havia de rebre molts visitants de diferents nacionalitats.[\/vc_column_text][uncode_list uncode_shortcode_id=&#8221;170629&#8243;]<\/p>\n<ul>\n<li><a href=\"https:\/\/poble-espanyol.com\/ca\/la-visita\/arquitectura\/\">117 edificis<\/a> que reprodueixen l&#8217;arquitectura de tot el pa\u00eds<\/li>\n<li>49.000 m\u00b2 de recinte tancat i segur<\/li>\n<li>Del rom\u00e0nic al barroc: un recorregut exhaustiu per la diversitat de la Pen\u00ednsula.<\/li>\n<\/ul>\n<p>[\/uncode_list][\/vc_column][vc_column column_width_percent=&#8221;100&#8243; align_horizontal=&#8221;align_right&#8221; gutter_size=&#8221;0&#8243; override_padding=&#8221;yes&#8221; column_padding=&#8221;0&#8243; expand_height=&#8221;yes&#8221; overlay_alpha=&#8221;50&#8243; shift_x=&#8221;0&#8243; shift_y=&#8221;0&#8243; shift_y_down=&#8221;0&#8243; z_index=&#8221;0&#8243; medium_width=&#8221;2&#8243; mobile_width=&#8221;7&#8243; width=&#8221;1\/4&#8243; uncode_shortcode_id=&#8221;238707&#8243;][vc_single_image media=&#8221;273612&#8243; media_width_percent=&#8221;100&#8243; media_ratio=&#8221;sixteen-nine&#8221; css_animation=&#8221;right-t-left&#8221; animation_delay=&#8221;500&#8243; uncode_shortcode_id=&#8221;100053&#8243;][\/vc_column][\/vc_row][vc_row unlock_row_content=&#8221;yes&#8221; row_height_percent=&#8221;0&#8243; override_padding=&#8221;yes&#8221; h_padding=&#8221;2&#8243; top_padding=&#8221;1&#8243; bottom_padding=&#8221;0&#8243; overlay_alpha=&#8221;50&#8243; gutter_size=&#8221;2&#8243; column_width_percent=&#8221;100&#8243; shift_y=&#8221;0&#8243; z_index=&#8221;0&#8243; uncode_shortcode_id=&#8221;234308&#8243;][vc_column column_width_percent=&#8221;100&#8243; gutter_size=&#8221;3&#8243; overlay_alpha=&#8221;50&#8243; shift_x=&#8221;0&#8243; shift_y=&#8221;0&#8243; shift_y_down=&#8221;0&#8243; z_index=&#8221;0&#8243; medium_width=&#8221;0&#8243; mobile_width=&#8221;0&#8243; width=&#8221;1\/1&#8243;][vc_separator sep_color=&#8221;color-770920&#8243; uncode_shortcode_id=&#8221;110660&#8243; sep_color_type=&#8221;uncode-palette&#8221; el_width=&#8221;100%&#8221;][\/vc_column][\/vc_row][vc_row row_height_percent=&#8221;50&#8243; override_padding=&#8221;yes&#8221; h_padding=&#8221;2&#8243; top_padding=&#8221;3&#8243; bottom_padding=&#8221;3&#8243; back_color=&#8221;color-892728&#8243; overlay_alpha=&#8221;50&#8243; gutter_size=&#8221;3&#8243; column_width_percent=&#8221;100&#8243; shift_y=&#8221;0&#8243; z_index=&#8221;0&#8243; content_parallax=&#8221;0&#8243; uncode_shortcode_id=&#8221;293057&#8243; back_color_type=&#8221;uncode-palette&#8221;][vc_column column_width_use_pixel=&#8221;yes&#8221; position_vertical=&#8221;middle&#8221; align_horizontal=&#8221;align_center&#8221; gutter_size=&#8221;3&#8243; overlay_alpha=&#8221;50&#8243; shift_x=&#8221;0&#8243; shift_y=&#8221;0&#8243; shift_y_down=&#8221;0&#8243; z_index=&#8221;0&#8243; medium_width=&#8221;0&#8243; mobile_width=&#8221;0&#8243; width=&#8221;1\/1&#8243; column_width_pixel=&#8221;900&#8243;][vc_custom_heading text_color=&#8221;accent&#8221; heading_semantic=&#8221;h6&#8243; text_size=&#8221;h6&#8243; text_transform=&#8221;uppercase&#8221; uncode_shortcode_id=&#8221;686834&#8243; text_color_type=&#8221;uncode-palette&#8221;]MOLT M\u00c9S QUE MONUMENTS[\/vc_custom_heading][vc_custom_heading heading_semantic=&#8221;h3&#8243; text_size=&#8221;fontsize-160341&#8243; uncode_shortcode_id=&#8221;181344&#8243;]BARCELONA CAPITAL MUNDIAL<br \/>\nDE L\u2019ARQUITECTURA 2026[\/vc_custom_heading][vc_column_text text_lead=&#8221;yes&#8221; uncode_shortcode_id=&#8221;202514&#8243;]En l\u2019any en qu\u00e8 Barcelona \u00e9s el centre del m\u00f3n arquitect\u00f2nic, el Poble Espanyol es posiciona com el gran preservador del patrimoni. No som nom\u00e9s fa\u00e7anes; <strong>som espais vius que expliquen hist\u00f2ries.<\/strong>[\/vc_column_text][vc_empty_space empty_h=&#8221;2&#8243;][vc_button button_color=&#8221;accent&#8221; outline=&#8221;yes&#8221; border_width=&#8221;0&#8243; display=&#8221;inline&#8221; link=&#8221;url:https%3A%2F%2Ftickets.poble-espanyol.com%2Fca%2F&#8221; button_color_type=&#8221;uncode-palette&#8221; uncode_shortcode_id=&#8221;136886&#8243;]Visita el Poble Espanyol[\/vc_button][\/vc_column][\/vc_row][vc_row unlock_row_content=&#8221;yes&#8221; row_height_percent=&#8221;0&#8243; override_padding=&#8221;yes&#8221; h_padding=&#8221;2&#8243; top_padding=&#8221;1&#8243; bottom_padding=&#8221;0&#8243; overlay_alpha=&#8221;50&#8243; gutter_size=&#8221;2&#8243; column_width_percent=&#8221;100&#8243; shift_y=&#8221;0&#8243; z_index=&#8221;0&#8243; uncode_shortcode_id=&#8221;234308&#8243;][vc_column column_width_percent=&#8221;100&#8243; gutter_size=&#8221;3&#8243; overlay_alpha=&#8221;50&#8243; shift_x=&#8221;0&#8243; shift_y=&#8221;0&#8243; shift_y_down=&#8221;0&#8243; z_index=&#8221;0&#8243; medium_width=&#8221;0&#8243; mobile_width=&#8221;0&#8243; width=&#8221;1\/1&#8243;][vc_separator sep_color=&#8221;color-770920&#8243; uncode_shortcode_id=&#8221;110660&#8243; sep_color_type=&#8221;uncode-palette&#8221; el_width=&#8221;100%&#8221;][\/vc_column][\/vc_row][vc_row unlock_row_content=&#8221;yes&#8221; row_height_percent=&#8221;0&#8243; override_padding=&#8221;yes&#8221; h_padding=&#8221;2&#8243; top_padding=&#8221;3&#8243; bottom_padding=&#8221;3&#8243; overlay_alpha=&#8221;50&#8243; gutter_size=&#8221;3&#8243; column_width_percent=&#8221;100&#8243; shift_y=&#8221;0&#8243; z_index=&#8221;0&#8243; content_parallax=&#8221;0&#8243; uncode_shortcode_id=&#8221;135256&#8243;][vc_column column_width_percent=&#8221;100&#8243; align_horizontal=&#8221;align_right&#8221; gutter_size=&#8221;0&#8243; override_padding=&#8221;yes&#8221; column_padding=&#8221;0&#8243; expand_height=&#8221;yes&#8221; overlay_alpha=&#8221;50&#8243; shift_x=&#8221;0&#8243; shift_y=&#8221;0&#8243; shift_y_down=&#8221;0&#8243; z_index=&#8221;0&#8243; medium_width=&#8221;2&#8243; mobile_width=&#8221;7&#8243; width=&#8221;1\/4&#8243; uncode_shortcode_id=&#8221;238707&#8243;][vc_single_image media=&#8221;273952&#8243; media_width_percent=&#8221;100&#8243; media_ratio=&#8221;one-one&#8221; advanced=&#8221;yes&#8221; media_overlay_opacity=&#8221;1&#8243; media_overlay_anim=&#8221;no&#8221; media_text_anim=&#8221;no&#8221; media_image_anim=&#8221;no&#8221; media_padding=&#8221;5&#8243; uncode_shortcode_id=&#8221;376191&#8243; el_class=&#8221;arc-radius&#8221;][\/vc_column][vc_column column_width_percent=&#8221;85&#8243; gutter_size=&#8221;3&#8243; overlay_alpha=&#8221;50&#8243; shift_x=&#8221;0&#8243; shift_y=&#8221;0&#8243; shift_y_down=&#8221;0&#8243; z_index=&#8221;0&#8243; medium_width=&#8221;4&#8243; mobile_width=&#8221;7&#8243; width=&#8221;2\/4&#8243; uncode_shortcode_id=&#8221;335284&#8243;][vc_custom_heading text_color=&#8221;accent&#8221; heading_semantic=&#8221;h6&#8243; text_size=&#8221;h6&#8243; text_transform=&#8221;uppercase&#8221; uncode_shortcode_id=&#8221;717517&#8243; text_color_type=&#8221;uncode-palette&#8221;]L&#8217;ORIGEN DEL PROJECTE[\/vc_custom_heading][vc_custom_heading heading_semantic=&#8221;h3&#8243; text_size=&#8221;h1&#8243; uncode_shortcode_id=&#8221;143415&#8243;]Un viatge per tota la pen\u00ednsula[\/vc_custom_heading][vc_column_text uncode_shortcode_id=&#8221;247257&#8243;]<span style=\"font-weight: 400;\">Miquel Utrillo, Xavier Nogu\u00e9s, Francesc Folguera i Ramon Revent\u00f3s van rec\u00f3rrer <strong>m\u00e9s de 1.600 poblacions<\/strong> per documentar l&#8217;ess\u00e8ncia constructiva de cada territori. El resultat \u00e9s un collage perfecte on pots passar d\u2019un barri andal\u00fas a un monestir rom\u00e0nic catal\u00e0 en pocs minuts. Tot i estar destinat a ser ef\u00edmer, va impactar tant la ciutat que es va decidir conservar-lo com a patrimoni perdurable de Barcelona.<\/span><\/p>\n<p><span style=\"font-weight: 400;\">L&#8217;exposici\u00f3 <strong><em>\u00abUn viatge fotogr\u00e0fic\u00bb<\/em> <\/strong>ofereix un acc\u00e9s exclusiu a les fotografies, cartes i esbossos originals de 1927 que van donar vida al recinte. <\/span>[\/vc_column_text][vc_button border_width=&#8221;0&#8243; link=&#8221;url:https%3A%2F%2Fpoble-espanyol.com%2Fca%2Fexposicio%2Fun-viatge-fotografic-2%2F&#8221; uncode_shortcode_id=&#8221;292036&#8243;]Descobreix l&#8217;exposici\u00f3[\/vc_button][\/vc_column][vc_column column_width_percent=&#8221;100&#8243; position_horizontal=&#8221;left&#8221; gutter_size=&#8221;2&#8243; overlay_alpha=&#8221;50&#8243; shift_x=&#8221;0&#8243; shift_y=&#8221;0&#8243; shift_y_down=&#8221;0&#8243; z_index=&#8221;0&#8243; medium_width=&#8221;2&#8243; mobile_width=&#8221;7&#8243; width=&#8221;1\/4&#8243; uncode_shortcode_id=&#8221;145938&#8243;][vc_custom_heading text_color=&#8221;accent&#8221; heading_semantic=&#8221;h6&#8243; text_size=&#8221;h6&#8243; text_transform=&#8221;uppercase&#8221; uncode_shortcode_id=&#8221;113245&#8243; text_color_type=&#8221;uncode-palette&#8221;]SABIES QU\u00c8&#8230;[\/vc_custom_heading][vc_empty_space empty_h=&#8221;2&#8243;][vc_column_text uncode_shortcode_id=&#8221;211951&#8243;]<\/p>\n<ul>\n<li><b>Teules amb hist\u00f2ria:<\/b><span style=\"font-weight: 400;\"> es van fer servir <\/span><b>800.000 teules velles <\/b><span style=\"font-weight: 400;\">portades d\u2019arreu per donar un aspecte aut\u00e8ntic i viscut als edificis.<\/span><\/li>\n<li><b>T\u00e8cniques de realisme: <\/b><span style=\"font-weight: 400;\">es van utilitzar motlles de pedres reals per copiar exactament les textures i colors originals de cada regi\u00f3.<\/span><\/li>\n<li><b>R\u00e8cord de temps:<\/b><span style=\"font-weight: 400;\"> m\u00e9s de 1.000 treballadors d\u2019arreu del pa\u00eds el van aixecar en menys d\u2019un any, sent el primer recinte de l\u2019Exposici\u00f3 que va estar llest per rebre visites.<\/span><\/li>\n<li style=\"list-style-type: none;\"><\/li>\n<\/ul>\n<p>[\/vc_column_text][\/vc_column][\/vc_row][vc_row unlock_row_content=&#8221;yes&#8221; row_height_percent=&#8221;0&#8243; override_padding=&#8221;yes&#8221; h_padding=&#8221;2&#8243; top_padding=&#8221;1&#8243; bottom_padding=&#8221;0&#8243; overlay_alpha=&#8221;50&#8243; gutter_size=&#8221;2&#8243; column_width_percent=&#8221;100&#8243; shift_y=&#8221;0&#8243; z_index=&#8221;0&#8243; uncode_shortcode_id=&#8221;234308&#8243;][vc_column column_width_percent=&#8221;100&#8243; gutter_size=&#8221;3&#8243; overlay_alpha=&#8221;50&#8243; shift_x=&#8221;0&#8243; shift_y=&#8221;0&#8243; shift_y_down=&#8221;0&#8243; z_index=&#8221;0&#8243; medium_width=&#8221;0&#8243; mobile_width=&#8221;0&#8243; width=&#8221;1\/1&#8243;][vc_separator sep_color=&#8221;color-770920&#8243; uncode_shortcode_id=&#8221;110660&#8243; sep_color_type=&#8221;uncode-palette&#8221; el_width=&#8221;100%&#8221;][\/vc_column][\/vc_row][vc_row row_height_percent=&#8221;0&#8243; override_padding=&#8221;yes&#8221; h_padding=&#8221;2&#8243; top_padding=&#8221;3&#8243; bottom_padding=&#8221;2&#8243; overlay_alpha=&#8221;50&#8243; gutter_size=&#8221;3&#8243; column_width_percent=&#8221;100&#8243; shift_y=&#8221;0&#8243; z_index=&#8221;0&#8243; medium_visibility=&#8221;yes&#8221; mobile_visibility=&#8221;yes&#8221; content_parallax=&#8221;0&#8243; uncode_shortcode_id=&#8221;456718&#8243;][vc_column width=&#8221;1\/1&#8243;][uncode_slider][vc_row_inner row_inner_height_percent=&#8221;0&#8243; overlay_alpha=&#8221;50&#8243; gutter_size=&#8221;3&#8243; shift_y=&#8221;0&#8243; z_index=&#8221;0&#8243; uncode_shortcode_id=&#8221;965595&#8243;][vc_column_inner width=&#8221;1\/2&#8243;][vc_custom_heading text_color=&#8221;accent&#8221; heading_semantic=&#8221;h6&#8243; text_size=&#8221;h6&#8243; text_transform=&#8221;uppercase&#8221; uncode_shortcode_id=&#8221;107723&#8243; text_color_type=&#8221;uncode-palette&#8221;]ACTIVITAT PROGRAMADA: DEBATS I CONFER\u00c8NCIES[\/vc_custom_heading][vc_custom_heading uncode_shortcode_id=&#8221;131288&#8243;]Un viatge en el temps: el Poble Espanyol de Montju\u00efc[\/vc_custom_heading][vc_single_image media=&#8221;273823&#8243; media_width_percent=&#8221;100&#8243; shape=&#8221;img-round&#8221; radius=&#8221;std&#8221; uncode_shortcode_id=&#8221;149724&#8243;][\/vc_column_inner][vc_column_inner width=&#8221;1\/2&#8243;][vc_empty_space empty_h=&#8221;4&#8243;][vc_column_text uncode_shortcode_id=&#8221;200848&#8243;]Arran de l\u2019exposici\u00f3 \u00ab<em>Un viatge en el temps: el Poble Espanyol de Montju\u00efc<\/em>\u00bb, l\u2019activitat proposa redescobrir el recinte des d\u2019una perspectiva cientificot\u00e8cnica, hist\u00f2rica i patrimonial.<\/p>\n<p><strong>Dues taules rodones amb especialistes<\/strong> n\u2019analitzaran la g\u00e8nesi, el proc\u00e9s constructiu i la perviv\u00e8ncia, aportant noves claus de lectura sobre un dels conjunts arquitect\u00f2nics m\u00e9s reconeixibles de Barcelona.[\/vc_column_text][vc_custom_heading text_color=&#8221;accent&#8221; heading_semantic=&#8221;h6&#8243; text_size=&#8221;h6&#8243; text_transform=&#8221;uppercase&#8221; uncode_shortcode_id=&#8221;108342&#8243; text_color_type=&#8221;uncode-palette&#8221;]DATES: PROPERAMENT[\/vc_custom_heading][vc_button button_color=&#8221;color-107789&#8243; border_width=&#8221;0&#8243; link=&#8221;url:https%3A%2F%2Fpoble-espanyol.com%2Fca%2F%3Funcodeblock%3Dnewsletter|title:Newsletter|target:_blank&#8221; button_color_type=&#8221;uncode-palette&#8221; uncode_shortcode_id=&#8221;118991&#8243;]Informa&#8217;m de les dates[\/vc_button][\/vc_column_inner][\/vc_row_inner][vc_row_inner row_inner_height_percent=&#8221;0&#8243; overlay_alpha=&#8221;50&#8243; gutter_size=&#8221;3&#8243; shift_y=&#8221;0&#8243; z_index=&#8221;0&#8243; uncode_shortcode_id=&#8221;965595&#8243;][vc_column_inner width=&#8221;1\/2&#8243;][vc_custom_heading text_color=&#8221;accent&#8221; heading_semantic=&#8221;h6&#8243; text_size=&#8221;h6&#8243; text_transform=&#8221;uppercase&#8221; uncode_shortcode_id=&#8221;189713&#8243; text_color_type=&#8221;uncode-palette&#8221;]ACTIVITAT PROGRAMADA: PATRIMONI[\/vc_custom_heading][vc_custom_heading uncode_shortcode_id=&#8221;164035&#8243;]Visites guiades amb aperitiu al Poble Espanyol[\/vc_custom_heading][vc_single_image media=&#8221;275175&#8243; media_width_percent=&#8221;100&#8243; shape=&#8221;img-round&#8221; radius=&#8221;std&#8221; uncode_shortcode_id=&#8221;179019&#8243;][\/vc_column_inner][vc_column_inner width=&#8221;1\/2&#8243;][vc_empty_space empty_h=&#8221;4&#8243;][vc_column_text uncode_shortcode_id=&#8221;592187&#8243;]Et convidem a un recorregut exclusiu per analitzar l&#8217;evoluci\u00f3 del rom\u00e0nic, el mud\u00e8jar i el g\u00f2tic a trav\u00e9s de <strong>117 construccions monumentals.<\/strong><\/p>\n<p>Un <strong>guia expert<\/strong> et desvetllar\u00e0 els detalls constructius i les adaptacions de peces clau com la Pla\u00e7a Major, la Torre d\u2019Utebo o el Monestir de Sant Miquel, culminant l&#8217;experi\u00e8ncia amb un <strong>aperitiu mediterrani<\/strong> al restaurant La Font de Prades.<\/p>\n<p><a href=\"https:\/\/poble-espanyol.com\/ca\/activitat\/visita-guiada-poble-espanyol\/\">+ INFO<\/a>[\/vc_column_text][vc_custom_heading text_color=&#8221;accent&#8221; heading_semantic=&#8221;h6&#8243; text_size=&#8221;h6&#8243; text_transform=&#8221;uppercase&#8221; uncode_shortcode_id=&#8221;878546&#8243; text_color_type=&#8221;uncode-palette&#8221;]DATES: DISSABTES, DIUMENGES I FESTIUS A LES 10:30H I A LES 12:00H.[\/vc_custom_heading][vc_button button_color=&#8221;color-107789&#8243; border_width=&#8221;0&#8243; link=&#8221;url:https%3A%2F%2Ftickets.poble-espanyol.com%2Fca%2F109-web-individual%2F12960-visita-guiada-al-poble-espanyol-amb-aperitiu|title:Newsletter|target:_blank&#8221; button_color_type=&#8221;uncode-palette&#8221; uncode_shortcode_id=&#8221;949064&#8243;]Reserva la teva visita[\/vc_button][\/vc_column_inner][\/vc_row_inner][vc_row_inner row_inner_height_percent=&#8221;0&#8243; overlay_alpha=&#8221;50&#8243; gutter_size=&#8221;3&#8243; shift_y=&#8221;0&#8243; z_index=&#8221;0&#8243; uncode_shortcode_id=&#8221;965595&#8243;][vc_column_inner width=&#8221;1\/2&#8243;][vc_custom_heading text_color=&#8221;accent&#8221; heading_semantic=&#8221;h6&#8243; text_size=&#8221;h6&#8243; text_transform=&#8221;uppercase&#8221; uncode_shortcode_id=&#8221;144322&#8243; text_color_type=&#8221;uncode-palette&#8221;]ACTIVITAT PROGRAMADA: TALLERS[\/vc_custom_heading][vc_custom_heading uncode_shortcode_id=&#8221;387049&#8243;]Trobada d&#8217;Urban Sketchers Catalunya: dibuixa el Poble Espanyol[\/vc_custom_heading][vc_single_image media=&#8221;273837&#8243; media_width_percent=&#8221;100&#8243; shape=&#8221;img-round&#8221; radius=&#8221;std&#8221; uncode_shortcode_id=&#8221;103265&#8243;][\/vc_column_inner][vc_column_inner width=&#8221;1\/2&#8243;][vc_empty_space empty_h=&#8221;4&#8243;][vc_column_text uncode_shortcode_id=&#8221;147476&#8243;]<\/p>\n<p data-path-to-node=\"3\">Uneix-te a l&#8217;activitat organitzada per <b data-path-to-node=\"3\" data-index-in-node=\"113\">Urban Sketchers<\/b> a la muntanya de Montju\u00efc. Capta l\u2019ess\u00e8ncia de les nostres places i carrers hist\u00f2rics al teu quadern en una jornada en un entorn privilegiat on la llum i l\u2019arquitectura conviuen en equilibri.<\/p>\n<p data-path-to-node=\"4\">L&#8217;entrada al recinte per participar en la trobada \u00e9s gratu\u00efta i <b data-path-to-node=\"4\" data-index-in-node=\"68\">requereix inscripci\u00f3 pr\u00e8via obligat\u00f2ria<\/b> a trav\u00e9s del formulari oficial de l&#8217;organitzaci\u00f3.<\/p>\n<p>[\/vc_column_text][vc_custom_heading text_color=&#8221;accent&#8221; heading_semantic=&#8221;h6&#8243; text_size=&#8221;h6&#8243; text_transform=&#8221;uppercase&#8221; uncode_shortcode_id=&#8221;121023&#8243; text_color_type=&#8221;uncode-palette&#8221;]DATA: 12 D&#8217;ABRIL DE 2026.[\/vc_custom_heading][vc_custom_heading text_color=&#8221;accent&#8221; heading_semantic=&#8221;h6&#8243; text_size=&#8221;h6&#8243; text_transform=&#8221;uppercase&#8221; uncode_shortcode_id=&#8221;745217&#8243; text_color_type=&#8221;uncode-palette&#8221;]ACTIVITAT REALITZADA[\/vc_custom_heading][\/vc_column_inner][\/vc_row_inner][\/uncode_slider][\/vc_column][\/vc_row][vc_row row_height_percent=&#8221;0&#8243; overlay_alpha=&#8221;50&#8243; gutter_size=&#8221;3&#8243; column_width_percent=&#8221;100&#8243; shift_y=&#8221;0&#8243; z_index=&#8221;0&#8243; desktop_visibility=&#8221;yes&#8221; content_parallax=&#8221;0&#8243; uncode_shortcode_id=&#8221;342288&#8243;][vc_column width=&#8221;1\/1&#8243;][uncode_slider el_id=&#8221;1011660&#8243;][vc_row_inner row_inner_height_percent=&#8221;0&#8243; overlay_alpha=&#8221;50&#8243; gutter_size=&#8221;3&#8243; shift_y=&#8221;0&#8243; z_index=&#8221;0&#8243; uncode_shortcode_id=&#8221;965595&#8243;][vc_column_inner width=&#8221;1\/2&#8243;][vc_custom_heading text_color=&#8221;accent&#8221; heading_semantic=&#8221;h6&#8243; text_size=&#8221;h6&#8243; text_transform=&#8221;uppercase&#8221; uncode_shortcode_id=&#8221;107723&#8243; text_color_type=&#8221;uncode-palette&#8221;]ACTIVITAT PROGRAMADA: DEBATS I CONFER\u00c8NCIES[\/vc_custom_heading][vc_custom_heading uncode_shortcode_id=&#8221;131288&#8243;]Un viatge en el temps: el Poble Espanyol de Montju\u00efc[\/vc_custom_heading][vc_single_image media=&#8221;273823&#8243; media_width_percent=&#8221;100&#8243; shape=&#8221;img-round&#8221; radius=&#8221;std&#8221; uncode_shortcode_id=&#8221;149724&#8243;][\/vc_column_inner][vc_column_inner width=&#8221;1\/2&#8243;][vc_column_text uncode_shortcode_id=&#8221;200848&#8243;]Arran de l\u2019exposici\u00f3 \u00ab<em>Un viatge en el temps: el Poble Espanyol de Montju\u00efc<\/em>\u00bb, l\u2019activitat proposa redescobrir el recinte des d\u2019una perspectiva cientificot\u00e8cnica, hist\u00f2rica i patrimonial.<\/p>\n<p><strong>Dues taules rodones amb especialistes<\/strong> n\u2019analitzaran la g\u00e8nesi, el proc\u00e9s constructiu i la perviv\u00e8ncia, aportant noves claus de lectura sobre un dels conjunts arquitect\u00f2nics m\u00e9s reconeixibles de Barcelona.[\/vc_column_text][vc_custom_heading text_color=&#8221;accent&#8221; heading_semantic=&#8221;h6&#8243; text_size=&#8221;h6&#8243; text_transform=&#8221;uppercase&#8221; uncode_shortcode_id=&#8221;108342&#8243; text_color_type=&#8221;uncode-palette&#8221;]DATES: PROPERAMENT[\/vc_custom_heading][vc_button button_color=&#8221;color-107789&#8243; border_width=&#8221;0&#8243; link=&#8221;url:https%3A%2F%2Fpoble-espanyol.com%2Fca%2F%3Funcodeblock%3Dnewsletter|title:Newsletter|target:_blank&#8221; button_color_type=&#8221;uncode-palette&#8221; uncode_shortcode_id=&#8221;118991&#8243;]Informa&#8217;m de les dates[\/vc_button][\/vc_column_inner][\/vc_row_inner][vc_row_inner row_inner_height_percent=&#8221;0&#8243; overlay_alpha=&#8221;50&#8243; gutter_size=&#8221;3&#8243; shift_y=&#8221;0&#8243; z_index=&#8221;0&#8243; uncode_shortcode_id=&#8221;965595&#8243;][vc_column_inner width=&#8221;1\/2&#8243;][vc_custom_heading text_color=&#8221;accent&#8221; heading_semantic=&#8221;h6&#8243; text_size=&#8221;h6&#8243; text_transform=&#8221;uppercase&#8221; uncode_shortcode_id=&#8221;549477&#8243; text_color_type=&#8221;uncode-palette&#8221;]ACTIVITAT PROGRAMADA: PATRIMONI[\/vc_custom_heading][vc_custom_heading uncode_shortcode_id=&#8221;582691&#8243;]Visites guiades amb aperitiu al Poble Espanyol[\/vc_custom_heading][vc_single_image media=&#8221;275175&#8243; media_width_percent=&#8221;100&#8243; shape=&#8221;img-round&#8221; radius=&#8221;std&#8221; uncode_shortcode_id=&#8221;100893&#8243;][\/vc_column_inner][vc_column_inner width=&#8221;1\/2&#8243;][vc_column_text uncode_shortcode_id=&#8221;653744&#8243;]Et convidem a un recorregut exclusiu per analitzar l&#8217;evoluci\u00f3 del rom\u00e0nic, el mud\u00e8jar i el g\u00f2tic a trav\u00e9s de <strong>117 construccions monumentals.<\/strong><\/p>\n<p>Un <strong>guia expert<\/strong> et desvetllar\u00e0 els detalls constructius i les adaptacions de peces clau com la Pla\u00e7a Major, la Torre d\u2019Utebo o el Monestir de Sant Miquel, culminant l&#8217;experi\u00e8ncia amb un <strong>aperitiu mediterrani<\/strong> al restaurant La Font de Prades.<\/p>\n<p><a href=\"https:\/\/poble-espanyol.com\/ca\/activitat\/visita-guiada-poble-espanyol\/\">+ INFO<\/a>[\/vc_column_text][vc_custom_heading text_color=&#8221;accent&#8221; heading_semantic=&#8221;h6&#8243; text_size=&#8221;h6&#8243; text_transform=&#8221;uppercase&#8221; uncode_shortcode_id=&#8221;553880&#8243; text_color_type=&#8221;uncode-palette&#8221;]DATES: DISSABTES, DIUMENGES I FESTIUS A LES 10:30H I 12:00H.[\/vc_custom_heading][vc_button button_color=&#8221;color-107789&#8243; border_width=&#8221;0&#8243; link=&#8221;url:https%3A%2F%2Ftickets.poble-espanyol.com%2Fca%2F109-web-individual%2F12960-visita-guiada-al-poble-espanyol-amb-aperitiu|title:Newsletter|target:_blank&#8221; button_color_type=&#8221;uncode-palette&#8221; uncode_shortcode_id=&#8221;463449&#8243;]Reserva la teva visita[\/vc_button][\/vc_column_inner][\/vc_row_inner][vc_row_inner row_inner_height_percent=&#8221;0&#8243; overlay_alpha=&#8221;50&#8243; gutter_size=&#8221;3&#8243; shift_y=&#8221;0&#8243; z_index=&#8221;0&#8243; uncode_shortcode_id=&#8221;965595&#8243;][vc_column_inner width=&#8221;1\/2&#8243;][vc_custom_heading text_color=&#8221;accent&#8221; heading_semantic=&#8221;h6&#8243; text_size=&#8221;h6&#8243; text_transform=&#8221;uppercase&#8221; uncode_shortcode_id=&#8221;144322&#8243; text_color_type=&#8221;uncode-palette&#8221;]ACTIVITAT PROGRAMADA: TALLERS[\/vc_custom_heading][vc_custom_heading uncode_shortcode_id=&#8221;387049&#8243;]Trobada d&#8217;Urban Sketchers Catalunya: dibuixa el Poble Espanyol[\/vc_custom_heading][vc_single_image media=&#8221;273837&#8243; media_width_percent=&#8221;100&#8243; shape=&#8221;img-round&#8221; radius=&#8221;std&#8221; uncode_shortcode_id=&#8221;103265&#8243;][\/vc_column_inner][vc_column_inner width=&#8221;1\/2&#8243;][vc_column_text uncode_shortcode_id=&#8221;207338&#8243;]<\/p>\n<p data-path-to-node=\"3\">Uneix-te a l&#8217;activitat organitzada per <b data-path-to-node=\"3\" data-index-in-node=\"113\">Urban Sketchers<\/b> a la muntanya de Montju\u00efc. Capta l\u2019ess\u00e8ncia de les nostres places i carrers hist\u00f2rics al teu quadern en una jornada en un entorn privilegiat on la llum i l\u2019arquitectura conviuen en equilibri.<\/p>\n<p data-path-to-node=\"4\">L&#8217;entrada al recinte per participar en la trobada \u00e9s gratu\u00efta, per\u00f2 <b data-path-to-node=\"4\" data-index-in-node=\"68\">requereix inscripci\u00f3 pr\u00e8via obligat\u00f2ria<\/b> a trav\u00e9s del formulari oficial de l&#8217;organitzaci\u00f3.<\/p>\n<p>[\/vc_column_text][vc_custom_heading text_color=&#8221;accent&#8221; heading_semantic=&#8221;h6&#8243; text_size=&#8221;h6&#8243; text_transform=&#8221;uppercase&#8221; uncode_shortcode_id=&#8221;121023&#8243; text_color_type=&#8221;uncode-palette&#8221;]DATA: 12 D&#8217;ABRIL DE 2026.[\/vc_custom_heading][vc_button button_color=&#8221;color-107789&#8243; border_width=&#8221;0&#8243; link=&#8221;url:https%3A%2F%2Fuskcatalunya.cat%2Fix-trobaba-dusk-catalunya-2026%2F|title:Newsletter|target:_blank&#8221; button_color_type=&#8221;uncode-palette&#8221; uncode_shortcode_id=&#8221;159778&#8243;]M\u00e9s informaci\u00f3 i inscripci\u00f3[\/vc_button][\/vc_column_inner][\/vc_row_inner][\/uncode_slider][\/vc_column][\/vc_row][vc_row unlock_row_content=&#8221;yes&#8221; row_height_percent=&#8221;0&#8243; override_padding=&#8221;yes&#8221; h_padding=&#8221;2&#8243; top_padding=&#8221;2&#8243; bottom_padding=&#8221;0&#8243; overlay_alpha=&#8221;50&#8243; gutter_size=&#8221;2&#8243; column_width_percent=&#8221;100&#8243; shift_y=&#8221;0&#8243; z_index=&#8221;0&#8243; content_parallax=&#8221;0&#8243; uncode_shortcode_id=&#8221;147105&#8243;][vc_column column_width_percent=&#8221;100&#8243; gutter_size=&#8221;3&#8243; overlay_alpha=&#8221;50&#8243; shift_x=&#8221;0&#8243; shift_y=&#8221;0&#8243; shift_y_down=&#8221;0&#8243; z_index=&#8221;0&#8243; medium_width=&#8221;0&#8243; mobile_width=&#8221;0&#8243; width=&#8221;1\/1&#8243;][vc_separator sep_color=&#8221;color-770920&#8243; uncode_shortcode_id=&#8221;110660&#8243; sep_color_type=&#8221;uncode-palette&#8221; el_width=&#8221;100%&#8221;][\/vc_column][\/vc_row][vc_row row_height_percent=&#8221;0&#8243; override_padding=&#8221;yes&#8221; h_padding=&#8221;0&#8243; top_padding=&#8221;2&#8243; bottom_padding=&#8221;2&#8243; back_color=&#8221;color-892728&#8243; overlay_alpha=&#8221;50&#8243; gutter_size=&#8221;3&#8243; column_width_percent=&#8221;100&#8243; shift_y=&#8221;0&#8243; z_index=&#8221;2&#8243; content_parallax=&#8221;0&#8243; uncode_shortcode_id=&#8221;373454&#8243; back_color_type=&#8221;uncode-palette&#8221;][vc_column column_width_use_pixel=&#8221;yes&#8221; position_vertical=&#8221;middle&#8221; align_horizontal=&#8221;align_center&#8221; gutter_size=&#8221;3&#8243; overlay_alpha=&#8221;50&#8243; shift_x=&#8221;0&#8243; shift_y=&#8221;0&#8243; shift_y_down=&#8221;-5&#8243; shift_y_down_fixed=&#8221;yes&#8221; z_index=&#8221;0&#8243; medium_width=&#8221;0&#8243; align_mobile=&#8221;align_center_mobile&#8221; mobile_width=&#8221;0&#8243; width=&#8221;1\/1&#8243; column_width_pixel=&#8221;900&#8243;][vc_row_inner][vc_column_inner column_width_use_pixel=&#8221;yes&#8221; align_horizontal=&#8221;align_center&#8221; gutter_size=&#8221;3&#8243; overlay_alpha=&#8221;50&#8243; shift_x=&#8221;0&#8243; shift_y=&#8221;0&#8243; shift_y_down=&#8221;0&#8243; z_index=&#8221;0&#8243; medium_width=&#8221;0&#8243; mobile_width=&#8221;0&#8243; width=&#8221;1\/1&#8243; column_width_pixel=&#8221;600&#8243;][vc_custom_heading text_color=&#8221;color-107789&#8243; heading_semantic=&#8221;h3&#8243; text_size=&#8221;h1&#8243; sub_lead=&#8221;yes&#8221; sub_reduced=&#8221;yes&#8221; uncode_shortcode_id=&#8221;191716&#8243; text_color_type=&#8221;uncode-palette&#8221;]Descobreix el recinte[\/vc_custom_heading][\/vc_column_inner][\/vc_row_inner][vc_row_inner][vc_column_inner column_width_use_pixel=&#8221;yes&#8221; gutter_size=&#8221;3&#8243; override_padding=&#8221;yes&#8221; column_padding=&#8221;0&#8243; overlay_alpha=&#8221;50&#8243; shift_x=&#8221;0&#8243; shift_y=&#8221;0&#8243; shift_y_down=&#8221;0&#8243; z_index=&#8221;0&#8243; medium_width=&#8221;0&#8243; mobile_width=&#8221;0&#8243; width=&#8221;1\/1&#8243; column_width_pixel=&#8221;900&#8243;][vc_single_image media=&#8221;274035&#8243; media_lightbox=&#8221;yes&#8221; media_width_percent=&#8221;100&#8243; media_ratio=&#8221;sixteen-nine&#8221; shadow=&#8221;yes&#8221; advanced=&#8221;yes&#8221; media_items=&#8221;media|poster,icon|xl&#8221; media_overlay_opacity=&#8221;15&#8243; media_overlay_visible=&#8221;yes&#8221; media_text_visible=&#8221;yes&#8221; media_image_anim=&#8221;no&#8221; media_h_align=&#8221;center&#8221; media_padding=&#8221;2&#8243; media_icon=&#8221;fa fa-play&#8221; uncode_shortcode_id=&#8221;596688&#8243;][vc_empty_space empty_h=&#8221;5&#8243;][\/vc_column_inner][\/vc_row_inner][\/vc_column][\/vc_row][vc_row unlock_row_content=&#8221;yes&#8221; row_height_percent=&#8221;0&#8243; overlay_alpha=&#8221;50&#8243; gutter_size=&#8221;3&#8243; column_width_percent=&#8221;100&#8243; shift_y=&#8221;0&#8243; z_index=&#8221;0&#8243; content_parallax=&#8221;0&#8243; uncode_shortcode_id=&#8221;127001&#8243; css=&#8221;.vc_custom_1761842061008{padding-top: 50px !important;}&#8221;][vc_column width=&#8221;1\/1&#8243;][vc_custom_heading text_color=&#8221;color-107789&#8243; text_font=&#8221;font-875416&#8243; text_size=&#8221;fontsize-495345&#8243; text_weight=&#8221;800&#8243; text_height=&#8221;fontheight-206872&#8243; el_class=&#8221;sizeMobile&#8221; uncode_shortcode_id=&#8221;920373&#8243; text_color_type=&#8221;uncode-palette&#8221;]GALERIA[\/vc_custom_heading][\/vc_column][\/vc_row][vc_row unlock_row_content=&#8221;yes&#8221; row_height_percent=&#8221;0&#8243; overlay_alpha=&#8221;50&#8243; gutter_size=&#8221;3&#8243; column_width_percent=&#8221;100&#8243; shift_y=&#8221;0&#8243; z_index=&#8221;0&#8243; content_parallax=&#8221;0&#8243; uncode_shortcode_id=&#8221;202240&#8243; css=&#8221;.vc_custom_1761839991919{margin-bottom: 250px !important;}&#8221;][vc_column width=&#8221;1\/1&#8243;][vc_gallery el_id=&#8221;gallery-117311&#8243; type=&#8221;css_grid&#8221; random=&#8221;yes&#8221; medias=&#8221;272985,273904,273910,273916,273922,273928,273934,273940,273946,273952,273958,273970&#8243; screen_lg_items=&#8221;3&#8243; screen_lg_breakpoint=&#8221;1000&#8243; screen_md_items=&#8221;2&#8243; screen_md_breakpoint=&#8221;600&#8243; screen_sm_items=&#8221;1&#8243; screen_sm_breakpoint=&#8221;480&#8243; gutter_size=&#8221;3&#8243; single_overlay_opacity=&#8221;50&#8243; single_padding=&#8221;2&#8243; uncode_shortcode_id=&#8221;510453&#8243;][\/vc_column][\/vc_row]<\/p>\n<\/div>","protected":false},"excerpt":{"rendered":"<p>[vc_row unlock_row_content=&#8221;yes&#8221; row_height_percent=&#8221;55&#8243; back_color=&#8221;color-147523&#8243; back_image=&#8221;273639&#8243; overlay_alpha=&#8221;50&#8243; gutter_size=&#8221;3&#8243; column_width_percent=&#8221;100&#8243; shift_y=&#8221;0&#8243; z_index=&#8221;0&#8243; content_parallax=&#8221;0&#8243; uncode_shortcode_id=&#8221;996483&#8243; back_color_type=&#8221;uncode-palette&#8221; css=&#8221;.vc_custom_1771587135589{padding-top: 100px !important;}&#8221;][vc_column width=&#8221;1\/1&#8243;][\/vc_column][\/vc_row][vc_row unlock_row_content=&#8221;yes&#8221; row_height_percent=&#8221;0&#8243; override_padding=&#8221;yes&#8221; [&hellip;]<\/p>\n","protected":false},"author":10,"featured_media":273630,"parent":0,"menu_order":28,"comment_status":"closed","ping_status":"closed","template":"","meta":{"_acf_changed":false,"footnotes":""},"class_list":["post-273605","page","type-page","status-publish","has-post-thumbnail","hentry"],"acf":[],"_links":{"self":[{"href":"https:\/\/poble-espanyol.com\/ca\/wp-json\/wp\/v2\/pages\/273605","targetHints":{"allow":["GET"]}}],"collection":[{"href":"https:\/\/poble-espanyol.com\/ca\/wp-json\/wp\/v2\/pages"}],"about":[{"href":"https:\/\/poble-espanyol.com\/ca\/wp-json\/wp\/v2\/types\/page"}],"author":[{"embeddable":true,"href":"https:\/\/poble-espanyol.com\/ca\/wp-json\/wp\/v2\/users\/10"}],"replies":[{"embeddable":true,"href":"https:\/\/poble-espanyol.com\/ca\/wp-json\/wp\/v2\/comments?post=273605"}],"version-history":[{"count":164,"href":"https:\/\/poble-espanyol.com\/ca\/wp-json\/wp\/v2\/pages\/273605\/revisions"}],"predecessor-version":[{"id":275192,"href":"https:\/\/poble-espanyol.com\/ca\/wp-json\/wp\/v2\/pages\/273605\/revisions\/275192"}],"wp:featuredmedia":[{"embeddable":true,"href":"https:\/\/poble-espanyol.com\/ca\/wp-json\/wp\/v2\/media\/273630"}],"wp:attachment":[{"href":"https:\/\/poble-espanyol.com\/ca\/wp-json\/wp\/v2\/media?parent=273605"}],"curies":[{"name":"wp","href":"https:\/\/api.w.org\/{rel}","templated":true}]}}