{"id":272098,"date":"2024-05-06T17:47:56","date_gmt":"2024-05-06T15:47:56","guid":{"rendered":"https:\/\/poble-espanyol.com\/actividad\/barts-festival-laxnbusto-2\/"},"modified":"2026-01-09T11:10:25","modified_gmt":"2026-01-09T09:10:25","slug":"barts-festival-belle-sebastian","status":"publish","type":"activitat","link":"https:\/\/poble-espanyol.com\/de\/actividad\/barts-festival-belle-sebastian\/","title":{"rendered":"BARTS Festival &#8211; Belle &#038; Sebastian"},"content":{"rendered":"","protected":false},"excerpt":{"rendered":"","protected":false},"author":4,"featured_media":271736,"comment_status":"closed","ping_status":"closed","template":"","meta":{"_acf_changed":false,"footnotes":""},"class_list":["post-272098","activitat","type-activitat","status-publish","has-post-thumbnail","hentry"],"acf":{"activitat_destacada":false,"activitats_destacades":false,"activitats_destacades_agenda":false,"activitats_destacades_activitats_familiars":false,"activitats_destacades_activitats_concerts":false,"url_comprar_entrades":"https:\/\/www.enterticket.es\/eventos\/belle-sebastian-poble-espanyol-932281","nom_activitat":"BARTS Festival 2026","titol_previ_al_nom":"Ein legend\u00e4rer Club verwandelt sich in ein Sommerfestival","text_introductori":"Stuart Murdoch und seine Band verk\u00f6rpern aus Glasgow die Essenz des feinsten britischen Indie der 1990er-Jahre und st\u00fctzen sich dabei auf eine Reihe zeitloser Songs. Ihre mitrei\u00dfenden Live-Auftritte sind echte Lebensfeiern, vollgepackt mit gro\u00dfartigen Pop-Songs. Sie werden eines ihrer meistgefeierten Werke, das unvergessliche \u201eIf You're Feeling Sinister\u201c, pr\u00e4sentieren, gefolgt von einer Auswahl der gr\u00f6\u00dften Hits der Band. Das verspricht ein ganz besonderes Erlebnis.","dates_activitat":[{"dia":"20260717","hora_inici":"21:00:00","hora_final":null}],"dies_i_horaris_visibles_a_fitxa":[{"dia_i_horari":"17. Juli 2026"},{"dia_i_horari":"Konzertbeginn: 21:30 Uhr"}],"data_destacada":"<p> 17 JUL <\/p>","data_ordenacio":"2026-07-17 21:00:00","preu":null,"preu_destacat":"Ab 49,50\u20ac","ubicacio":"","contingut_recomanat":"","categoria_slider":[],"text_previ_segona_explicacio":"","titular_segona_explicacio":"BARTS STARTET ALS SOMMERFESTIVAL IM POBLE ESPANYOL IN EINE NEUE \u00c4RA","text_posterior_segona_explicacio":"Der legend\u00e4re Bracelona-Club bringt seinen Geist ins Poble Espanyol, um einen Sommer voller unvergesslicher Konzerte zu feiern, bei dem historische Gr\u00f6\u00dfen auf zeitgen\u00f6ssische K\u00fcnstler treffen.","text_detall_segona_explicacio":"","seccions_activitat":null,"bloc_activitats":null,"titol_previ_programa":"","titol_programa":"","pdf_programa":null,"programa_activitat":null,"titol_colaboradors":"","colaboradors":null,"titol_video":"","video":"https:\/\/youtu.be\/M8KXa8UcKtk","titol_galeria":"","galeria":null,"titol_previ_activitats":"","titol_activitats":"Mehr vom BARTS Festival","activitats_relacionades":{"manual":""},"tipus_ae":[]},"_links":{"self":[{"href":"https:\/\/poble-espanyol.com\/de\/wp-json\/wp\/v2\/activitat\/272098","targetHints":{"allow":["GET"]}}],"collection":[{"href":"https:\/\/poble-espanyol.com\/de\/wp-json\/wp\/v2\/activitat"}],"about":[{"href":"https:\/\/poble-espanyol.com\/de\/wp-json\/wp\/v2\/types\/activitat"}],"author":[{"embeddable":true,"href":"https:\/\/poble-espanyol.com\/de\/wp-json\/wp\/v2\/users\/4"}],"replies":[{"embeddable":true,"href":"https:\/\/poble-espanyol.com\/de\/wp-json\/wp\/v2\/comments?post=272098"}],"version-history":[{"count":1,"href":"https:\/\/poble-espanyol.com\/de\/wp-json\/wp\/v2\/activitat\/272098\/revisions"}],"predecessor-version":[{"id":272104,"href":"https:\/\/poble-espanyol.com\/de\/wp-json\/wp\/v2\/activitat\/272098\/revisions\/272104"}],"wp:featuredmedia":[{"embeddable":true,"href":"https:\/\/poble-espanyol.com\/de\/wp-json\/wp\/v2\/media\/271736"}],"wp:attachment":[{"href":"https:\/\/poble-espanyol.com\/de\/wp-json\/wp\/v2\/media?parent=272098"}],"curies":[{"name":"wp","href":"https:\/\/api.w.org\/{rel}","templated":true}]}}