{"id":272113,"date":"2024-05-06T17:47:56","date_gmt":"2024-05-06T15:47:56","guid":{"rendered":"https:\/\/poble-espanyol.com\/actividad\/barts-festival-ojete-calor-2\/"},"modified":"2026-01-09T11:22:26","modified_gmt":"2026-01-09T09:22:26","slug":"barts-festival-zz-top","status":"publish","type":"activitat","link":"https:\/\/poble-espanyol.com\/de\/actividad\/barts-festival-zz-top\/","title":{"rendered":"BARTS Festival &#8211; Zz Top"},"content":{"rendered":"","protected":false},"excerpt":{"rendered":"","protected":false},"author":4,"featured_media":271564,"comment_status":"closed","ping_status":"closed","template":"","meta":{"_acf_changed":false,"footnotes":""},"class_list":["post-272113","activitat","type-activitat","status-publish","has-post-thumbnail","hentry"],"acf":{"activitat_destacada":false,"activitats_destacades":false,"activitats_destacades_agenda":false,"activitats_destacades_activitats_familiars":false,"activitats_destacades_activitats_concerts":false,"url_comprar_entrades":"https:\/\/www.enterticket.es\/eventos\/zz-top-poble-espanyol-250434","nom_activitat":"BARTS Festival 2026","titol_previ_al_nom":"Ein legend\u00e4rer Club verwandelt sich in ein Sommerfestival","text_introductori":"Nach zweij\u00e4hriger Pause geht das legend\u00e4re Trio ZZ Top auf eine Europatournee, die auch in Barcelona Halt macht. Die ber\u00fchmte \u201eLittle Ol\u2019 Band From Texas\u201c tritt am Sonntag, den 19. Juli, im Poble Espanyol auf.\r\n\r\nBilly F. Gibbons kommentierte: \u201eWir lieben es, f\u00fcr das europ\u00e4ische Publikum zu spielen, da es eines der energiegeladensten und enthusiastischsten ist, das wir in den letzten f\u00fcnf Jahrzehnten erlebt haben. Wir freuen uns darauf, The Big One! nach Europa zu bringen, wo ihr sicher sein k\u00f6nnt, dass wir unser Bestes geben werden.\u201c\r\n\r\nZZ Top, eine Rocklegende, geht auf ihre Anf\u00e4nge Ende 1969 zur\u00fcck und deb\u00fctierte im Knights of Columbus Hall in Beaumont, Texas. In den Jahren seitdem hat die Band weltweit \u00fcber 60 Millionen Alben verkauft. Ihr Katalog umfasst vier RIAA-gepr\u00fcfte Goldalben, sechs Platin-Alben und ein Album, Eliminator, das mit Diamant f\u00fcr \u00fcber 10 Millionen verkaufte Exemplare ausgezeichnet wurde. Au\u00dferdem wurden sie vor 21 Jahren von Keith Richards von den Rolling Stones in die Rock and Roll Hall of Fame aufgenommen.","dates_activitat":[{"dia":"20260719","hora_inici":"21:00:00","hora_final":null}],"dies_i_horaris_visibles_a_fitxa":[{"dia_i_horari":"19. Juli 2026"},{"dia_i_horari":"Konzertbeginn: 21:30 Uhr"}],"data_destacada":"<p> 19 JUL <\/p>","data_ordenacio":"2026-07-19 21:00:00","preu":null,"preu_destacat":"Ab 77,00\u20ac","ubicacio":"","contingut_recomanat":"","categoria_slider":[],"text_previ_segona_explicacio":"","titular_segona_explicacio":"BARTS STARTET ALS SOMMERFESTIVAL IM POBLE ESPANYOL IN EINE NEUE \u00c4RA","text_posterior_segona_explicacio":"Der legend\u00e4re Bracelona-Club bringt seinen Geist ins Poble Espanyol, um einen Sommer voller unvergesslicher Konzerte zu feiern, bei dem historische Gr\u00f6\u00dfen auf zeitgen\u00f6ssische K\u00fcnstler treffen.","text_detall_segona_explicacio":"","seccions_activitat":null,"bloc_activitats":null,"titol_previ_programa":"","titol_programa":"","pdf_programa":null,"programa_activitat":null,"titol_colaboradors":"","colaboradors":null,"titol_video":"","video":"https:\/\/youtu.be\/Gg9cNGHl-bg","titol_galeria":"","galeria":null,"titol_previ_activitats":"","titol_activitats":"Mehr vom BARTS Festival","activitats_relacionades":{"manual":""},"tipus_ae":[]},"_links":{"self":[{"href":"https:\/\/poble-espanyol.com\/de\/wp-json\/wp\/v2\/activitat\/272113","targetHints":{"allow":["GET"]}}],"collection":[{"href":"https:\/\/poble-espanyol.com\/de\/wp-json\/wp\/v2\/activitat"}],"about":[{"href":"https:\/\/poble-espanyol.com\/de\/wp-json\/wp\/v2\/types\/activitat"}],"author":[{"embeddable":true,"href":"https:\/\/poble-espanyol.com\/de\/wp-json\/wp\/v2\/users\/4"}],"replies":[{"embeddable":true,"href":"https:\/\/poble-espanyol.com\/de\/wp-json\/wp\/v2\/comments?post=272113"}],"version-history":[{"count":2,"href":"https:\/\/poble-espanyol.com\/de\/wp-json\/wp\/v2\/activitat\/272113\/revisions"}],"predecessor-version":[{"id":272120,"href":"https:\/\/poble-espanyol.com\/de\/wp-json\/wp\/v2\/activitat\/272113\/revisions\/272120"}],"wp:featuredmedia":[{"embeddable":true,"href":"https:\/\/poble-espanyol.com\/de\/wp-json\/wp\/v2\/media\/271564"}],"wp:attachment":[{"href":"https:\/\/poble-espanyol.com\/de\/wp-json\/wp\/v2\/media?parent=272113"}],"curies":[{"name":"wp","href":"https:\/\/api.w.org\/{rel}","templated":true}]}}