{"id":272121,"date":"2024-05-06T17:47:56","date_gmt":"2024-05-06T15:47:56","guid":{"rendered":"https:\/\/poble-espanyol.com\/actividad\/barts-festival-zz-top-2\/"},"modified":"2026-01-09T11:25:09","modified_gmt":"2026-01-09T09:25:09","slug":"barts-festival-biffy-clyro","status":"publish","type":"activitat","link":"https:\/\/poble-espanyol.com\/de\/actividad\/barts-festival-biffy-clyro\/","title":{"rendered":"BARTS Festival &#8211; Biffy Clyro"},"content":{"rendered":"","protected":false},"excerpt":{"rendered":"","protected":false},"author":4,"featured_media":271924,"comment_status":"closed","ping_status":"closed","template":"","meta":{"_acf_changed":false,"footnotes":""},"class_list":["post-272121","activitat","type-activitat","status-publish","has-post-thumbnail","hentry"],"acf":{"activitat_destacada":false,"activitats_destacades":false,"activitats_destacades_agenda":false,"activitats_destacades_activitats_familiars":false,"activitats_destacades_activitats_concerts":false,"url_comprar_entrades":"https:\/\/www.enterticket.es\/eventos\/biffy-clyro-poble-espanyol-728179","nom_activitat":"BARTS Festival 2026","titol_previ_al_nom":"Ein legend\u00e4rer Club verwandelt sich in ein Sommerfestival","text_introductori":"Sie sind extrem zuverl\u00e4ssig. Wie eine Lebensversicherung. Die Schotten Biffy Clyro versagen nie \u2013 weder auf kurzen noch auf langen Distanzen. Energetisch, leidenschaftlich, rockig und stets effektiv feuern Simon Neil und die Br\u00fcder James und Ben Johnston seit drei Jahrzehnten Projektile in Form von elektrisierendem Rock aus Kilmarnock ab.\r\n\r\nSie standen auf den gro\u00dfen B\u00fchnen von Festivals wie Reading, Glastonbury oder Corona Capital. Wahrscheinlich sind sie die einzige Band, die Fans von Pixies, Fugazi, Soundgarden, Foo Fighters, Nirvana und Drive Like Jehu gleicherma\u00dfen begeistert. Seit MTV sie 2007 als eine der besten aufstrebenden europ\u00e4ischen Bands feierte, best\u00e4tigen ihre bislang elf ver\u00f6ffentlichten Alben \u2013 das j\u00fcngste, Futique, aufgenommen in den legend\u00e4ren Hansa Studios in Berlin und von Ver\u00f6ffentlichung an auf Platz 1 in Gro\u00dfbritannien \u2013 diese Ausnahmestellung eindrucksvoll.","dates_activitat":[{"dia":"20260720","hora_inici":"21:00:00","hora_final":null}],"dies_i_horaris_visibles_a_fitxa":[{"dia_i_horari":"20. Juli 2026"},{"dia_i_horari":"Konzertbeginn: 21:30 Uhr"}],"data_destacada":"<p> 20 JUL <\/p>","data_ordenacio":"2026-07-20 21:00:00","preu":null,"preu_destacat":"Ab 57,20\u20ac","ubicacio":"","contingut_recomanat":"","categoria_slider":[],"text_previ_segona_explicacio":"","titular_segona_explicacio":"BARTS STARTET ALS SOMMERFESTIVAL IM POBLE ESPANYOL IN EINE NEUE \u00c4RA","text_posterior_segona_explicacio":"Der legend\u00e4re Bracelona-Club bringt seinen Geist ins Poble Espanyol, um einen Sommer voller unvergesslicher Konzerte zu feiern, bei dem historische Gr\u00f6\u00dfen auf zeitgen\u00f6ssische K\u00fcnstler treffen.","text_detall_segona_explicacio":"","seccions_activitat":null,"bloc_activitats":null,"titol_previ_programa":"","titol_programa":"","pdf_programa":null,"programa_activitat":null,"titol_colaboradors":"","colaboradors":null,"titol_video":"","video":"https:\/\/youtu.be\/tAaWvvQqRgQ","titol_galeria":"","galeria":null,"titol_previ_activitats":"","titol_activitats":"Mehr vom BARTS Festival","activitats_relacionades":{"manual":""},"tipus_ae":[]},"_links":{"self":[{"href":"https:\/\/poble-espanyol.com\/de\/wp-json\/wp\/v2\/activitat\/272121","targetHints":{"allow":["GET"]}}],"collection":[{"href":"https:\/\/poble-espanyol.com\/de\/wp-json\/wp\/v2\/activitat"}],"about":[{"href":"https:\/\/poble-espanyol.com\/de\/wp-json\/wp\/v2\/types\/activitat"}],"author":[{"embeddable":true,"href":"https:\/\/poble-espanyol.com\/de\/wp-json\/wp\/v2\/users\/4"}],"replies":[{"embeddable":true,"href":"https:\/\/poble-espanyol.com\/de\/wp-json\/wp\/v2\/comments?post=272121"}],"version-history":[{"count":1,"href":"https:\/\/poble-espanyol.com\/de\/wp-json\/wp\/v2\/activitat\/272121\/revisions"}],"predecessor-version":[{"id":272127,"href":"https:\/\/poble-espanyol.com\/de\/wp-json\/wp\/v2\/activitat\/272121\/revisions\/272127"}],"wp:featuredmedia":[{"embeddable":true,"href":"https:\/\/poble-espanyol.com\/de\/wp-json\/wp\/v2\/media\/271924"}],"wp:attachment":[{"href":"https:\/\/poble-espanyol.com\/de\/wp-json\/wp\/v2\/media?parent=272121"}],"curies":[{"name":"wp","href":"https:\/\/api.w.org\/{rel}","templated":true}]}}