{"id":273464,"date":"2024-05-06T17:47:56","date_gmt":"2024-05-06T15:47:56","guid":{"rendered":"https:\/\/poble-espanyol.com\/actividad\/barts-festival-maria-becerra-2\/"},"modified":"2026-02-17T14:15:48","modified_gmt":"2026-02-17T12:15:48","slug":"barts-festival-silvestre-dangond","status":"publish","type":"activitat","link":"https:\/\/poble-espanyol.com\/de\/actividad\/barts-festival-silvestre-dangond\/","title":{"rendered":"BARTS Festival &#8211; Silvestre Dangond"},"content":{"rendered":"","protected":false},"excerpt":{"rendered":"","protected":false},"author":4,"featured_media":273453,"comment_status":"closed","ping_status":"closed","template":"","meta":{"_acf_changed":false,"footnotes":""},"class_list":["post-273464","activitat","type-activitat","status-publish","has-post-thumbnail","hentry"],"acf":{"activitat_destacada":false,"activitats_destacades":false,"activitats_destacades_agenda":false,"activitats_destacades_activitats_familiars":false,"activitats_destacades_activitats_concerts":false,"url_comprar_entrades":"https:\/\/www.enterticket.es\/eventos\/silvestre-dangond-poble-espanyol-936913","nom_activitat":"BARTS Festival 2026","titol_previ_al_nom":"Ein legend\u00e4rer Club verwandelt sich in ein Sommerfestival","text_introductori":"Silvestre Dangond, eine der einflussreichsten und bekanntesten Pers\u00f6nlichkeiten der Latin-Musik, best\u00e4tigt seine lang erwartete R\u00fcckkehr nach Spanien mit El baile de todos, einer Tour, die verspricht, eines der gro\u00dfen musikalischen Sommer-Events zu werden.\r\n\r\nDer kolumbianische K\u00fcnstler trifft erneut sein Publikum nach dem Erfolg fr\u00fcherer Besuche und bekr\u00e4ftigt die starke Verbindung, die er zu Spanien pflegt \u2013 eines der europ\u00e4ischen Gebiete, in denen seine Musik \u00fcber eine immer gr\u00f6\u00dfere und treue Fangemeinde verf\u00fcgt.\r\n\r\nDie Tour begleitet das gleichnamige Album, ein Projekt, das eine der erfolgreichsten Phasen seiner Karriere markiert. Der K\u00fcnstler hat k\u00fcrzlich einen Latin GRAMMY gewonnen und vier Nominierungen f\u00fcr Premio Lo Nuestro 2026 erhalten, was seine Relevanz und F\u00fchrungsrolle in der heutigen Latin-Musikszene unterstreicht.\r\n\r\nIm Laufe seiner Karriere hat er sich eine solide internationale Laufbahn aufgebaut, mit einer Diskografie voller Hits und Kollaborationen mit K\u00fcnstlern wie Sebasti\u00e1n Yatra, Car\u00edn Le\u00f3n, Fonseca und Emilia Mernes, wodurch er seine k\u00fcnstlerische Vielseitigkeit und F\u00e4higkeit zeigt, verschiedene Generationen zu erreichen.","dates_activitat":[{"dia":"20260724","hora_inici":"21:00:00","hora_final":null}],"dies_i_horaris_visibles_a_fitxa":[{"dia_i_horari":"24. Juli 2026"},{"dia_i_horari":"Konzertbeginn: 21:30 Uhr"}],"data_destacada":"<p> 24 JUL <\/p>","data_ordenacio":"2026-07-24 21:00:00","preu":null,"preu_destacat":"Ab 55,00\u20ac","ubicacio":"","contingut_recomanat":"","categoria_slider":[],"text_previ_segona_explicacio":"","titular_segona_explicacio":"BARTS STARTET ALS SOMMERFESTIVAL IM POBLE ESPANYOL IN EINE NEUE \u00c4RA","text_posterior_segona_explicacio":"Der legend\u00e4re Bracelona-Club bringt seinen Geist ins Poble Espanyol, um einen Sommer voller unvergesslicher Konzerte zu feiern, bei dem historische Gr\u00f6\u00dfen auf zeitgen\u00f6ssische K\u00fcnstler treffen.","text_detall_segona_explicacio":"","seccions_activitat":null,"bloc_activitats":null,"titol_previ_programa":"","titol_programa":"","pdf_programa":null,"programa_activitat":null,"titol_colaboradors":"","colaboradors":null,"titol_video":"","video":"https:\/\/youtu.be\/7qix3jy5QdA","titol_galeria":"","galeria":null,"titol_previ_activitats":"","titol_activitats":"Mehr vom BARTS Festival","activitats_relacionades":{"manual":""},"tipus_ae":[]},"_links":{"self":[{"href":"https:\/\/poble-espanyol.com\/de\/wp-json\/wp\/v2\/activitat\/273464","targetHints":{"allow":["GET"]}}],"collection":[{"href":"https:\/\/poble-espanyol.com\/de\/wp-json\/wp\/v2\/activitat"}],"about":[{"href":"https:\/\/poble-espanyol.com\/de\/wp-json\/wp\/v2\/types\/activitat"}],"author":[{"embeddable":true,"href":"https:\/\/poble-espanyol.com\/de\/wp-json\/wp\/v2\/users\/4"}],"replies":[{"embeddable":true,"href":"https:\/\/poble-espanyol.com\/de\/wp-json\/wp\/v2\/comments?post=273464"}],"version-history":[{"count":1,"href":"https:\/\/poble-espanyol.com\/de\/wp-json\/wp\/v2\/activitat\/273464\/revisions"}],"predecessor-version":[{"id":273465,"href":"https:\/\/poble-espanyol.com\/de\/wp-json\/wp\/v2\/activitat\/273464\/revisions\/273465"}],"wp:featuredmedia":[{"embeddable":true,"href":"https:\/\/poble-espanyol.com\/de\/wp-json\/wp\/v2\/media\/273453"}],"wp:attachment":[{"href":"https:\/\/poble-espanyol.com\/de\/wp-json\/wp\/v2\/media?parent=273464"}],"curies":[{"name":"wp","href":"https:\/\/api.w.org\/{rel}","templated":true}]}}