{"id":258998,"date":"2025-07-08T11:19:19","date_gmt":"2025-07-08T09:19:19","guid":{"rendered":"https:\/\/poble-espanyol.com\/edificio\/rathaus-von-valderrobres\/"},"modified":"2025-07-08T12:22:27","modified_gmt":"2025-07-08T10:22:27","slug":"rathaus-von-valderrobres","status":"publish","type":"edifici","link":"https:\/\/poble-espanyol.com\/de\/edificio\/rathaus-von-valderrobres\/","title":{"rendered":"Rathaus von Valderrobres"},"content":{"rendered":"","protected":false},"excerpt":{"rendered":"<p>Das Rathaus von Valderrobres ist ein historisches Denkmal, das im 16. Jahrhundert als mittelalterliche Festung zum Schutz des gesamten Ortskerns errichtet wurde.<br \/>\nDas Geb\u00e4ude ist dem Rathaus von Alca\u00f1iz nachempfunden und wurde unter Leitung des Baumeisters Antonio de Champanach im Stil des Manierismus gebaut.<br \/>\nDas Jahr seiner Fertigstellung, 1599, findet sich im Wappen an der Fassade.<\/p>\n","protected":false},"author":7,"featured_media":109077,"comment_status":"open","ping_status":"closed","template":"","meta":{"_acf_changed":false,"footnotes":""},"categories-edifici-poble":[15863],"class_list":["post-258998","edifici","type-edifici","status-publish","has-post-thumbnail","hentry","categories-edifici-poble-norden"],"acf":{"nom_edifici":"Rathaus von Valderrobres","titol_previ":"Rathaus von Valderrobres (Valderrobres, Aragonien)","text_introductori":"Das Rathaus von Valderrobres ist ein historisches Denkmal, das im 16. Jahrhundert als mittelalterliche Festung zum Schutz des gesamten Ortskerns errichtet wurde.\r\nDas Geb\u00e4ude ist dem Rathaus von Alca\u00f1iz nachempfunden und wurde unter Leitung des Baumeisters Antonio de Champanach im Stil des Manierismus gebaut.\r\nDas Jahr seiner Fertigstellung, 1599, findet sich im Wappen an der Fassade.","fotos_adicionals":"","titular_segona_explicacio":"","text_posterior_segona_explicacio":"","text_previ_segona_explicacio":"","text_detall_segona_explicacio":"","seccions_edifici":null,"ubicacio":{"address":"Av. Francesc Ferrer i Gu\u00e0rdia, 13, 08038 Barcelona, Espa\u00f1a","lat":41.368991675462993,"lng":2.1472271384841779,"zoom":19,"place_id":"ChIJhYVZqXeipBIRBSzv2hUOj-4","street_number":13,"street_name":"Avinguda Francesc Ferrer i Gu\u00e0rdia","street_name_short":"Av. Francesc Ferrer i Gu\u00e0rdia","city":"Barcelona","state":"Catalunya","state_short":"CT","post_code":8038,"country":"Espa\u00f1a","country_short":"ES"}},"_links":{"self":[{"href":"https:\/\/poble-espanyol.com\/de\/wp-json\/wp\/v2\/edifici\/258998","targetHints":{"allow":["GET"]}}],"collection":[{"href":"https:\/\/poble-espanyol.com\/de\/wp-json\/wp\/v2\/edifici"}],"about":[{"href":"https:\/\/poble-espanyol.com\/de\/wp-json\/wp\/v2\/types\/edifici"}],"author":[{"embeddable":true,"href":"https:\/\/poble-espanyol.com\/de\/wp-json\/wp\/v2\/users\/7"}],"replies":[{"embeddable":true,"href":"https:\/\/poble-espanyol.com\/de\/wp-json\/wp\/v2\/comments?post=258998"}],"version-history":[{"count":1,"href":"https:\/\/poble-espanyol.com\/de\/wp-json\/wp\/v2\/edifici\/258998\/revisions"}],"predecessor-version":[{"id":259073,"href":"https:\/\/poble-espanyol.com\/de\/wp-json\/wp\/v2\/edifici\/258998\/revisions\/259073"}],"wp:featuredmedia":[{"embeddable":true,"href":"https:\/\/poble-espanyol.com\/de\/wp-json\/wp\/v2\/media\/109077"}],"wp:attachment":[{"href":"https:\/\/poble-espanyol.com\/de\/wp-json\/wp\/v2\/media?parent=258998"}],"wp:term":[{"taxonomy":"categories-edifici-poble","embeddable":true,"href":"https:\/\/poble-espanyol.com\/de\/wp-json\/wp\/v2\/categories-edifici-poble?post=258998"}],"curies":[{"name":"wp","href":"https:\/\/api.w.org\/{rel}","templated":true}]}}