{"id":259015,"date":"2025-07-08T11:51:49","date_gmt":"2025-07-08T09:51:49","guid":{"rendered":"https:\/\/poble-espanyol.com\/edificio\/cambados\/"},"modified":"2025-07-08T12:07:28","modified_gmt":"2025-07-08T10:07:28","slug":"cambados","status":"publish","type":"edifici","link":"https:\/\/poble-espanyol.com\/de\/edificio\/cambados\/","title":{"rendered":"Cambados"},"content":{"rendered":"","protected":false},"excerpt":{"rendered":"<p>Cambados ist eine Gemeinde in der Provinz Pontevedra der Region Galicien. Sie gilt als Hauptstadt des Weines Albari\u00f1o und ist Ausgangspunkt einer Weinstra\u00dfe. Diese besteht aus 22 Kellereien, die zur Ursprungsbezeichnung R\u00edas Baixas geh\u00f6ren.<br \/>\nDie wichtigsten Sehensw\u00fcrdigkeiten sind die Casa hist\u00f3rica de Cambados, die Plaza de Fefi\u00f1\u00e1ns, der Turm San Sadurnino sowie der Aussichtspunkt A Pastora und Guimatur.<\/p>\n","protected":false},"author":4,"featured_media":107686,"comment_status":"open","ping_status":"closed","template":"","meta":{"_acf_changed":false,"footnotes":""},"categories-edifici-poble":[15863],"class_list":["post-259015","edifici","type-edifici","status-publish","has-post-thumbnail","hentry","categories-edifici-poble-norden"],"acf":{"nom_edifici":"Cambados","titol_previ":"Cambados (Cambados, Pontevedra)","text_introductori":"Cambados ist eine Gemeinde in der Provinz Pontevedra der Region Galicien. Sie gilt als Hauptstadt des Weines Albari\u00f1o und ist Ausgangspunkt einer Weinstra\u00dfe. Diese besteht aus 22 Kellereien, die zur Ursprungsbezeichnung R\u00edas Baixas geh\u00f6ren.\r\nDie wichtigsten Sehensw\u00fcrdigkeiten sind die Casa hist\u00f3rica de Cambados, die Plaza de Fefi\u00f1\u00e1ns, der Turm San Sadurnino sowie der Aussichtspunkt A Pastora und Guimatur.","fotos_adicionals":"","titular_segona_explicacio":"","text_posterior_segona_explicacio":"","text_previ_segona_explicacio":"","text_detall_segona_explicacio":"","seccions_edifici":null,"ubicacio":{"address":"Av. Francesc Ferrer i Gu\u00e0rdia, 13, 08038 Barcelona, Espa\u00f1a","lat":41.36843252767158,"lng":2.1476833656413907,"zoom":19,"place_id":"ChIJ4Zc7_naipBIRlW_H3f1GWo8","street_number":13,"street_name":"Avinguda Francesc Ferrer i Gu\u00e0rdia","street_name_short":"Av. Francesc Ferrer i Gu\u00e0rdia","city":"Barcelona","state":"Catalunya","state_short":"CT","post_code":8038,"country":"Espa\u00f1a","country_short":"ES"}},"_links":{"self":[{"href":"https:\/\/poble-espanyol.com\/de\/wp-json\/wp\/v2\/edifici\/259015","targetHints":{"allow":["GET"]}}],"collection":[{"href":"https:\/\/poble-espanyol.com\/de\/wp-json\/wp\/v2\/edifici"}],"about":[{"href":"https:\/\/poble-espanyol.com\/de\/wp-json\/wp\/v2\/types\/edifici"}],"author":[{"embeddable":true,"href":"https:\/\/poble-espanyol.com\/de\/wp-json\/wp\/v2\/users\/4"}],"replies":[{"embeddable":true,"href":"https:\/\/poble-espanyol.com\/de\/wp-json\/wp\/v2\/comments?post=259015"}],"version-history":[{"count":1,"href":"https:\/\/poble-espanyol.com\/de\/wp-json\/wp\/v2\/edifici\/259015\/revisions"}],"predecessor-version":[{"id":259057,"href":"https:\/\/poble-espanyol.com\/de\/wp-json\/wp\/v2\/edifici\/259015\/revisions\/259057"}],"wp:featuredmedia":[{"embeddable":true,"href":"https:\/\/poble-espanyol.com\/de\/wp-json\/wp\/v2\/media\/107686"}],"wp:attachment":[{"href":"https:\/\/poble-espanyol.com\/de\/wp-json\/wp\/v2\/media?parent=259015"}],"wp:term":[{"taxonomy":"categories-edifici-poble","embeddable":true,"href":"https:\/\/poble-espanyol.com\/de\/wp-json\/wp\/v2\/categories-edifici-poble?post=259015"}],"curies":[{"name":"wp","href":"https:\/\/api.w.org\/{rel}","templated":true}]}}