{"id":259017,"date":"2025-07-08T11:54:06","date_gmt":"2025-07-08T09:54:06","guid":{"rendered":"https:\/\/poble-espanyol.com\/edificio\/can-banus\/"},"modified":"2025-07-08T12:12:24","modified_gmt":"2025-07-08T10:12:24","slug":"can-banus","status":"publish","type":"edifici","link":"https:\/\/poble-espanyol.com\/de\/edificio\/can-banus\/","title":{"rendered":"Can Ban\u00fas"},"content":{"rendered":"","protected":false},"excerpt":{"rendered":"<p>Das Haus Can Ban\u00fas befindet sich im Dorf Rupit i Pruit und ist im Verzeichnis des architektonischen Kulturerbes von Katalonien eingetragen.<br \/>\nDas auf einem Felsen stehende Geb\u00e4ude besteht aus Naturstein mit auskragenden Steinmetzarbeiten.<br \/>\nDie Bedeutung des Hauses ergibt sich aus seiner architektonischen \u00c4sthetik und durch das Geb\u00e4udeensemble, zu dem es geh\u00f6rt. <\/p>\n","protected":false},"author":7,"featured_media":107983,"comment_status":"open","ping_status":"closed","template":"","meta":{"_acf_changed":false,"footnotes":""},"categories-edifici-poble":[15877],"class_list":["post-259017","edifici","type-edifici","status-publish","has-post-thumbnail","hentry","categories-edifici-poble-mediterran"],"acf":{"nom_edifici":"Can Ban\u00fas","titol_previ":"Can Ban\u00fas (Rupit, Barcelona)","text_introductori":"Das Haus Can Ban\u00fas befindet sich im Dorf Rupit i Pruit und ist im Verzeichnis des architektonischen Kulturerbes von Katalonien eingetragen.\r\nDas auf einem Felsen stehende Geb\u00e4ude besteht aus Naturstein mit auskragenden Steinmetzarbeiten.\r\nDie Bedeutung des Hauses ergibt sich aus seiner architektonischen \u00c4sthetik und durch das Geb\u00e4udeensemble, zu dem es geh\u00f6rt.","fotos_adicionals":"","titular_segona_explicacio":"","text_posterior_segona_explicacio":"","text_previ_segona_explicacio":"","text_detall_segona_explicacio":"","seccions_edifici":null,"ubicacio":{"address":"Av. Francesc Ferrer i Gu\u00e0rdia, 13, 08038 Barcelona, Espa\u00f1a","lat":41.368693763458324,"lng":2.1486326160079816,"zoom":19,"place_id":"ChIJCzqCsneipBIRYX7hn48xvoM","street_number":13,"street_name":"Avinguda Francesc Ferrer i Gu\u00e0rdia","street_name_short":"Av. Francesc Ferrer i Gu\u00e0rdia","city":"Barcelona","state":"Catalunya","state_short":"CT","post_code":8038,"country":"Espa\u00f1a","country_short":"ES"}},"_links":{"self":[{"href":"https:\/\/poble-espanyol.com\/de\/wp-json\/wp\/v2\/edifici\/259017","targetHints":{"allow":["GET"]}}],"collection":[{"href":"https:\/\/poble-espanyol.com\/de\/wp-json\/wp\/v2\/edifici"}],"about":[{"href":"https:\/\/poble-espanyol.com\/de\/wp-json\/wp\/v2\/types\/edifici"}],"author":[{"embeddable":true,"href":"https:\/\/poble-espanyol.com\/de\/wp-json\/wp\/v2\/users\/7"}],"replies":[{"embeddable":true,"href":"https:\/\/poble-espanyol.com\/de\/wp-json\/wp\/v2\/comments?post=259017"}],"version-history":[{"count":1,"href":"https:\/\/poble-espanyol.com\/de\/wp-json\/wp\/v2\/edifici\/259017\/revisions"}],"predecessor-version":[{"id":259063,"href":"https:\/\/poble-espanyol.com\/de\/wp-json\/wp\/v2\/edifici\/259017\/revisions\/259063"}],"wp:featuredmedia":[{"embeddable":true,"href":"https:\/\/poble-espanyol.com\/de\/wp-json\/wp\/v2\/media\/107983"}],"wp:attachment":[{"href":"https:\/\/poble-espanyol.com\/de\/wp-json\/wp\/v2\/media?parent=259017"}],"wp:term":[{"taxonomy":"categories-edifici-poble","embeddable":true,"href":"https:\/\/poble-espanyol.com\/de\/wp-json\/wp\/v2\/categories-edifici-poble?post=259017"}],"curies":[{"name":"wp","href":"https:\/\/api.w.org\/{rel}","templated":true}]}}