{"id":259039,"date":"2025-07-08T12:01:39","date_gmt":"2025-07-08T10:01:39","guid":{"rendered":"https:\/\/poble-espanyol.com\/edificio\/rathaus-von-la-fresneda\/"},"modified":"2025-07-08T12:27:25","modified_gmt":"2025-07-08T10:27:25","slug":"rathaus-von-la-fresneda","status":"publish","type":"edifici","link":"https:\/\/poble-espanyol.com\/de\/edificio\/rathaus-von-la-fresneda\/","title":{"rendered":"Rathaus von La Fresneda"},"content":{"rendered":"","protected":false},"excerpt":{"rendered":"<p>Das Rathaus von La Fresneda ist ein herrliches Beispiel f\u00fcr die typische Architektur dieser Geb\u00e4ude im Landkreis Bajo Arag\u00f3n. Das gegen Ende des 16. Jahrhunderts errichtete Bauwerk enth\u00e4lt Elemente der Gotik und der Renaissance. Im Jahr 2002 wurde es zum Kulturgut erkl\u00e4rt.<br \/>\nDas Geb\u00e4ude umfasst drei Geschosse und weist drei recht unterschiedliche Fassaden auf. Die Hauptfassade ist der Renaissance zuzuordnen, w\u00e4hrend die Seitenfassade aus der Sp\u00e4tgotik stammt.  <\/p>\n","protected":false},"author":7,"featured_media":108898,"comment_status":"open","ping_status":"closed","template":"","meta":{"_acf_changed":false,"footnotes":""},"categories-edifici-poble":[15869],"class_list":["post-259039","edifici","type-edifici","status-publish","has-post-thumbnail","hentry","categories-edifici-poble-zentrum"],"acf":{"nom_edifici":"Rathaus von La Fresneda","titol_previ":"Rathaus von La Fresneda (La Fresneda, Teruel)","text_introductori":"Das Rathaus von La Fresneda ist ein herrliches Beispiel f\u00fcr die typische Architektur dieser Geb\u00e4ude im Landkreis Bajo Arag\u00f3n. Das gegen Ende des 16. Jahrhunderts errichtete Bauwerk enth\u00e4lt Elemente der Gotik und der Renaissance. Im Jahr 2002 wurde es zum Kulturgut erkl\u00e4rt.\r\nDas Geb\u00e4ude umfasst drei Geschosse und weist drei recht unterschiedliche Fassaden auf. Die Hauptfassade ist der Renaissance zuzuordnen, w\u00e4hrend die Seitenfassade aus der Sp\u00e4tgotik stammt.","fotos_adicionals":"","titular_segona_explicacio":"","text_posterior_segona_explicacio":"","text_previ_segona_explicacio":"","text_detall_segona_explicacio":"","seccions_edifici":null,"ubicacio":{"address":"Av. Francesc Ferrer i Gu\u00e0rdia, 13, 08038 Barcelona, Espa\u00f1a","lat":41.36884875838772,"lng":2.146551221812425,"zoom":19,"place_id":"ChIJGRRzs3eipBIR0KMCZO3SDxQ","street_number":13,"street_name":"Avinguda Francesc Ferrer i Gu\u00e0rdia","street_name_short":"Av. Francesc Ferrer i Gu\u00e0rdia","city":"Barcelona","state":"Catalunya","state_short":"CT","post_code":8038,"country":"Espa\u00f1a","country_short":"ES"}},"_links":{"self":[{"href":"https:\/\/poble-espanyol.com\/de\/wp-json\/wp\/v2\/edifici\/259039","targetHints":{"allow":["GET"]}}],"collection":[{"href":"https:\/\/poble-espanyol.com\/de\/wp-json\/wp\/v2\/edifici"}],"about":[{"href":"https:\/\/poble-espanyol.com\/de\/wp-json\/wp\/v2\/types\/edifici"}],"author":[{"embeddable":true,"href":"https:\/\/poble-espanyol.com\/de\/wp-json\/wp\/v2\/users\/7"}],"replies":[{"embeddable":true,"href":"https:\/\/poble-espanyol.com\/de\/wp-json\/wp\/v2\/comments?post=259039"}],"version-history":[{"count":1,"href":"https:\/\/poble-espanyol.com\/de\/wp-json\/wp\/v2\/edifici\/259039\/revisions"}],"predecessor-version":[{"id":259080,"href":"https:\/\/poble-espanyol.com\/de\/wp-json\/wp\/v2\/edifici\/259039\/revisions\/259080"}],"wp:featuredmedia":[{"embeddable":true,"href":"https:\/\/poble-espanyol.com\/de\/wp-json\/wp\/v2\/media\/108898"}],"wp:attachment":[{"href":"https:\/\/poble-espanyol.com\/de\/wp-json\/wp\/v2\/media?parent=259039"}],"wp:term":[{"taxonomy":"categories-edifici-poble","embeddable":true,"href":"https:\/\/poble-espanyol.com\/de\/wp-json\/wp\/v2\/categories-edifici-poble?post=259039"}],"curies":[{"name":"wp","href":"https:\/\/api.w.org\/{rel}","templated":true}]}}