{"id":259088,"date":"2025-07-08T12:37:02","date_gmt":"2025-07-08T10:37:02","guid":{"rendered":"https:\/\/poble-espanyol.com\/edificio\/casa-de-garcia-de-veas\/"},"modified":"2025-07-08T12:37:02","modified_gmt":"2025-07-08T10:37:02","slug":"casa-de-garcia-de-veas","status":"publish","type":"edifici","link":"https:\/\/poble-espanyol.com\/de\/edificio\/casa-de-garcia-de-veas\/","title":{"rendered":"Casa de Garc\u00eda de Veas"},"content":{"rendered":"","protected":false},"excerpt":{"rendered":"<p>Das Herrenhaus Garc\u00eda de Veas befindet sich am Platz Modesto G\u00f3mez im unteren Stadtviertel von Arcos de la Frontera.<br \/>\nAn der Geb\u00e4udefassade sind die Familiennamen Garc\u00eda, Veas, G\u00f3mez, Guerra, Sevillano, Lara und Ayllon dargestellt. Ein zentraler Innenhof dient zur Gliederung des Bauwerks.<br \/>\nDer Nachbau im Poble Espanyol zeigt die Fassade und die drei Balkone, von denen die beiden seitlichen mit K\u00e4figgitter und der mittlere mit einem schmiedeeisernen Gel\u00e4nder ausgestattet sind. <\/p>\n","protected":false},"author":2,"featured_media":106691,"comment_status":"open","ping_status":"closed","template":"","meta":{"_acf_changed":false,"footnotes":""},"categories-edifici-poble":[15893],"class_list":["post-259088","edifici","type-edifici","status-publish","has-post-thumbnail","hentry","categories-edifici-poble-suden"],"acf":{"nom_edifici":"Casa de Garc\u00eda de Veas","titol_previ":"Casa de Garc\u00eda de Veas (Arcos de la Frontera, C\u00e1diz)","text_introductori":"Das Herrenhaus Garc\u00eda de Veas befindet sich am Platz Modesto G\u00f3mez im unteren Stadtviertel von Arcos de la Frontera.\nAn der Geb\u00e4udefassade sind die Familiennamen Garc\u00eda, Veas, G\u00f3mez, Guerra, Sevillano, Lara und Ayllon dargestellt. Ein zentraler Innenhof dient zur Gliederung des Bauwerks.\nDer Nachbau im Poble Espanyol zeigt die Fassade und die drei Balkone, von denen die beiden seitlichen mit K\u00e4figgitter und der mittlere mit einem schmiedeeisernen Gel\u00e4nder ausgestattet sind. \n","fotos_adicionals":"","titular_segona_explicacio":"","text_posterior_segona_explicacio":"","text_previ_segona_explicacio":"","text_detall_segona_explicacio":"","seccions_edifici":null,"ubicacio":{"address":"Av. dels Montanyans, 23, 08038 Barcelona, Espa\u00f1a","lat":41.368665582522418,"lng":2.1492012443191388,"zoom":19,"place_id":"ChIJhRh61HaipBIR4kiVOh1uKWI","street_number":23,"street_name":"Avinguda dels Montanyans","street_name_short":"Av. dels Montanyans","city":"Barcelona","state":"Catalunya","state_short":"CT","post_code":8038,"country":"Espa\u00f1a","country_short":"ES"}},"_links":{"self":[{"href":"https:\/\/poble-espanyol.com\/de\/wp-json\/wp\/v2\/edifici\/259088","targetHints":{"allow":["GET"]}}],"collection":[{"href":"https:\/\/poble-espanyol.com\/de\/wp-json\/wp\/v2\/edifici"}],"about":[{"href":"https:\/\/poble-espanyol.com\/de\/wp-json\/wp\/v2\/types\/edifici"}],"author":[{"embeddable":true,"href":"https:\/\/poble-espanyol.com\/de\/wp-json\/wp\/v2\/users\/2"}],"replies":[{"embeddable":true,"href":"https:\/\/poble-espanyol.com\/de\/wp-json\/wp\/v2\/comments?post=259088"}],"version-history":[{"count":0,"href":"https:\/\/poble-espanyol.com\/de\/wp-json\/wp\/v2\/edifici\/259088\/revisions"}],"wp:featuredmedia":[{"embeddable":true,"href":"https:\/\/poble-espanyol.com\/de\/wp-json\/wp\/v2\/media\/106691"}],"wp:attachment":[{"href":"https:\/\/poble-espanyol.com\/de\/wp-json\/wp\/v2\/media?parent=259088"}],"wp:term":[{"taxonomy":"categories-edifici-poble","embeddable":true,"href":"https:\/\/poble-espanyol.com\/de\/wp-json\/wp\/v2\/categories-edifici-poble?post=259088"}],"curies":[{"name":"wp","href":"https:\/\/api.w.org\/{rel}","templated":true}]}}