{"id":259095,"date":"2025-07-08T12:41:57","date_gmt":"2025-07-08T10:41:57","guid":{"rendered":"https:\/\/poble-espanyol.com\/edificio\/casa-de-la-torre\/"},"modified":"2025-07-08T12:41:57","modified_gmt":"2025-07-08T10:41:57","slug":"casa-de-la-torre","status":"publish","type":"edifici","link":"https:\/\/poble-espanyol.com\/de\/edificio\/casa-de-la-torre\/","title":{"rendered":"Casa de la Torre"},"content":{"rendered":"","protected":false},"excerpt":{"rendered":"<p>Die Casa de la Torre ist das \u00e4lteste Herrenhaus in Ayll\u00f3n.<br \/>\nDer Ort Ayll\u00f3n befindet sich im Nordosten von Segovia. Dank seiner stattlichen Geb\u00e4ude und H\u00e4user in traditioneller Architektur wurde er zum nationalen kunsthistorischen Denkmal erkl\u00e4rt. Dar\u00fcber hinaus erhielt er den ersten Preis f\u00fcr Ortsversch\u00f6nerung und den ersten nationalen Preis 1974.<br \/>\nDer mittelalterliche Ort wurde von zahlreichen K\u00f6nigen besucht, darunter Alfons VI., Alfons VII., Alfons VIII. und Ferdinand III.   <\/p>\n","protected":false},"author":7,"featured_media":108974,"comment_status":"open","ping_status":"closed","template":"","meta":{"_acf_changed":false,"footnotes":""},"categories-edifici-poble":[15869],"class_list":["post-259095","edifici","type-edifici","status-publish","has-post-thumbnail","hentry","categories-edifici-poble-zentrum"],"acf":{"nom_edifici":"Casa de la Torre","titol_previ":"Casa de la Torre (Ayll\u00f3n, Segovia)","text_introductori":"Die Casa de la Torre ist das \u00e4lteste Herrenhaus in Ayll\u00f3n.\nDer Ort Ayll\u00f3n befindet sich im Nordosten von Segovia. Dank seiner stattlichen Geb\u00e4ude und H\u00e4user in traditioneller Architektur wurde er zum nationalen kunsthistorischen Denkmal erkl\u00e4rt. Dar\u00fcber hinaus erhielt er den ersten Preis f\u00fcr Ortsversch\u00f6nerung und den ersten nationalen Preis 1974.\nDer mittelalterliche Ort wurde von zahlreichen K\u00f6nigen besucht, darunter Alfons VI., Alfons VII., Alfons VIII. und Ferdinand III.   \n\n","fotos_adicionals":"","titular_segona_explicacio":"","text_posterior_segona_explicacio":"","text_previ_segona_explicacio":"","text_detall_segona_explicacio":"","seccions_edifici":null,"ubicacio":{"address":"Av. Francesc Ferrer i Gu\u00e0rdia, 13, 08038 Barcelona, Espa\u00f1a","lat":41.369159960641944,"lng":2.1470546722412109,"zoom":19,"place_id":"ChIJ1UrgrneipBIRJNIRH7aerco","street_number":13,"street_name":"Avinguda Francesc Ferrer i Gu\u00e0rdia","street_name_short":"Av. Francesc Ferrer i Gu\u00e0rdia","city":"Barcelona","state":"Catalunya","state_short":"CT","post_code":8038,"country":"Espa\u00f1a","country_short":"ES"}},"_links":{"self":[{"href":"https:\/\/poble-espanyol.com\/de\/wp-json\/wp\/v2\/edifici\/259095","targetHints":{"allow":["GET"]}}],"collection":[{"href":"https:\/\/poble-espanyol.com\/de\/wp-json\/wp\/v2\/edifici"}],"about":[{"href":"https:\/\/poble-espanyol.com\/de\/wp-json\/wp\/v2\/types\/edifici"}],"author":[{"embeddable":true,"href":"https:\/\/poble-espanyol.com\/de\/wp-json\/wp\/v2\/users\/7"}],"replies":[{"embeddable":true,"href":"https:\/\/poble-espanyol.com\/de\/wp-json\/wp\/v2\/comments?post=259095"}],"version-history":[{"count":0,"href":"https:\/\/poble-espanyol.com\/de\/wp-json\/wp\/v2\/edifici\/259095\/revisions"}],"wp:featuredmedia":[{"embeddable":true,"href":"https:\/\/poble-espanyol.com\/de\/wp-json\/wp\/v2\/media\/108974"}],"wp:attachment":[{"href":"https:\/\/poble-espanyol.com\/de\/wp-json\/wp\/v2\/media?parent=259095"}],"wp:term":[{"taxonomy":"categories-edifici-poble","embeddable":true,"href":"https:\/\/poble-espanyol.com\/de\/wp-json\/wp\/v2\/categories-edifici-poble?post=259095"}],"curies":[{"name":"wp","href":"https:\/\/api.w.org\/{rel}","templated":true}]}}