{"id":259105,"date":"2025-07-08T12:48:31","date_gmt":"2025-07-08T10:48:31","guid":{"rendered":"https:\/\/poble-espanyol.com\/edificio\/casa-de-los-almaraz\/"},"modified":"2025-07-09T10:00:07","modified_gmt":"2025-07-09T08:00:07","slug":"casa-de-los-almaraz","status":"publish","type":"edifici","link":"https:\/\/poble-espanyol.com\/de\/edificio\/casa-de-los-almaraz\/","title":{"rendered":"Casa de los Almaraz"},"content":{"rendered":"","protected":false},"excerpt":{"rendered":"<p>Die Casa de los Almaraz entstand im ausgehenden 17. Jahrhundert und ist auch als Casa de los Grijalva bekannt. Das Haus befindet sich in der Stra\u00dfe Berrozana in der Altstadt von Plasencia.<br \/>\nBesonders hervorzuheben ist die Fassade im Herrera-Stil mit klassischen S\u00e4ulenordnungen und dem Familienwappen im oberen Teil \u00fcber einem gro\u00dfen Balkon mit zwei S\u00e4ulen im ionischen Stil.<\/p>\n","protected":false},"author":7,"featured_media":259309,"comment_status":"open","ping_status":"closed","template":"","meta":{"_acf_changed":false,"footnotes":""},"categories-edifici-poble":[15869],"class_list":["post-259105","edifici","type-edifici","status-publish","has-post-thumbnail","hentry","categories-edifici-poble-zentrum"],"acf":{"nom_edifici":"Casa de los Almaraz ","titol_previ":"Casa de los Almaraz (Plasencia, C\u00e1ceres)","text_introductori":"Die Casa de los Almaraz entstand im ausgehenden 17. Jahrhundert und ist auch als Casa de los Grijalva bekannt. Das Haus befindet sich in der Stra\u00dfe Berrozana in der Altstadt von Plasencia. \r\nBesonders hervorzuheben ist die Fassade im Herrera-Stil mit klassischen S\u00e4ulenordnungen und dem Familienwappen im oberen Teil \u00fcber einem gro\u00dfen Balkon mit zwei S\u00e4ulen im ionischen Stil.\r\n\r\n","fotos_adicionals":"","titular_segona_explicacio":"","text_posterior_segona_explicacio":"","text_previ_segona_explicacio":"","text_detall_segona_explicacio":"","seccions_edifici":null,"ubicacio":{"address":"Av. Francesc Ferrer i Gu\u00e0rdia, 13, 08038 Barcelona, Espa\u00f1a","lat":41.368893042585491,"lng":2.1463741960174421,"zoom":19,"place_id":"ChIJtZ4NtHeipBIRIOs-BhCX0tQ","street_number":13,"street_name":"Avinguda Francesc Ferrer i Gu\u00e0rdia","street_name_short":"Av. Francesc Ferrer i Gu\u00e0rdia","city":"Barcelona","state":"Catalunya","state_short":"CT","post_code":8038,"country":"Espa\u00f1a","country_short":"ES"}},"_links":{"self":[{"href":"https:\/\/poble-espanyol.com\/de\/wp-json\/wp\/v2\/edifici\/259105","targetHints":{"allow":["GET"]}}],"collection":[{"href":"https:\/\/poble-espanyol.com\/de\/wp-json\/wp\/v2\/edifici"}],"about":[{"href":"https:\/\/poble-espanyol.com\/de\/wp-json\/wp\/v2\/types\/edifici"}],"author":[{"embeddable":true,"href":"https:\/\/poble-espanyol.com\/de\/wp-json\/wp\/v2\/users\/7"}],"replies":[{"embeddable":true,"href":"https:\/\/poble-espanyol.com\/de\/wp-json\/wp\/v2\/comments?post=259105"}],"version-history":[{"count":1,"href":"https:\/\/poble-espanyol.com\/de\/wp-json\/wp\/v2\/edifici\/259105\/revisions"}],"predecessor-version":[{"id":259317,"href":"https:\/\/poble-espanyol.com\/de\/wp-json\/wp\/v2\/edifici\/259105\/revisions\/259317"}],"wp:featuredmedia":[{"embeddable":true,"href":"https:\/\/poble-espanyol.com\/de\/wp-json\/wp\/v2\/media\/259309"}],"wp:attachment":[{"href":"https:\/\/poble-espanyol.com\/de\/wp-json\/wp\/v2\/media?parent=259105"}],"wp:term":[{"taxonomy":"categories-edifici-poble","embeddable":true,"href":"https:\/\/poble-espanyol.com\/de\/wp-json\/wp\/v2\/categories-edifici-poble?post=259105"}],"curies":[{"name":"wp","href":"https:\/\/api.w.org\/{rel}","templated":true}]}}