{"id":259123,"date":"2025-07-08T12:57:04","date_gmt":"2025-07-08T10:57:04","guid":{"rendered":"https:\/\/poble-espanyol.com\/edificio\/casa-de-los-moreno\/"},"modified":"2025-07-08T12:57:04","modified_gmt":"2025-07-08T10:57:04","slug":"casa-de-los-moreno","status":"publish","type":"edifici","link":"https:\/\/poble-espanyol.com\/de\/edificio\/casa-de-los-moreno\/","title":{"rendered":"Casa de los Moreno"},"content":{"rendered":"","protected":false},"excerpt":{"rendered":"<p>Die Casa de los Moreno in Segovia wurde von Daniel Zuloaga im neoplateresken Stil entworfen.<br \/>\nGanz Segovia, Hauptstadt der gleichnamigen Provinz der autonomen Region Kastilien und Le\u00f3n, ist eine Art Freiluftmuseum, in dem verschiedene Techniken und Baustile aus dem 13. bis 21. Jahrhundert zu sehen sind. <\/p>\n","protected":false},"author":7,"featured_media":107638,"comment_status":"open","ping_status":"closed","template":"","meta":{"_acf_changed":false,"footnotes":""},"categories-edifici-poble":[15869],"class_list":["post-259123","edifici","type-edifici","status-publish","has-post-thumbnail","hentry","categories-edifici-poble-zentrum"],"acf":{"nom_edifici":"Casa de los Moreno","titol_previ":"Casa de los Moreno (Segovia)","text_introductori":"Die Casa de los Moreno in Segovia wurde von Daniel Zuloaga im neoplateresken Stil entworfen. \nGanz Segovia, Hauptstadt der gleichnamigen Provinz der autonomen Region Kastilien und Le\u00f3n, ist eine Art Freiluftmuseum, in dem verschiedene Techniken und Baustile aus dem 13. bis 21. Jahrhundert zu sehen sind. \n\n\n","fotos_adicionals":"","titular_segona_explicacio":"","text_posterior_segona_explicacio":"","text_previ_segona_explicacio":"","text_detall_segona_explicacio":"","seccions_edifici":null,"ubicacio":{"address":"Av. Francesc Ferrer i Gu\u00e0rdia, 13-27, 08038 Barcelona, Espa\u00f1a","lat":41.369005765861971,"lng":2.1473934354431012,"zoom":19,"place_id":"ChIJAWuOqXeipBIRZlw96ZGYjpQ","street_number":"13-27","street_name":"Avinguda Francesc Ferrer i Gu\u00e0rdia","street_name_short":"Av. Francesc Ferrer i Gu\u00e0rdia","city":"Barcelona","state":"Catalunya","state_short":"CT","post_code":8038,"country":"Espa\u00f1a","country_short":"ES"}},"_links":{"self":[{"href":"https:\/\/poble-espanyol.com\/de\/wp-json\/wp\/v2\/edifici\/259123","targetHints":{"allow":["GET"]}}],"collection":[{"href":"https:\/\/poble-espanyol.com\/de\/wp-json\/wp\/v2\/edifici"}],"about":[{"href":"https:\/\/poble-espanyol.com\/de\/wp-json\/wp\/v2\/types\/edifici"}],"author":[{"embeddable":true,"href":"https:\/\/poble-espanyol.com\/de\/wp-json\/wp\/v2\/users\/7"}],"replies":[{"embeddable":true,"href":"https:\/\/poble-espanyol.com\/de\/wp-json\/wp\/v2\/comments?post=259123"}],"version-history":[{"count":0,"href":"https:\/\/poble-espanyol.com\/de\/wp-json\/wp\/v2\/edifici\/259123\/revisions"}],"wp:featuredmedia":[{"embeddable":true,"href":"https:\/\/poble-espanyol.com\/de\/wp-json\/wp\/v2\/media\/107638"}],"wp:attachment":[{"href":"https:\/\/poble-espanyol.com\/de\/wp-json\/wp\/v2\/media?parent=259123"}],"wp:term":[{"taxonomy":"categories-edifici-poble","embeddable":true,"href":"https:\/\/poble-espanyol.com\/de\/wp-json\/wp\/v2\/categories-edifici-poble?post=259123"}],"curies":[{"name":"wp","href":"https:\/\/api.w.org\/{rel}","templated":true}]}}