{"id":259125,"date":"2025-07-08T15:14:48","date_gmt":"2025-07-08T13:14:48","guid":{"rendered":"https:\/\/poble-espanyol.com\/edificio\/casa-de-manuel-jimenez\/"},"modified":"2025-07-09T11:10:00","modified_gmt":"2025-07-09T09:10:00","slug":"casa-de-manuel-jimenez","status":"publish","type":"edifici","link":"https:\/\/poble-espanyol.com\/de\/edificio\/casa-de-manuel-jimenez\/","title":{"rendered":"Casa de Manuel Jim\u00e9nez"},"content":{"rendered":"","protected":false},"excerpt":{"rendered":"<p>Die Casa de Manuel Jim\u00e9nez, benannt nach einem mexikanischen K\u00fcnstler (Holzschnitzer, Bildhauer und Maler), befindet sich in Molinos de Duero der Provinz Soria.<br \/>\nDieses Geb\u00e4ude wird zu einem der R\u00e4ume eines gro\u00dfen Museums umgestaltet, in dem mehrere seiner Werke ausgestellt werden.<\/p>\n","protected":false},"author":7,"featured_media":107716,"comment_status":"open","ping_status":"closed","template":"","meta":{"_acf_changed":false,"footnotes":""},"categories-edifici-poble":[15869],"class_list":["post-259125","edifici","type-edifici","status-publish","has-post-thumbnail","hentry","categories-edifici-poble-zentrum"],"acf":{"nom_edifici":"Casa de Manuel Jim\u00e9nez","titol_previ":"Casa de Manuel Jim\u00e9nez (Molinos del Duero, Soria)","text_introductori":"Die Casa de Manuel Jim\u00e9nez, benannt nach einem mexikanischen K\u00fcnstler (Holzschnitzer, Bildhauer und Maler), befindet sich in Molinos de Duero der Provinz Soria.\r\nDieses Geb\u00e4ude wird zu einem der R\u00e4ume eines gro\u00dfen Museums umgestaltet, in dem mehrere seiner Werke ausgestellt werden.\r\n","fotos_adicionals":"","titular_segona_explicacio":"","text_posterior_segona_explicacio":"","text_previ_segona_explicacio":"","text_detall_segona_explicacio":"","seccions_edifici":null,"ubicacio":{"address":"Av. Francesc Ferrer i Gu\u00e0rdia, 13-27, 08038 Barcelona, Espa\u00f1a","lat":41.369046024127805,"lng":2.1475168170577863,"zoom":19,"place_id":"ChIJAWuOqXeipBIRZlw96ZGYjpQ","street_number":"13-27","street_name":"Avinguda Francesc Ferrer i Gu\u00e0rdia","street_name_short":"Av. Francesc Ferrer i Gu\u00e0rdia","city":"Barcelona","state":"Catalunya","state_short":"CT","post_code":8038,"country":"Espa\u00f1a","country_short":"ES"}},"_links":{"self":[{"href":"https:\/\/poble-espanyol.com\/de\/wp-json\/wp\/v2\/edifici\/259125","targetHints":{"allow":["GET"]}}],"collection":[{"href":"https:\/\/poble-espanyol.com\/de\/wp-json\/wp\/v2\/edifici"}],"about":[{"href":"https:\/\/poble-espanyol.com\/de\/wp-json\/wp\/v2\/types\/edifici"}],"author":[{"embeddable":true,"href":"https:\/\/poble-espanyol.com\/de\/wp-json\/wp\/v2\/users\/7"}],"replies":[{"embeddable":true,"href":"https:\/\/poble-espanyol.com\/de\/wp-json\/wp\/v2\/comments?post=259125"}],"version-history":[{"count":1,"href":"https:\/\/poble-espanyol.com\/de\/wp-json\/wp\/v2\/edifici\/259125\/revisions"}],"predecessor-version":[{"id":259365,"href":"https:\/\/poble-espanyol.com\/de\/wp-json\/wp\/v2\/edifici\/259125\/revisions\/259365"}],"wp:featuredmedia":[{"embeddable":true,"href":"https:\/\/poble-espanyol.com\/de\/wp-json\/wp\/v2\/media\/107716"}],"wp:attachment":[{"href":"https:\/\/poble-espanyol.com\/de\/wp-json\/wp\/v2\/media?parent=259125"}],"wp:term":[{"taxonomy":"categories-edifici-poble","embeddable":true,"href":"https:\/\/poble-espanyol.com\/de\/wp-json\/wp\/v2\/categories-edifici-poble?post=259125"}],"curies":[{"name":"wp","href":"https:\/\/api.w.org\/{rel}","templated":true}]}}