{"id":259127,"date":"2025-07-08T15:15:44","date_gmt":"2025-07-08T13:15:44","guid":{"rendered":"https:\/\/poble-espanyol.com\/edificio\/casa-de-ninca\/"},"modified":"2025-07-09T11:10:47","modified_gmt":"2025-07-09T09:10:47","slug":"casa-de-ninca","status":"publish","type":"edifici","link":"https:\/\/poble-espanyol.com\/de\/edificio\/casa-de-ninca\/","title":{"rendered":"Casa de N\u00ednca"},"content":{"rendered":"","protected":false},"excerpt":{"rendered":"<p>\u00dabeda ist eine Kleinstadt in der Provinz Ja\u00e9n, die 2003 zum Weltkulturerbe erkl\u00e4rt wurde.<br \/>\nDie Casa de N\u00ednca wird heute Casa de los Padilla genannt und befindet sich in der Stra\u00dfe Padilla von \u00dabeda.<br \/>\nIm Poble Espanyol steht das Haus an der Plaza de la Hermandad, die einem typischen andalusischen Platz nachempfunden ist. <\/p>\n","protected":false},"author":7,"featured_media":107699,"comment_status":"open","ping_status":"closed","template":"","meta":{"_acf_changed":false,"footnotes":""},"categories-edifici-poble":[15893],"class_list":["post-259127","edifici","type-edifici","status-publish","has-post-thumbnail","hentry","categories-edifici-poble-suden"],"acf":{"nom_edifici":"Casa de N\u00ednca","titol_previ":"Casa de N\u00ednca (\u00dabeda, Ja\u00e9n)","text_introductori":"\u00dabeda ist eine Kleinstadt in der Provinz Ja\u00e9n, die 2003 zum Weltkulturerbe erkl\u00e4rt wurde. \r\nDie Casa de N\u00ednca wird heute Casa de los Padilla genannt und befindet sich in der Stra\u00dfe Padilla von \u00dabeda. \r\nIm Poble Espanyol steht das Haus an der Plaza de la Hermandad, die einem typischen andalusischen Platz nachempfunden ist. \r\n","fotos_adicionals":"","titular_segona_explicacio":"","text_posterior_segona_explicacio":"","text_previ_segona_explicacio":"","text_detall_segona_explicacio":"","seccions_edifici":null,"ubicacio":{"address":"Av. Francesc Ferrer i Gu\u00e0rdia, 13, 08038 Barcelona, Espa\u00f1a","lat":41.368673634219924,"lng":2.1491073670036176,"zoom":19,"place_id":"ChIJ6S8pIHeipBIRry9X58Mz-8E","street_number":13,"street_name":"Avinguda Francesc Ferrer i Gu\u00e0rdia","street_name_short":"Av. Francesc Ferrer i Gu\u00e0rdia","city":"Barcelona","state":"Catalunya","state_short":"CT","post_code":8038,"country":"Espa\u00f1a","country_short":"ES"}},"_links":{"self":[{"href":"https:\/\/poble-espanyol.com\/de\/wp-json\/wp\/v2\/edifici\/259127","targetHints":{"allow":["GET"]}}],"collection":[{"href":"https:\/\/poble-espanyol.com\/de\/wp-json\/wp\/v2\/edifici"}],"about":[{"href":"https:\/\/poble-espanyol.com\/de\/wp-json\/wp\/v2\/types\/edifici"}],"author":[{"embeddable":true,"href":"https:\/\/poble-espanyol.com\/de\/wp-json\/wp\/v2\/users\/7"}],"replies":[{"embeddable":true,"href":"https:\/\/poble-espanyol.com\/de\/wp-json\/wp\/v2\/comments?post=259127"}],"version-history":[{"count":1,"href":"https:\/\/poble-espanyol.com\/de\/wp-json\/wp\/v2\/edifici\/259127\/revisions"}],"predecessor-version":[{"id":259366,"href":"https:\/\/poble-espanyol.com\/de\/wp-json\/wp\/v2\/edifici\/259127\/revisions\/259366"}],"wp:featuredmedia":[{"embeddable":true,"href":"https:\/\/poble-espanyol.com\/de\/wp-json\/wp\/v2\/media\/107699"}],"wp:attachment":[{"href":"https:\/\/poble-espanyol.com\/de\/wp-json\/wp\/v2\/media?parent=259127"}],"wp:term":[{"taxonomy":"categories-edifici-poble","embeddable":true,"href":"https:\/\/poble-espanyol.com\/de\/wp-json\/wp\/v2\/categories-edifici-poble?post=259127"}],"curies":[{"name":"wp","href":"https:\/\/api.w.org\/{rel}","templated":true}]}}