{"id":259139,"date":"2025-07-08T15:22:24","date_gmt":"2025-07-08T13:22:24","guid":{"rendered":"https:\/\/poble-espanyol.com\/edificio\/casa-del-marques-de-la-floresta\/"},"modified":"2025-07-09T10:59:19","modified_gmt":"2025-07-09T08:59:19","slug":"casa-del-marques-de-la-floresta","status":"publish","type":"edifici","link":"https:\/\/poble-espanyol.com\/de\/edificio\/casa-del-marques-de-la-floresta\/","title":{"rendered":"Casa del Marqu\u00e9s de la Floresta"},"content":{"rendered":"","protected":false},"excerpt":{"rendered":"<p>Die Casa del Marqu\u00e9s de la Floresta in der Stadt T\u00e0rrega wurde im 13. Jahrhundert von der Familie Ard\u00e9vol errichtet. Es gilt als herausragendes Beispiel eines romanischen Profanbaus in Katalonien.<br \/>\nDas Geb\u00e4ude sollte urspr\u00fcnglich als Hospital dienen, im 17. Jahrhundert ging es jedoch in das Eigentum von Markgrafen und ihrer Familien \u00fcber. 1940 wurde das Haus abgerissen und die Steine wurden im Friedhof der Stadt aufbewahrt.<br \/>\nIm Jahr 1955 \u00fcberlie\u00df die Stadtverwaltung die Fassadenreste dem Sozialversicherungstr\u00e4ger Mutua Patronal de T\u00e1rrega, der das Geb\u00e4ude am urspr\u00fcnglichen Standort des Palais in der Stra\u00dfe Carme wiedererrichtete. <\/p>\n","protected":false},"author":7,"featured_media":107784,"comment_status":"open","ping_status":"closed","template":"","meta":{"_acf_changed":false,"footnotes":""},"categories-edifici-poble":[15877],"class_list":["post-259139","edifici","type-edifici","status-publish","has-post-thumbnail","hentry","categories-edifici-poble-mediterran"],"acf":{"nom_edifici":"Casa del Marqu\u00e9s de la Floresta ","titol_previ":"Casa del Marqu\u00e9s de la Floresta (T\u00e0rrega, Lleida)","text_introductori":"Die Casa del Marqu\u00e9s de la Floresta in der Stadt T\u00e0rrega wurde im 13. Jahrhundert von der Familie Ard\u00e9vol errichtet. Es gilt als herausragendes Beispiel eines romanischen Profanbaus in Katalonien.  \r\nDas Geb\u00e4ude sollte urspr\u00fcnglich als Hospital dienen, im 17. Jahrhundert ging es jedoch in das Eigentum von Markgrafen und ihrer Familien \u00fcber. 1940 wurde das Haus abgerissen und die Steine wurden im Friedhof der Stadt aufbewahrt.  \r\nIm Jahr 1955 \u00fcberlie\u00df die Stadtverwaltung die Fassadenreste dem Sozialversicherungstr\u00e4ger Mutua Patronal de T\u00e1rrega, der das Geb\u00e4ude am urspr\u00fcnglichen Standort des Palais in der Stra\u00dfe Carme wiedererrichtete. \r\n","fotos_adicionals":"","titular_segona_explicacio":"","text_posterior_segona_explicacio":"","text_previ_segona_explicacio":"","text_detall_segona_explicacio":"","seccions_edifici":null,"ubicacio":{"address":"Av. Francesc Ferrer i Gu\u00e0rdia, 13-27, 08038 Barcelona, Espa\u00f1a","lat":41.369027907911438,"lng":2.1494265498763898,"zoom":19,"place_id":"ChIJn8soKXeipBIRTblmETJVvy4","street_number":"13-27","street_name":"Avinguda Francesc Ferrer i Gu\u00e0rdia","street_name_short":"Av. Francesc Ferrer i Gu\u00e0rdia","city":"Barcelona","state":"Catalunya","state_short":"CT","post_code":8038,"country":"Espa\u00f1a","country_short":"ES"}},"_links":{"self":[{"href":"https:\/\/poble-espanyol.com\/de\/wp-json\/wp\/v2\/edifici\/259139","targetHints":{"allow":["GET"]}}],"collection":[{"href":"https:\/\/poble-espanyol.com\/de\/wp-json\/wp\/v2\/edifici"}],"about":[{"href":"https:\/\/poble-espanyol.com\/de\/wp-json\/wp\/v2\/types\/edifici"}],"author":[{"embeddable":true,"href":"https:\/\/poble-espanyol.com\/de\/wp-json\/wp\/v2\/users\/7"}],"replies":[{"embeddable":true,"href":"https:\/\/poble-espanyol.com\/de\/wp-json\/wp\/v2\/comments?post=259139"}],"version-history":[{"count":1,"href":"https:\/\/poble-espanyol.com\/de\/wp-json\/wp\/v2\/edifici\/259139\/revisions"}],"predecessor-version":[{"id":259355,"href":"https:\/\/poble-espanyol.com\/de\/wp-json\/wp\/v2\/edifici\/259139\/revisions\/259355"}],"wp:featuredmedia":[{"embeddable":true,"href":"https:\/\/poble-espanyol.com\/de\/wp-json\/wp\/v2\/media\/107784"}],"wp:attachment":[{"href":"https:\/\/poble-espanyol.com\/de\/wp-json\/wp\/v2\/media?parent=259139"}],"wp:term":[{"taxonomy":"categories-edifici-poble","embeddable":true,"href":"https:\/\/poble-espanyol.com\/de\/wp-json\/wp\/v2\/categories-edifici-poble?post=259139"}],"curies":[{"name":"wp","href":"https:\/\/api.w.org\/{rel}","templated":true}]}}