{"id":259145,"date":"2025-07-08T15:24:28","date_gmt":"2025-07-08T13:24:28","guid":{"rendered":"https:\/\/poble-espanyol.com\/edificio\/casa-del-siglo-xv\/"},"modified":"2025-07-09T10:33:41","modified_gmt":"2025-07-09T08:33:41","slug":"casa-del-siglo-xv","status":"publish","type":"edifici","link":"https:\/\/poble-espanyol.com\/de\/edificio\/casa-del-siglo-xv\/","title":{"rendered":"Casa del Siglo XV"},"content":{"rendered":"","protected":false},"excerpt":{"rendered":"<p>Die Casa del Siglo XV ist ein Haus im Renaissancestil und unter dem Namen Casa de Juan Bravo bekannt. Das Geb\u00e4ude befindet sich gegen\u00fcber der Martinskirche unweit der Plaza Mayor. Hervorzuheben ist der elegante Laubengang im obersten Geschoss. <\/p>\n","protected":false},"author":7,"featured_media":109295,"comment_status":"open","ping_status":"closed","template":"","meta":{"_acf_changed":false,"footnotes":""},"categories-edifici-poble":[15869],"class_list":["post-259145","edifici","type-edifici","status-publish","has-post-thumbnail","hentry","categories-edifici-poble-zentrum"],"acf":{"nom_edifici":"Casa del Siglo XV","titol_previ":"Casa del Siglo XV (Segovia, Segovia)","text_introductori":"Die Casa del Siglo XV ist ein Haus im Renaissancestil und unter dem Namen Casa de Juan Bravo bekannt. Das Geb\u00e4ude befindet sich gegen\u00fcber der Martinskirche unweit der Plaza Mayor. Hervorzuheben ist der elegante Laubengang im obersten Geschoss. \r\n","fotos_adicionals":"","titular_segona_explicacio":"","text_posterior_segona_explicacio":"","text_previ_segona_explicacio":"","text_detall_segona_explicacio":"","seccions_edifici":null,"ubicacio":{"address":"Av. Francesc Ferrer i Gu\u00e0rdia, 13, 08038 Barcelona, Espa\u00f1a","lat":41.369180889136089,"lng":2.1471574010497907,"zoom":19,"place_id":"ChIJ1UrgrneipBIRJNIRH7aerco","street_number":13,"street_name":"Avinguda Francesc Ferrer i Gu\u00e0rdia","street_name_short":"Av. Francesc Ferrer i Gu\u00e0rdia","city":"Barcelona","state":"Catalunya","state_short":"CT","post_code":8038,"country":"Espa\u00f1a","country_short":"ES"}},"_links":{"self":[{"href":"https:\/\/poble-espanyol.com\/de\/wp-json\/wp\/v2\/edifici\/259145","targetHints":{"allow":["GET"]}}],"collection":[{"href":"https:\/\/poble-espanyol.com\/de\/wp-json\/wp\/v2\/edifici"}],"about":[{"href":"https:\/\/poble-espanyol.com\/de\/wp-json\/wp\/v2\/types\/edifici"}],"author":[{"embeddable":true,"href":"https:\/\/poble-espanyol.com\/de\/wp-json\/wp\/v2\/users\/7"}],"replies":[{"embeddable":true,"href":"https:\/\/poble-espanyol.com\/de\/wp-json\/wp\/v2\/comments?post=259145"}],"version-history":[{"count":1,"href":"https:\/\/poble-espanyol.com\/de\/wp-json\/wp\/v2\/edifici\/259145\/revisions"}],"predecessor-version":[{"id":259327,"href":"https:\/\/poble-espanyol.com\/de\/wp-json\/wp\/v2\/edifici\/259145\/revisions\/259327"}],"wp:featuredmedia":[{"embeddable":true,"href":"https:\/\/poble-espanyol.com\/de\/wp-json\/wp\/v2\/media\/109295"}],"wp:attachment":[{"href":"https:\/\/poble-espanyol.com\/de\/wp-json\/wp\/v2\/media?parent=259145"}],"wp:term":[{"taxonomy":"categories-edifici-poble","embeddable":true,"href":"https:\/\/poble-espanyol.com\/de\/wp-json\/wp\/v2\/categories-edifici-poble?post=259145"}],"curies":[{"name":"wp","href":"https:\/\/api.w.org\/{rel}","templated":true}]}}