{"id":259153,"date":"2025-07-08T15:27:35","date_gmt":"2025-07-08T13:27:35","guid":{"rendered":"https:\/\/poble-espanyol.com\/edificio\/casa-esquinera\/"},"modified":"2025-07-09T11:11:31","modified_gmt":"2025-07-09T09:11:31","slug":"casa-esquinera","status":"publish","type":"edifici","link":"https:\/\/poble-espanyol.com\/de\/edificio\/casa-esquinera\/","title":{"rendered":"Casa Esquinera"},"content":{"rendered":"","protected":false},"excerpt":{"rendered":"<p>Die Casa Esquinera befindet sich in Albarrac\u00edn in der Provinz Teruel.<br \/>\nAlbarrac\u00edn ist eine Kleinstadt und Hauptort der gleichnamigen Gemeinde im Landkreis Sierra de Albarrac\u00edn, 28 km von Teruel entfernt.<br \/>\nDas historische Ensemble wurde zum Kulturgut erkl\u00e4rt und gilt als eines der sch\u00f6nsten D\u00f6rfer der Provinz Teruel und ganz Spaniens. 1961 wurde es zum Nationalen Denkmal erkl\u00e4rt und 1996 erhielt es die goldene Medaille f\u00fcr seine Verdienste um die bildende Kunst.  <\/p>\n","protected":false},"author":7,"featured_media":107677,"comment_status":"open","ping_status":"closed","template":"","meta":{"_acf_changed":false,"footnotes":""},"categories-edifici-poble":[15869],"class_list":["post-259153","edifici","type-edifici","status-publish","has-post-thumbnail","hentry","categories-edifici-poble-zentrum"],"acf":{"nom_edifici":"Casa Esquinera","titol_previ":"Casa Esquinera (Albarrac\u00edn, Teruel)","text_introductori":"Die Casa Esquinera befindet sich in Albarrac\u00edn in der Provinz Teruel.\r\nAlbarrac\u00edn ist eine Kleinstadt und Hauptort der gleichnamigen Gemeinde im Landkreis Sierra de Albarrac\u00edn, 28 km von Teruel entfernt.\r\nDas historische Ensemble wurde zum Kulturgut erkl\u00e4rt und gilt als eines der sch\u00f6nsten D\u00f6rfer der Provinz Teruel und ganz Spaniens. 1961 wurde es zum Nationalen Denkmal erkl\u00e4rt und 1996 erhielt es die goldene Medaille f\u00fcr seine Verdienste um die bildende Kunst.  \r\n","fotos_adicionals":"","titular_segona_explicacio":"","text_posterior_segona_explicacio":"","text_previ_segona_explicacio":"","text_detall_segona_explicacio":"","seccions_edifici":null,"ubicacio":{"address":"Av. Francesc Ferrer i Gu\u00e0rdia, 13, 08038 Barcelona, Espa\u00f1a","lat":41.368969533401554,"lng":2.1480586232787946,"zoom":19,"place_id":"ChIJ1VklG3eipBIRUkPrl99Hibo","street_number":13,"street_name":"Avinguda Francesc Ferrer i Gu\u00e0rdia","street_name_short":"Av. Francesc Ferrer i Gu\u00e0rdia","city":"Barcelona","state":"Catalunya","state_short":"CT","post_code":8038,"country":"Espa\u00f1a","country_short":"ES"}},"_links":{"self":[{"href":"https:\/\/poble-espanyol.com\/de\/wp-json\/wp\/v2\/edifici\/259153","targetHints":{"allow":["GET"]}}],"collection":[{"href":"https:\/\/poble-espanyol.com\/de\/wp-json\/wp\/v2\/edifici"}],"about":[{"href":"https:\/\/poble-espanyol.com\/de\/wp-json\/wp\/v2\/types\/edifici"}],"author":[{"embeddable":true,"href":"https:\/\/poble-espanyol.com\/de\/wp-json\/wp\/v2\/users\/7"}],"replies":[{"embeddable":true,"href":"https:\/\/poble-espanyol.com\/de\/wp-json\/wp\/v2\/comments?post=259153"}],"version-history":[{"count":1,"href":"https:\/\/poble-espanyol.com\/de\/wp-json\/wp\/v2\/edifici\/259153\/revisions"}],"predecessor-version":[{"id":259367,"href":"https:\/\/poble-espanyol.com\/de\/wp-json\/wp\/v2\/edifici\/259153\/revisions\/259367"}],"wp:featuredmedia":[{"embeddable":true,"href":"https:\/\/poble-espanyol.com\/de\/wp-json\/wp\/v2\/media\/107677"}],"wp:attachment":[{"href":"https:\/\/poble-espanyol.com\/de\/wp-json\/wp\/v2\/media?parent=259153"}],"wp:term":[{"taxonomy":"categories-edifici-poble","embeddable":true,"href":"https:\/\/poble-espanyol.com\/de\/wp-json\/wp\/v2\/categories-edifici-poble?post=259153"}],"curies":[{"name":"wp","href":"https:\/\/api.w.org\/{rel}","templated":true}]}}