{"id":259155,"date":"2025-07-08T15:28:41","date_gmt":"2025-07-08T13:28:41","guid":{"rendered":"https:\/\/poble-espanyol.com\/edificio\/casa-jassa\/"},"modified":"2025-07-09T10:35:00","modified_gmt":"2025-07-09T08:35:00","slug":"casa-jassa","status":"publish","type":"edifici","link":"https:\/\/poble-espanyol.com\/de\/edificio\/casa-jassa\/","title":{"rendered":"Casa Jassa"},"content":{"rendered":"","protected":false},"excerpt":{"rendered":"<p>Die Casa Jassa befindet sich auf dem Grundst\u00fcck der ehemaligen M\u00fchle von Calaceite.<br \/>\nDas Haus wurde 1960 von der Kunsthandwerkerin und Schriftstellerin Teresa Jass\u00e0 erworben, um hier ihr Atelier einzurichten. Die K\u00fcnstlerin war f\u00fcr Ihre T\u00f6pfereiarbeiten und Kulturinitiativen bekannt.<br \/>\nIm Poble wurden das Holzgitter im ersten Stock und der Holzbalkon im zweiten Stock nachgebaut.  <\/p>\n","protected":false},"author":7,"featured_media":108881,"comment_status":"open","ping_status":"closed","template":"","meta":{"_acf_changed":false,"footnotes":""},"categories-edifici-poble":[15863],"class_list":["post-259155","edifici","type-edifici","status-publish","has-post-thumbnail","hentry","categories-edifici-poble-norden"],"acf":{"nom_edifici":"Casa Jassa","titol_previ":"Casa Jassa (Calaceite, Teruel)","text_introductori":"Die Casa Jassa befindet sich auf dem Grundst\u00fcck der ehemaligen M\u00fchle von Calaceite. \r\nDas Haus wurde 1960 von der Kunsthandwerkerin und Schriftstellerin Teresa Jass\u00e0 erworben, um hier ihr Atelier einzurichten. Die K\u00fcnstlerin war f\u00fcr Ihre T\u00f6pfereiarbeiten und Kulturinitiativen bekannt.\r\nIm Poble wurden das Holzgitter im ersten Stock und der Holzbalkon im zweiten Stock nachgebaut.  \r\n","fotos_adicionals":"","titular_segona_explicacio":"","text_posterior_segona_explicacio":"","text_previ_segona_explicacio":"","text_detall_segona_explicacio":"","seccions_edifici":null,"ubicacio":{"address":"Poble Espanyol, Av. Francesc Ferrer i Gu\u00e0rdia, 13, 08038 Barcelona, Espa\u00f1a","lat":41.369114463122095,"lng":2.1477153005248883,"zoom":19,"place_id":"ChIJ1yWUBneipBIRGGIIzyT-6-c","street_number":13,"street_name":"Avinguda Francesc Ferrer i Gu\u00e0rdia","street_name_short":"Av. Francesc Ferrer i Gu\u00e0rdia","city":"Barcelona","state":"Catalunya","state_short":"CT","post_code":8038,"country":"Espa\u00f1a","country_short":"ES"}},"_links":{"self":[{"href":"https:\/\/poble-espanyol.com\/de\/wp-json\/wp\/v2\/edifici\/259155","targetHints":{"allow":["GET"]}}],"collection":[{"href":"https:\/\/poble-espanyol.com\/de\/wp-json\/wp\/v2\/edifici"}],"about":[{"href":"https:\/\/poble-espanyol.com\/de\/wp-json\/wp\/v2\/types\/edifici"}],"author":[{"embeddable":true,"href":"https:\/\/poble-espanyol.com\/de\/wp-json\/wp\/v2\/users\/7"}],"replies":[{"embeddable":true,"href":"https:\/\/poble-espanyol.com\/de\/wp-json\/wp\/v2\/comments?post=259155"}],"version-history":[{"count":1,"href":"https:\/\/poble-espanyol.com\/de\/wp-json\/wp\/v2\/edifici\/259155\/revisions"}],"predecessor-version":[{"id":259329,"href":"https:\/\/poble-espanyol.com\/de\/wp-json\/wp\/v2\/edifici\/259155\/revisions\/259329"}],"wp:featuredmedia":[{"embeddable":true,"href":"https:\/\/poble-espanyol.com\/de\/wp-json\/wp\/v2\/media\/108881"}],"wp:attachment":[{"href":"https:\/\/poble-espanyol.com\/de\/wp-json\/wp\/v2\/media?parent=259155"}],"wp:term":[{"taxonomy":"categories-edifici-poble","embeddable":true,"href":"https:\/\/poble-espanyol.com\/de\/wp-json\/wp\/v2\/categories-edifici-poble?post=259155"}],"curies":[{"name":"wp","href":"https:\/\/api.w.org\/{rel}","templated":true}]}}