{"id":259198,"date":"2025-07-08T15:58:08","date_gmt":"2025-07-08T13:58:08","guid":{"rendered":"https:\/\/poble-espanyol.com\/edificio\/hospital-de-santa-magdalena\/"},"modified":"2025-07-09T10:48:20","modified_gmt":"2025-07-09T08:48:20","slug":"hospital-de-santa-magdalena","status":"publish","type":"edifici","link":"https:\/\/poble-espanyol.com\/de\/edificio\/hospital-de-santa-magdalena\/","title":{"rendered":"Hospital de Santa Magdalena"},"content":{"rendered":"","protected":false},"excerpt":{"rendered":"<p>Das Hospital de Santa Magdalena entstand im 15. Jahrhundert auf Anordnung von Ferdinand II. durch Zusammenlegung mehrerer Hospit\u00e4ler. Seine Aufgabe bestand in der Aufnahme von Armen, Kranken und Pilgern.<br \/>\nSp\u00e4ter war es Sitz eines Schwesternordens, der den Frauen des Ortes Unterricht erteilte. Danach befand sich ein Ambulatorium und zuletzt eine Textilfabrik darin.<br \/>\nIn der Gegenwart befindet sich hier das historische Archiv des Landkreises Conca de Barber\u00e0.<\/p>\n","protected":false},"author":7,"featured_media":108112,"comment_status":"open","ping_status":"closed","template":"","meta":{"_acf_changed":false,"footnotes":""},"categories-edifici-poble":[15877],"class_list":["post-259198","edifici","type-edifici","status-publish","has-post-thumbnail","hentry","categories-edifici-poble-mediterran"],"acf":{"nom_edifici":"Hospital de Santa Magdalena","titol_previ":"Hospital de Santa Magdalena (Montblanc, Tarragona)","text_introductori":"Das Hospital de Santa Magdalena entstand im 15. Jahrhundert auf Anordnung von Ferdinand II. durch Zusammenlegung mehrerer Hospit\u00e4ler. Seine Aufgabe bestand in der Aufnahme von Armen, Kranken und Pilgern.  \r\nSp\u00e4ter war es Sitz eines Schwesternordens, der den Frauen des Ortes Unterricht erteilte. Danach befand sich ein Ambulatorium und zuletzt eine Textilfabrik darin. \r\nIn der Gegenwart befindet sich hier das historische Archiv des Landkreises Conca de Barber\u00e0.\r\n","fotos_adicionals":"","titular_segona_explicacio":"","text_posterior_segona_explicacio":"","text_previ_segona_explicacio":"","text_detall_segona_explicacio":"","seccions_edifici":null,"ubicacio":{"address":"Av. Francesc Ferrer i Gu\u00e0rdia, 13, 08038 Barcelona, Espa\u00f1a","lat":41.368919210506611,"lng":2.148546785319505,"zoom":19,"place_id":"ChIJ6S8pIHeipBIRry9X58Mz-8E","street_number":13,"street_name":"Avinguda Francesc Ferrer i Gu\u00e0rdia","street_name_short":"Av. Francesc Ferrer i Gu\u00e0rdia","city":"Barcelona","state":"Catalunya","state_short":"CT","post_code":8038,"country":"Espa\u00f1a","country_short":"ES"}},"_links":{"self":[{"href":"https:\/\/poble-espanyol.com\/de\/wp-json\/wp\/v2\/edifici\/259198","targetHints":{"allow":["GET"]}}],"collection":[{"href":"https:\/\/poble-espanyol.com\/de\/wp-json\/wp\/v2\/edifici"}],"about":[{"href":"https:\/\/poble-espanyol.com\/de\/wp-json\/wp\/v2\/types\/edifici"}],"author":[{"embeddable":true,"href":"https:\/\/poble-espanyol.com\/de\/wp-json\/wp\/v2\/users\/7"}],"replies":[{"embeddable":true,"href":"https:\/\/poble-espanyol.com\/de\/wp-json\/wp\/v2\/comments?post=259198"}],"version-history":[{"count":1,"href":"https:\/\/poble-espanyol.com\/de\/wp-json\/wp\/v2\/edifici\/259198\/revisions"}],"predecessor-version":[{"id":259342,"href":"https:\/\/poble-espanyol.com\/de\/wp-json\/wp\/v2\/edifici\/259198\/revisions\/259342"}],"wp:featuredmedia":[{"embeddable":true,"href":"https:\/\/poble-espanyol.com\/de\/wp-json\/wp\/v2\/media\/108112"}],"wp:attachment":[{"href":"https:\/\/poble-espanyol.com\/de\/wp-json\/wp\/v2\/media?parent=259198"}],"wp:term":[{"taxonomy":"categories-edifici-poble","embeddable":true,"href":"https:\/\/poble-espanyol.com\/de\/wp-json\/wp\/v2\/categories-edifici-poble?post=259198"}],"curies":[{"name":"wp","href":"https:\/\/api.w.org\/{rel}","templated":true}]}}