{"id":259207,"date":"2025-07-09T08:58:19","date_gmt":"2025-07-09T06:58:19","guid":{"rendered":"https:\/\/poble-espanyol.com\/edificio\/isona\/"},"modified":"2025-07-09T10:45:57","modified_gmt":"2025-07-09T08:45:57","slug":"isona","status":"publish","type":"edifici","link":"https:\/\/poble-espanyol.com\/de\/edificio\/isona\/","title":{"rendered":"Isona"},"content":{"rendered":"","protected":false},"excerpt":{"rendered":"<p>Isona y Conca Dell\u00e0 entstand im Jahr 1970 als Ergebnis der Zusammenlegung der Gemeinden Benavent de Tremp, Conques, Figuerola de Orcau, Isona, Orcau und Sant Rom\u00e0 d\u2018Abella.<br \/>\nIm Gemeindegebiet befinden sich bedeutende historische Bauwerke sowie arch\u00e4ologische und urzeitliche Fundst\u00e4tten.<br \/>\nDie R\u00f6mer, die die Stadt gr\u00fcndeten, hinterlie\u00dfen zahlreiche architektonische Denkm\u00e4ler und ein reiches Kulturerbe.<br \/>\nIm sogenannten Parque Cretaci wurden au\u00dferdem Reste von Dinosauriern gefunden, die von der Pr\u00e4senz der urzeitlichen Wesen auf dem Gemeindegebiet zeugen. <\/p>\n","protected":false},"author":7,"featured_media":108158,"comment_status":"open","ping_status":"closed","template":"","meta":{"_acf_changed":false,"footnotes":""},"categories-edifici-poble":[15877],"class_list":["post-259207","edifici","type-edifici","status-publish","has-post-thumbnail","hentry","categories-edifici-poble-mediterran"],"acf":{"nom_edifici":"Isona","titol_previ":"Isona (Isona, Lleida)","text_introductori":"Isona y Conca Dell\u00e0 entstand im Jahr 1970 als Ergebnis der Zusammenlegung der Gemeinden Benavent de Tremp, Conques, Figuerola de Orcau, Isona, Orcau und Sant Rom\u00e0 d\u2018Abella.\r\nIm Gemeindegebiet befinden sich bedeutende historische Bauwerke sowie arch\u00e4ologische und urzeitliche Fundst\u00e4tten.\r\nDie R\u00f6mer, die die Stadt gr\u00fcndeten, hinterlie\u00dfen zahlreiche architektonische Denkm\u00e4ler und ein reiches Kulturerbe.\r\nIm sogenannten Parque Cretaci wurden au\u00dferdem Reste von Dinosauriern gefunden, die von der Pr\u00e4senz der urzeitlichen Wesen auf dem Gemeindegebiet zeugen. \r\n","fotos_adicionals":"","titular_segona_explicacio":"","text_posterior_segona_explicacio":"","text_previ_segona_explicacio":"","text_detall_segona_explicacio":"","seccions_edifici":null,"ubicacio":{"address":"Av. Francesc Ferrer i Gu\u00e0rdia, 13, 08038 Barcelona, Espa\u00f1a","lat":41.369015830431273,"lng":2.1488445105201581,"zoom":19,"place_id":"ChIJCzqCsneipBIR0c3-5Y30Jsg","street_number":13,"street_name":"Avinguda Francesc Ferrer i Gu\u00e0rdia","street_name_short":"Av. Francesc Ferrer i Gu\u00e0rdia","city":"Barcelona","state":"Catalunya","state_short":"CT","post_code":8038,"country":"Espa\u00f1a","country_short":"ES"}},"_links":{"self":[{"href":"https:\/\/poble-espanyol.com\/de\/wp-json\/wp\/v2\/edifici\/259207","targetHints":{"allow":["GET"]}}],"collection":[{"href":"https:\/\/poble-espanyol.com\/de\/wp-json\/wp\/v2\/edifici"}],"about":[{"href":"https:\/\/poble-espanyol.com\/de\/wp-json\/wp\/v2\/types\/edifici"}],"author":[{"embeddable":true,"href":"https:\/\/poble-espanyol.com\/de\/wp-json\/wp\/v2\/users\/7"}],"replies":[{"embeddable":true,"href":"https:\/\/poble-espanyol.com\/de\/wp-json\/wp\/v2\/comments?post=259207"}],"version-history":[{"count":1,"href":"https:\/\/poble-espanyol.com\/de\/wp-json\/wp\/v2\/edifici\/259207\/revisions"}],"predecessor-version":[{"id":259340,"href":"https:\/\/poble-espanyol.com\/de\/wp-json\/wp\/v2\/edifici\/259207\/revisions\/259340"}],"wp:featuredmedia":[{"embeddable":true,"href":"https:\/\/poble-espanyol.com\/de\/wp-json\/wp\/v2\/media\/108158"}],"wp:attachment":[{"href":"https:\/\/poble-espanyol.com\/de\/wp-json\/wp\/v2\/media?parent=259207"}],"wp:term":[{"taxonomy":"categories-edifici-poble","embeddable":true,"href":"https:\/\/poble-espanyol.com\/de\/wp-json\/wp\/v2\/categories-edifici-poble?post=259207"}],"curies":[{"name":"wp","href":"https:\/\/api.w.org\/{rel}","templated":true}]}}