{"id":259210,"date":"2025-07-09T09:00:49","date_gmt":"2025-07-09T07:00:49","guid":{"rendered":"https:\/\/poble-espanyol.com\/edificio\/jerica\/"},"modified":"2025-07-09T09:00:49","modified_gmt":"2025-07-09T07:00:49","slug":"jerica","status":"publish","type":"edifici","link":"https:\/\/poble-espanyol.com\/de\/edificio\/jerica\/","title":{"rendered":"J\u00e9rica"},"content":{"rendered":"","protected":false},"excerpt":{"rendered":"<p>J\u00e9rica ist ein Ort in der Provinz Castell\u00f3n der Region Valencia. Im Hinterland von Castell\u00f3n befinden sich zahlreiche D\u00f6rfer mit einer interessanten Geschichte sowie einem herausragenden architektonischen und arch\u00e4ologischen Erbe in einer herrlichen Naturlandschaft.<br \/>\nBesonders sehenswert sind die Altstadt und ihre Gassen, die Burg arabischen Ursprungs, der Glockenturm im Mud\u00e9jar-Stil, die Agathakirche, die Rochuskapelle und die Christuskirche. <\/p>\n","protected":false},"author":7,"featured_media":107885,"comment_status":"open","ping_status":"closed","template":"","meta":{"_acf_changed":false,"footnotes":""},"categories-edifici-poble":[15877],"class_list":["post-259210","edifici","type-edifici","status-publish","has-post-thumbnail","hentry","categories-edifici-poble-mediterran"],"acf":{"nom_edifici":"J\u00e9rica","titol_previ":"J\u00e9rica (J\u00e9rica, Castell\u00f3n)","text_introductori":"J\u00e9rica ist ein Ort in der Provinz Castell\u00f3n der Region Valencia. Im Hinterland von Castell\u00f3n befinden sich zahlreiche D\u00f6rfer mit einer interessanten Geschichte sowie einem herausragenden architektonischen und arch\u00e4ologischen Erbe in einer herrlichen Naturlandschaft.\nBesonders sehenswert sind die Altstadt und ihre Gassen, die Burg arabischen Ursprungs, der Glockenturm im Mud\u00e9jar-Stil, die Agathakirche, die Rochuskapelle und die Christuskirche. \n","fotos_adicionals":"","titular_segona_explicacio":"","text_posterior_segona_explicacio":"","text_previ_segona_explicacio":"","text_detall_segona_explicacio":"","seccions_edifici":null,"ubicacio":{"address":"Av. Francesc Ferrer i Gu\u00e0rdia, 13, 08038 Barcelona, Espa\u00f1a","lat":41.368951417163757,"lng":2.1470206083900312,"zoom":19,"place_id":"ChIJhYVZqXeipBIRBSzv2hUOj-4","street_number":13,"street_name":"Avinguda Francesc Ferrer i Gu\u00e0rdia","street_name_short":"Av. Francesc Ferrer i Gu\u00e0rdia","city":"Barcelona","state":"Catalunya","state_short":"CT","post_code":8038,"country":"Espa\u00f1a","country_short":"ES"}},"_links":{"self":[{"href":"https:\/\/poble-espanyol.com\/de\/wp-json\/wp\/v2\/edifici\/259210","targetHints":{"allow":["GET"]}}],"collection":[{"href":"https:\/\/poble-espanyol.com\/de\/wp-json\/wp\/v2\/edifici"}],"about":[{"href":"https:\/\/poble-espanyol.com\/de\/wp-json\/wp\/v2\/types\/edifici"}],"author":[{"embeddable":true,"href":"https:\/\/poble-espanyol.com\/de\/wp-json\/wp\/v2\/users\/7"}],"replies":[{"embeddable":true,"href":"https:\/\/poble-espanyol.com\/de\/wp-json\/wp\/v2\/comments?post=259210"}],"version-history":[{"count":0,"href":"https:\/\/poble-espanyol.com\/de\/wp-json\/wp\/v2\/edifici\/259210\/revisions"}],"wp:featuredmedia":[{"embeddable":true,"href":"https:\/\/poble-espanyol.com\/de\/wp-json\/wp\/v2\/media\/107885"}],"wp:attachment":[{"href":"https:\/\/poble-espanyol.com\/de\/wp-json\/wp\/v2\/media?parent=259210"}],"wp:term":[{"taxonomy":"categories-edifici-poble","embeddable":true,"href":"https:\/\/poble-espanyol.com\/de\/wp-json\/wp\/v2\/categories-edifici-poble?post=259210"}],"curies":[{"name":"wp","href":"https:\/\/api.w.org\/{rel}","templated":true}]}}