{"id":259241,"date":"2025-07-09T09:18:23","date_gmt":"2025-07-09T07:18:23","guid":{"rendered":"https:\/\/poble-espanyol.com\/edificio\/palacio-de-los-golfines-de-abajo\/"},"modified":"2025-07-09T10:54:47","modified_gmt":"2025-07-09T08:54:47","slug":"palacio-de-los-golfines-de-abajo","status":"publish","type":"edifici","link":"https:\/\/poble-espanyol.com\/de\/edificio\/palacio-de-los-golfines-de-abajo\/","title":{"rendered":"Palacio de los Golfines de Abajo"},"content":{"rendered":"","protected":false},"excerpt":{"rendered":"<p>Das untere Palais der Familie Golf\u00edn befindet sich in der Altstadt von C\u00e1ceres und wurde zum Welterbe erkl\u00e4rt.<br \/>\nNeben dem unteren gibt es auch noch das obere Palais. Das untere Palais wurde im ausgehenden 15. Jahrhundert von der Familie Golf\u00edn in Auftrag gegeben, einer der m\u00e4chtigsten Adelsfamilien der Extremadura.<br \/>\nDas Tor des Palais ist eine der sch\u00f6nsten Arbeiten im plateresken Stil der Provinz. <\/p>\n","protected":false},"author":7,"featured_media":107854,"comment_status":"open","ping_status":"closed","template":"","meta":{"_acf_changed":false,"footnotes":""},"categories-edifici-poble":[15869],"class_list":["post-259241","edifici","type-edifici","status-publish","has-post-thumbnail","hentry","categories-edifici-poble-zentrum"],"acf":{"nom_edifici":"Palacio de los Golfines de abajo ","titol_previ":"Palacio de los Golfines de abajo (C\u00e1ceres, Extremadura)","text_introductori":"Das untere Palais der Familie Golf\u00edn befindet sich in der Altstadt von C\u00e1ceres und wurde zum Welterbe erkl\u00e4rt.\r\nNeben dem unteren gibt es auch noch das obere Palais. Das untere Palais wurde im ausgehenden 15. Jahrhundert von der Familie Golf\u00edn in Auftrag gegeben, einer der m\u00e4chtigsten Adelsfamilien der Extremadura.\r\nDas Tor des Palais ist eine der sch\u00f6nsten Arbeiten im plateresken Stil der Provinz. \r\n","fotos_adicionals":"","titular_segona_explicacio":"","text_posterior_segona_explicacio":"","text_previ_segona_explicacio":"","text_detall_segona_explicacio":"","seccions_edifici":null,"ubicacio":{"address":"Avinguda Marqu\u00e8s de Comillas, 27, 08038 Barcelona, Espa\u00f1a","lat":41.369100372746985,"lng":2.1468784513122419,"zoom":19,"place_id":"ChIJuZOgsXeipBIRC5oZjxgPiAY","street_number":27,"street_name":"Avinguda Marqu\u00e8s de Comillas","city":"Barcelona","state":"Catalunya","state_short":"CT","post_code":8038,"country":"Espa\u00f1a","country_short":"ES"}},"_links":{"self":[{"href":"https:\/\/poble-espanyol.com\/de\/wp-json\/wp\/v2\/edifici\/259241","targetHints":{"allow":["GET"]}}],"collection":[{"href":"https:\/\/poble-espanyol.com\/de\/wp-json\/wp\/v2\/edifici"}],"about":[{"href":"https:\/\/poble-espanyol.com\/de\/wp-json\/wp\/v2\/types\/edifici"}],"author":[{"embeddable":true,"href":"https:\/\/poble-espanyol.com\/de\/wp-json\/wp\/v2\/users\/7"}],"replies":[{"embeddable":true,"href":"https:\/\/poble-espanyol.com\/de\/wp-json\/wp\/v2\/comments?post=259241"}],"version-history":[{"count":1,"href":"https:\/\/poble-espanyol.com\/de\/wp-json\/wp\/v2\/edifici\/259241\/revisions"}],"predecessor-version":[{"id":259350,"href":"https:\/\/poble-espanyol.com\/de\/wp-json\/wp\/v2\/edifici\/259241\/revisions\/259350"}],"wp:featuredmedia":[{"embeddable":true,"href":"https:\/\/poble-espanyol.com\/de\/wp-json\/wp\/v2\/media\/107854"}],"wp:attachment":[{"href":"https:\/\/poble-espanyol.com\/de\/wp-json\/wp\/v2\/media?parent=259241"}],"wp:term":[{"taxonomy":"categories-edifici-poble","embeddable":true,"href":"https:\/\/poble-espanyol.com\/de\/wp-json\/wp\/v2\/categories-edifici-poble?post=259241"}],"curies":[{"name":"wp","href":"https:\/\/api.w.org\/{rel}","templated":true}]}}