{"id":259255,"date":"2025-07-09T09:21:58","date_gmt":"2025-07-09T07:21:58","guid":{"rendered":"https:\/\/poble-espanyol.com\/edificio\/palacio-del-obispo\/"},"modified":"2025-07-09T10:58:04","modified_gmt":"2025-07-09T08:58:04","slug":"palacio-del-obispo","status":"publish","type":"edifici","link":"https:\/\/poble-espanyol.com\/de\/edificio\/palacio-del-obispo\/","title":{"rendered":"Palacio del Obispo"},"content":{"rendered":"","protected":false},"excerpt":{"rendered":"<p>Das Palais des Bischofs Sol\u00eds wurde im 18. Jahrhundert f\u00fcr Jos\u00e9 Sol\u00eds, Bischof von Badajoz, errichtet, der es als Sommersitz nutzte.<br \/>\nDas schlichte Palais zeichnet sich durch einen zentralen Bauk\u00f6rper im neoklassichen Stil aus, auf dessen Fassade die Wappen der Familie Sol\u00eds y Casillas sowie ein kleiner Balkon zu sehen sind.<br \/>\nIn der Gegenwart finden im Palais Ausstellungen und Veranstaltungen statt.<\/p>\n","protected":false},"author":7,"featured_media":107818,"comment_status":"open","ping_status":"closed","template":"","meta":{"_acf_changed":false,"footnotes":""},"categories-edifici-poble":[15869],"class_list":["post-259255","edifici","type-edifici","status-publish","has-post-thumbnail","hentry","categories-edifici-poble-zentrum"],"acf":{"nom_edifici":"Palacio del Obispo","titol_previ":"Palacio del Obispo (Miajadas, C\u00e1ceres)","text_introductori":"Das Palais des Bischofs Sol\u00eds wurde im 18. Jahrhundert f\u00fcr Jos\u00e9 Sol\u00eds, Bischof von Badajoz, errichtet, der es als Sommersitz nutzte.\r\nDas schlichte Palais zeichnet sich durch einen zentralen Bauk\u00f6rper im neoklassichen Stil aus, auf dessen Fassade die Wappen der Familie Sol\u00eds y Casillas sowie ein kleiner Balkon zu sehen sind.\r\nIn der Gegenwart finden im Palais Ausstellungen und Veranstaltungen statt.\r\n","fotos_adicionals":"","titular_segona_explicacio":"","text_posterior_segona_explicacio":"","text_previ_segona_explicacio":"","text_detall_segona_explicacio":"","seccions_edifici":null,"ubicacio":{"address":"Av. Francesc Ferrer i Gu\u00e0rdia, 13, 08038 Barcelona, Espa\u00f1a","lat":41.368945378417024,"lng":2.146551221812425,"zoom":19,"place_id":"ChIJtZ4NtHeipBIRIOs-BhCX0tQ","street_number":13,"street_name":"Avinguda Francesc Ferrer i Gu\u00e0rdia","street_name_short":"Av. Francesc Ferrer i Gu\u00e0rdia","city":"Barcelona","state":"Catalunya","state_short":"CT","post_code":8038,"country":"Espa\u00f1a","country_short":"ES"}},"_links":{"self":[{"href":"https:\/\/poble-espanyol.com\/de\/wp-json\/wp\/v2\/edifici\/259255","targetHints":{"allow":["GET"]}}],"collection":[{"href":"https:\/\/poble-espanyol.com\/de\/wp-json\/wp\/v2\/edifici"}],"about":[{"href":"https:\/\/poble-espanyol.com\/de\/wp-json\/wp\/v2\/types\/edifici"}],"author":[{"embeddable":true,"href":"https:\/\/poble-espanyol.com\/de\/wp-json\/wp\/v2\/users\/7"}],"replies":[{"embeddable":true,"href":"https:\/\/poble-espanyol.com\/de\/wp-json\/wp\/v2\/comments?post=259255"}],"version-history":[{"count":1,"href":"https:\/\/poble-espanyol.com\/de\/wp-json\/wp\/v2\/edifici\/259255\/revisions"}],"predecessor-version":[{"id":259353,"href":"https:\/\/poble-espanyol.com\/de\/wp-json\/wp\/v2\/edifici\/259255\/revisions\/259353"}],"wp:featuredmedia":[{"embeddable":true,"href":"https:\/\/poble-espanyol.com\/de\/wp-json\/wp\/v2\/media\/107818"}],"wp:attachment":[{"href":"https:\/\/poble-espanyol.com\/de\/wp-json\/wp\/v2\/media?parent=259255"}],"wp:term":[{"taxonomy":"categories-edifici-poble","embeddable":true,"href":"https:\/\/poble-espanyol.com\/de\/wp-json\/wp\/v2\/categories-edifici-poble?post=259255"}],"curies":[{"name":"wp","href":"https:\/\/api.w.org\/{rel}","templated":true}]}}