{"id":259267,"date":"2025-07-09T09:25:37","date_gmt":"2025-07-09T07:25:37","guid":{"rendered":"https:\/\/poble-espanyol.com\/edificio\/penafiel\/"},"modified":"2025-07-09T11:01:19","modified_gmt":"2025-07-09T09:01:19","slug":"penafiel","status":"publish","type":"edifici","link":"https:\/\/poble-espanyol.com\/de\/edificio\/penafiel\/","title":{"rendered":"Pe\u00f1afiel"},"content":{"rendered":"","protected":false},"excerpt":{"rendered":"<p>Pe\u00f1afiel ist eine historische Kleinstadt in der Provinz Valladolid der autonomen Region Kastilien und Le\u00f3n.<br \/>\nUm alle Sehensw\u00fcrdigkeiten des Ortes eingehend zu besichtigen, darunter die besonders eindrucksvolle Burg, die Plaza del Coso, die Aula de Arqueolog\u00eda, das Besucherzentrum, das Kloster San Pablo mit der gleichnamigen Kirche, das Kloster Santa Clara und den Uhrturm, sollte man mehrere Tage veranschlagen.<\/p>\n","protected":false},"author":7,"featured_media":107705,"comment_status":"open","ping_status":"closed","template":"","meta":{"_acf_changed":false,"footnotes":""},"categories-edifici-poble":[15869],"class_list":["post-259267","edifici","type-edifici","status-publish","has-post-thumbnail","hentry","categories-edifici-poble-zentrum"],"acf":{"nom_edifici":"Pe\u00f1afiel","titol_previ":"Pe\u00f1afiel (Pe\u00f1afiel, Valladolid)","text_introductori":"Pe\u00f1afiel ist eine historische Kleinstadt in der Provinz Valladolid der autonomen Region Kastilien und Le\u00f3n. \r\nUm alle Sehensw\u00fcrdigkeiten des Ortes eingehend zu besichtigen, darunter die besonders eindrucksvolle Burg, die Plaza del Coso, die Aula de Arqueolog\u00eda, das Besucherzentrum, das Kloster San Pablo mit der gleichnamigen Kirche, das Kloster Santa Clara und den Uhrturm, sollte man mehrere Tage veranschlagen.\r\n","fotos_adicionals":"","titular_segona_explicacio":"","text_posterior_segona_explicacio":"","text_previ_segona_explicacio":"","text_detall_segona_explicacio":"","seccions_edifici":null,"ubicacio":{"address":"Av. Francesc Ferrer i Gu\u00e0rdia, 13, 08038 Barcelona, Espa\u00f1a","lat":41.3690721919872,"lng":2.1478145422584394,"zoom":19,"place_id":"ChIJBZkZBHeipBIRhiS9JolxpBQ","street_number":13,"street_name":"Avinguda Francesc Ferrer i Gu\u00e0rdia","street_name_short":"Av. Francesc Ferrer i Gu\u00e0rdia","city":"Barcelona","state":"Catalunya","state_short":"CT","post_code":8038,"country":"Espa\u00f1a","country_short":"ES"}},"_links":{"self":[{"href":"https:\/\/poble-espanyol.com\/de\/wp-json\/wp\/v2\/edifici\/259267","targetHints":{"allow":["GET"]}}],"collection":[{"href":"https:\/\/poble-espanyol.com\/de\/wp-json\/wp\/v2\/edifici"}],"about":[{"href":"https:\/\/poble-espanyol.com\/de\/wp-json\/wp\/v2\/types\/edifici"}],"author":[{"embeddable":true,"href":"https:\/\/poble-espanyol.com\/de\/wp-json\/wp\/v2\/users\/7"}],"replies":[{"embeddable":true,"href":"https:\/\/poble-espanyol.com\/de\/wp-json\/wp\/v2\/comments?post=259267"}],"version-history":[{"count":1,"href":"https:\/\/poble-espanyol.com\/de\/wp-json\/wp\/v2\/edifici\/259267\/revisions"}],"predecessor-version":[{"id":259358,"href":"https:\/\/poble-espanyol.com\/de\/wp-json\/wp\/v2\/edifici\/259267\/revisions\/259358"}],"wp:featuredmedia":[{"embeddable":true,"href":"https:\/\/poble-espanyol.com\/de\/wp-json\/wp\/v2\/media\/107705"}],"wp:attachment":[{"href":"https:\/\/poble-espanyol.com\/de\/wp-json\/wp\/v2\/media?parent=259267"}],"wp:term":[{"taxonomy":"categories-edifici-poble","embeddable":true,"href":"https:\/\/poble-espanyol.com\/de\/wp-json\/wp\/v2\/categories-edifici-poble?post=259267"}],"curies":[{"name":"wp","href":"https:\/\/api.w.org\/{rel}","templated":true}]}}