{"id":113065,"date":"2022-03-14T18:48:59","date_gmt":"2022-03-14T16:48:59","guid":{"rendered":"https:\/\/pe.efimatica.com\/?post_type=edifici&#038;p=113065"},"modified":"2022-03-14T18:50:36","modified_gmt":"2022-03-14T16:50:36","slug":"casa-de-ninca","status":"publish","type":"edifici","link":"https:\/\/poble-espanyol.com\/en\/building\/casa-de-ninca\/","title":{"rendered":"Casa de N\u00ednca"},"content":{"rendered":"","protected":false},"excerpt":{"rendered":"<p>\u00dabeda is a town in Ja\u00e9n that was declared a World Heritage Site in 2003.<br \/>\nNowadays, Casa de N\u00ednca is known as Casa de los Padilla, located on calle Padilla in the town of \u00dabeda.<br \/>\nIn Poble Espanyol, it is recreated in Plaza de la Hermandad where a typical Andalusian square is reproduced.<\/p>\n","protected":false},"author":4,"featured_media":107699,"comment_status":"open","ping_status":"closed","template":"","meta":{"_acf_changed":false,"footnotes":""},"categories-edifici-poble":[2989],"class_list":["post-113065","edifici","type-edifici","status-publish","has-post-thumbnail","hentry","categories-edifici-poble-south"],"acf":{"nom_edifici":"Casa de N\u00ednca","titol_previ":"Casa de N\u00ednca (\u00dabeda, Ja\u00e9n)","text_introductori":"\u00dabeda is a town in Ja\u00e9n that was declared a World Heritage Site in 2003.\r\nNowadays, Casa de N\u00ednca is known as Casa de los Padilla, located on calle Padilla in the town of \u00dabeda.\r\nIn Poble Espanyol, it is recreated in Plaza de la Hermandad where a typical Andalusian square is reproduced.\r\n\r\n\r\n\r\n\r\n","fotos_adicionals":"","titular_segona_explicacio":"","text_posterior_segona_explicacio":"","text_previ_segona_explicacio":"","text_detall_segona_explicacio":"","seccions_edifici":null,"ubicacio":{"address":"Av. Francesc Ferrer i Gu\u00e0rdia, 13, 08038 Barcelona, Espa\u00f1a","lat":41.368673634219924,"lng":2.1491073670036176,"zoom":19,"place_id":"ChIJ6S8pIHeipBIRry9X58Mz-8E","street_number":13,"street_name":"Avinguda Francesc Ferrer i Gu\u00e0rdia","street_name_short":"Av. Francesc Ferrer i Gu\u00e0rdia","city":"Barcelona","state":"Catalunya","state_short":"CT","post_code":8038,"country":"Espa\u00f1a","country_short":"ES"}},"_links":{"self":[{"href":"https:\/\/poble-espanyol.com\/en\/wp-json\/wp\/v2\/edifici\/113065","targetHints":{"allow":["GET"]}}],"collection":[{"href":"https:\/\/poble-espanyol.com\/en\/wp-json\/wp\/v2\/edifici"}],"about":[{"href":"https:\/\/poble-espanyol.com\/en\/wp-json\/wp\/v2\/types\/edifici"}],"author":[{"embeddable":true,"href":"https:\/\/poble-espanyol.com\/en\/wp-json\/wp\/v2\/users\/4"}],"replies":[{"embeddable":true,"href":"https:\/\/poble-espanyol.com\/en\/wp-json\/wp\/v2\/comments?post=113065"}],"version-history":[{"count":0,"href":"https:\/\/poble-espanyol.com\/en\/wp-json\/wp\/v2\/edifici\/113065\/revisions"}],"wp:featuredmedia":[{"embeddable":true,"href":"https:\/\/poble-espanyol.com\/en\/wp-json\/wp\/v2\/media\/107699"}],"wp:attachment":[{"href":"https:\/\/poble-espanyol.com\/en\/wp-json\/wp\/v2\/media?parent=113065"}],"wp:term":[{"taxonomy":"categories-edifici-poble","embeddable":true,"href":"https:\/\/poble-espanyol.com\/en\/wp-json\/wp\/v2\/categories-edifici-poble?post=113065"}],"curies":[{"name":"wp","href":"https:\/\/api.w.org\/{rel}","templated":true}]}}