{"id":113081,"date":"2022-03-14T18:56:44","date_gmt":"2022-03-14T16:56:44","guid":{"rendered":"https:\/\/pe.efimatica.com\/?post_type=edifici&#038;p=113081"},"modified":"2022-03-14T19:01:00","modified_gmt":"2022-03-14T17:01:00","slug":"penafiel","status":"publish","type":"edifici","link":"https:\/\/poble-espanyol.com\/en\/building\/penafiel\/","title":{"rendered":"Pe\u00f1afiel"},"content":{"rendered":"","protected":false},"excerpt":{"rendered":"<p>Pe\u00f1afiel is a historic town in the province of Valladolid, in the autonomous community of Castile and Le\u00f3n.<br \/>\nIt takes a few days to discover the village so you can really enjoy all the town&#8217;s artistic monuments: the Castle, its stand-out monument, the Plaza del Coso, the Archaeology Classroom, the Interpretation Centre, the Church and Convent of San Pablo, the Convent of Santa Clara, the Clock Tower, etc.\u2026<\/p>\n","protected":false},"author":7,"featured_media":107705,"comment_status":"open","ping_status":"closed","template":"","meta":{"_acf_changed":false,"footnotes":""},"categories-edifici-poble":[2983],"class_list":["post-113081","edifici","type-edifici","status-publish","has-post-thumbnail","hentry","categories-edifici-poble-center"],"acf":{"nom_edifici":"Pe\u00f1afiel","titol_previ":"Pe\u00f1afiel (Pe\u00f1afiel, Valladolid)","text_introductori":"Pe\u00f1afiel is a historic town in the province of Valladolid, in the autonomous community of Castile and Le\u00f3n.\r\nIt takes a few days to discover the village so you can really enjoy all the town's artistic monuments: the Castle, its stand-out monument, the Plaza del Coso, the Archaeology Classroom, the Interpretation Centre, the Church and Convent of San Pablo, the Convent of Santa Clara, the Clock Tower, etc.\u2026\r\n\r\n\r\n\r\n\r\n\r\n\r\n\r\n\r\n\r\n\r\n\r\n\r\n","fotos_adicionals":"","titular_segona_explicacio":"","text_posterior_segona_explicacio":"","text_previ_segona_explicacio":"","text_detall_segona_explicacio":"","seccions_edifici":null,"ubicacio":{"address":"Av. Francesc Ferrer i Gu\u00e0rdia, 13, 08038 Barcelona, Espa\u00f1a","lat":41.3690721919872,"lng":2.1478145422584394,"zoom":19,"place_id":"ChIJBZkZBHeipBIRhiS9JolxpBQ","street_number":13,"street_name":"Avinguda Francesc Ferrer i Gu\u00e0rdia","street_name_short":"Av. Francesc Ferrer i Gu\u00e0rdia","city":"Barcelona","state":"Catalunya","state_short":"CT","post_code":8038,"country":"Espa\u00f1a","country_short":"ES"}},"_links":{"self":[{"href":"https:\/\/poble-espanyol.com\/en\/wp-json\/wp\/v2\/edifici\/113081","targetHints":{"allow":["GET"]}}],"collection":[{"href":"https:\/\/poble-espanyol.com\/en\/wp-json\/wp\/v2\/edifici"}],"about":[{"href":"https:\/\/poble-espanyol.com\/en\/wp-json\/wp\/v2\/types\/edifici"}],"author":[{"embeddable":true,"href":"https:\/\/poble-espanyol.com\/en\/wp-json\/wp\/v2\/users\/7"}],"replies":[{"embeddable":true,"href":"https:\/\/poble-espanyol.com\/en\/wp-json\/wp\/v2\/comments?post=113081"}],"version-history":[{"count":0,"href":"https:\/\/poble-espanyol.com\/en\/wp-json\/wp\/v2\/edifici\/113081\/revisions"}],"wp:featuredmedia":[{"embeddable":true,"href":"https:\/\/poble-espanyol.com\/en\/wp-json\/wp\/v2\/media\/107705"}],"wp:attachment":[{"href":"https:\/\/poble-espanyol.com\/en\/wp-json\/wp\/v2\/media?parent=113081"}],"wp:term":[{"taxonomy":"categories-edifici-poble","embeddable":true,"href":"https:\/\/poble-espanyol.com\/en\/wp-json\/wp\/v2\/categories-edifici-poble?post=113081"}],"curies":[{"name":"wp","href":"https:\/\/api.w.org\/{rel}","templated":true}]}}