{"id":113117,"date":"2022-03-14T19:12:56","date_gmt":"2022-03-14T17:12:56","guid":{"rendered":"https:\/\/pe.efimatica.com\/?post_type=edifici&#038;p=113117"},"modified":"2022-03-14T19:14:29","modified_gmt":"2022-03-14T17:14:29","slug":"jerica","status":"publish","type":"edifici","link":"https:\/\/poble-espanyol.com\/en\/building\/jerica\/","title":{"rendered":"J\u00e9rica"},"content":{"rendered":"","protected":false},"excerpt":{"rendered":"<p>J\u00e9rica is a town in Castell\u00f3n, in the Autonomous Community of Valencia. In the interior of the province of Castell\u00f3n there are a wealth of villages brimming with history, architectural and archaeological heritage and, above all, a breathtaking natural environment.<br \/>\nThe must-dos are the old quarter, strolling along its streets, the Castle of Arab origin, the Mud\u00e9jar bell tower, the Church of Santa \u00c1gueda, the San Roque hermitage and the Church of El Cristo.<\/p>\n","protected":false},"author":4,"featured_media":107885,"comment_status":"open","ping_status":"closed","template":"","meta":{"_acf_changed":false,"footnotes":""},"categories-edifici-poble":[2985],"class_list":["post-113117","edifici","type-edifici","status-publish","has-post-thumbnail","hentry","categories-edifici-poble-mediterranean"],"acf":{"nom_edifici":"J\u00e9rica","titol_previ":"J\u00e9rica (J\u00e9rica, Castell\u00f3n)","text_introductori":"J\u00e9rica is a town in Castell\u00f3n, in the Autonomous Community of Valencia. In the interior of the province of Castell\u00f3n there are a wealth of villages brimming with history, architectural and archaeological heritage and, above all, a breathtaking natural environment.\r\nThe must-dos are the old quarter, strolling along its streets, the Castle of Arab origin, the Mud\u00e9jar bell tower, the Church of Santa \u00c1gueda, the San Roque hermitage and the Church of El Cristo.\r\n","fotos_adicionals":"","titular_segona_explicacio":"","text_posterior_segona_explicacio":"","text_previ_segona_explicacio":"","text_detall_segona_explicacio":"","seccions_edifici":null,"ubicacio":{"address":"Av. Francesc Ferrer i Gu\u00e0rdia, 13, 08038 Barcelona, Espa\u00f1a","lat":41.368951417163757,"lng":2.1470206083900312,"zoom":19,"place_id":"ChIJhYVZqXeipBIRBSzv2hUOj-4","street_number":13,"street_name":"Avinguda Francesc Ferrer i Gu\u00e0rdia","street_name_short":"Av. Francesc Ferrer i Gu\u00e0rdia","city":"Barcelona","state":"Catalunya","state_short":"CT","post_code":8038,"country":"Espa\u00f1a","country_short":"ES"}},"_links":{"self":[{"href":"https:\/\/poble-espanyol.com\/en\/wp-json\/wp\/v2\/edifici\/113117","targetHints":{"allow":["GET"]}}],"collection":[{"href":"https:\/\/poble-espanyol.com\/en\/wp-json\/wp\/v2\/edifici"}],"about":[{"href":"https:\/\/poble-espanyol.com\/en\/wp-json\/wp\/v2\/types\/edifici"}],"author":[{"embeddable":true,"href":"https:\/\/poble-espanyol.com\/en\/wp-json\/wp\/v2\/users\/4"}],"replies":[{"embeddable":true,"href":"https:\/\/poble-espanyol.com\/en\/wp-json\/wp\/v2\/comments?post=113117"}],"version-history":[{"count":0,"href":"https:\/\/poble-espanyol.com\/en\/wp-json\/wp\/v2\/edifici\/113117\/revisions"}],"wp:featuredmedia":[{"embeddable":true,"href":"https:\/\/poble-espanyol.com\/en\/wp-json\/wp\/v2\/media\/107885"}],"wp:attachment":[{"href":"https:\/\/poble-espanyol.com\/en\/wp-json\/wp\/v2\/media?parent=113117"}],"wp:term":[{"taxonomy":"categories-edifici-poble","embeddable":true,"href":"https:\/\/poble-espanyol.com\/en\/wp-json\/wp\/v2\/categories-edifici-poble?post=113117"}],"curies":[{"name":"wp","href":"https:\/\/api.w.org\/{rel}","templated":true}]}}