{"id":113410,"date":"2022-03-15T10:25:03","date_gmt":"2022-03-15T08:25:03","guid":{"rendered":"https:\/\/pe.efimatica.com\/?post_type=edifici&#038;p=113410"},"modified":"2022-03-15T10:26:36","modified_gmt":"2022-03-15T08:26:36","slug":"calle-arcos","status":"publish","type":"edifici","link":"https:\/\/poble-espanyol.com\/en\/building\/calle-arcos\/","title":{"rendered":"Calle Arcos"},"content":{"rendered":"","protected":false},"excerpt":{"rendered":"<p>Arcos de la Frontera is one of the most popular towns in C\u00e1diz dating back over one thousand years.<\/p>\n<p>It was declared a historic-Romanesque Site of Tourist Interest in 1962. It is the gateway to the White Villages route in the Cadiz region. The villages have whitewashed houses, narrow streets, castles and medieval churches.<\/p>\n","protected":false},"author":4,"featured_media":108889,"comment_status":"open","ping_status":"closed","template":"","meta":{"_acf_changed":false,"footnotes":""},"categories-edifici-poble":[2989],"class_list":["post-113410","edifici","type-edifici","status-publish","has-post-thumbnail","hentry","categories-edifici-poble-south"],"acf":{"nom_edifici":"Calle Arcos","titol_previ":"Arcos de la Frontera, C\u00e1diz","text_introductori":"Arcos de la Frontera is one of the most popular towns in C\u00e1diz dating back over one thousand years.\r\n\r\nIt was declared a historic-Romanesque Site of Tourist Interest in 1962. It is the gateway to the White Villages route in the Cadiz region. The villages have whitewashed houses, narrow streets, castles and medieval churches.\r\n","fotos_adicionals":"","titular_segona_explicacio":"","text_posterior_segona_explicacio":"","text_previ_segona_explicacio":"","text_detall_segona_explicacio":"","seccions_edifici":null,"ubicacio":{"address":"Av. Francesc Ferrer i Gu\u00e0rdia, 13, 08038 Barcelona, Espa\u00f1a","lat":41.368856810062269,"lng":2.1488364638931134,"zoom":19,"place_id":"ChIJAVuHH3eipBIRf0CKWjqNC_I","street_number":13,"street_name":"Avinguda Francesc Ferrer i Gu\u00e0rdia","street_name_short":"Av. Francesc Ferrer i Gu\u00e0rdia","city":"Barcelona","state":"Catalunya","state_short":"CT","post_code":8038,"country":"Espa\u00f1a","country_short":"ES"}},"_links":{"self":[{"href":"https:\/\/poble-espanyol.com\/en\/wp-json\/wp\/v2\/edifici\/113410","targetHints":{"allow":["GET"]}}],"collection":[{"href":"https:\/\/poble-espanyol.com\/en\/wp-json\/wp\/v2\/edifici"}],"about":[{"href":"https:\/\/poble-espanyol.com\/en\/wp-json\/wp\/v2\/types\/edifici"}],"author":[{"embeddable":true,"href":"https:\/\/poble-espanyol.com\/en\/wp-json\/wp\/v2\/users\/4"}],"replies":[{"embeddable":true,"href":"https:\/\/poble-espanyol.com\/en\/wp-json\/wp\/v2\/comments?post=113410"}],"version-history":[{"count":0,"href":"https:\/\/poble-espanyol.com\/en\/wp-json\/wp\/v2\/edifici\/113410\/revisions"}],"wp:featuredmedia":[{"embeddable":true,"href":"https:\/\/poble-espanyol.com\/en\/wp-json\/wp\/v2\/media\/108889"}],"wp:attachment":[{"href":"https:\/\/poble-espanyol.com\/en\/wp-json\/wp\/v2\/media?parent=113410"}],"wp:term":[{"taxonomy":"categories-edifici-poble","embeddable":true,"href":"https:\/\/poble-espanyol.com\/en\/wp-json\/wp\/v2\/categories-edifici-poble?post=113410"}],"curies":[{"name":"wp","href":"https:\/\/api.w.org\/{rel}","templated":true}]}}