{"id":113480,"date":"2022-03-15T10:45:34","date_gmt":"2022-03-15T08:45:34","guid":{"rendered":"https:\/\/pe.efimatica.com\/?post_type=edifici&#038;p=113480"},"modified":"2022-03-15T10:49:10","modified_gmt":"2022-03-15T08:49:10","slug":"isona","status":"publish","type":"edifici","link":"https:\/\/poble-espanyol.com\/en\/building\/isona\/","title":{"rendered":"Isona"},"content":{"rendered":"","protected":false},"excerpt":{"rendered":"<p>Isona y Conca Dell\u00e1 was created in 1970 following the merger of several municipalities: Benavent de Tremp, Conques, Figuerola de Orcau, Isona, Orcau and Sant Rom\u00e1 de Abella.<br \/>\nIt has a palaeontological, architectural and archaeological heritage of significant importance.<br \/>\nThe Roman culture, which founded the city, left behind a significant number of architectural monuments.<br \/>\nDinosaur sites can also be found in the Cretaci Park. In the past, the area was populated with Dinosaurs, several remains of which were found.<\/p>\n","protected":false},"author":7,"featured_media":108158,"comment_status":"open","ping_status":"closed","template":"","meta":{"_acf_changed":false,"footnotes":""},"categories-edifici-poble":[2985],"class_list":["post-113480","edifici","type-edifici","status-publish","has-post-thumbnail","hentry","categories-edifici-poble-mediterranean"],"acf":{"nom_edifici":"Isona","titol_previ":"Isona (Isona, Lleida)","text_introductori":"Isona y Conca Dell\u00e1 was created in 1970 following the merger of several municipalities: Benavent de Tremp, Conques, Figuerola de Orcau, Isona, Orcau and Sant Rom\u00e1 de Abella.\r\nIt has a palaeontological, architectural and archaeological heritage of significant importance.\r\nThe Roman culture, which founded the city, left behind a significant number of architectural monuments.\r\nDinosaur sites can also be found in the Cretaci Park. In the past, the area was populated with Dinosaurs, several remains of which were found.\r\n\r\n\r\n\r\n\r\n\r\n\r\n\r\n\r\n\r\n\r\n","fotos_adicionals":"","titular_segona_explicacio":"","text_posterior_segona_explicacio":"","text_previ_segona_explicacio":"","text_detall_segona_explicacio":"","seccions_edifici":null,"ubicacio":{"address":"Av. Francesc Ferrer i Gu\u00e0rdia, 13, 08038 Barcelona, Espa\u00f1a","lat":41.369015830431273,"lng":2.1488445105201581,"zoom":19,"place_id":"ChIJCzqCsneipBIR0c3-5Y30Jsg","street_number":13,"street_name":"Avinguda Francesc Ferrer i Gu\u00e0rdia","street_name_short":"Av. Francesc Ferrer i Gu\u00e0rdia","city":"Barcelona","state":"Catalunya","state_short":"CT","post_code":8038,"country":"Espa\u00f1a","country_short":"ES"}},"_links":{"self":[{"href":"https:\/\/poble-espanyol.com\/en\/wp-json\/wp\/v2\/edifici\/113480","targetHints":{"allow":["GET"]}}],"collection":[{"href":"https:\/\/poble-espanyol.com\/en\/wp-json\/wp\/v2\/edifici"}],"about":[{"href":"https:\/\/poble-espanyol.com\/en\/wp-json\/wp\/v2\/types\/edifici"}],"author":[{"embeddable":true,"href":"https:\/\/poble-espanyol.com\/en\/wp-json\/wp\/v2\/users\/7"}],"replies":[{"embeddable":true,"href":"https:\/\/poble-espanyol.com\/en\/wp-json\/wp\/v2\/comments?post=113480"}],"version-history":[{"count":0,"href":"https:\/\/poble-espanyol.com\/en\/wp-json\/wp\/v2\/edifici\/113480\/revisions"}],"wp:featuredmedia":[{"embeddable":true,"href":"https:\/\/poble-espanyol.com\/en\/wp-json\/wp\/v2\/media\/108158"}],"wp:attachment":[{"href":"https:\/\/poble-espanyol.com\/en\/wp-json\/wp\/v2\/media?parent=113480"}],"wp:term":[{"taxonomy":"categories-edifici-poble","embeddable":true,"href":"https:\/\/poble-espanyol.com\/en\/wp-json\/wp\/v2\/categories-edifici-poble?post=113480"}],"curies":[{"name":"wp","href":"https:\/\/api.w.org\/{rel}","templated":true}]}}