{"id":113499,"date":"2022-03-15T10:51:25","date_gmt":"2022-03-15T08:51:25","guid":{"rendered":"https:\/\/pe.efimatica.com\/?post_type=edifici&#038;p=113499"},"modified":"2022-03-15T10:56:11","modified_gmt":"2022-03-15T08:56:11","slug":"palacio-del-mayoralgo","status":"publish","type":"edifici","link":"https:\/\/poble-espanyol.com\/en\/building\/palacio-del-mayoralgo\/","title":{"rendered":"Palacio del Mayoralgo"},"content":{"rendered":"","protected":false},"excerpt":{"rendered":"<p>Palacio del Mayoralgo is at the foot of the Cathedral of Santa Mar\u00eda and was built between 1534 and 1538.<br \/>\nCurrently, the Palace is on the UNESCO Heritage Route of C\u00e1ceres and its subsoil has traces of many of the cultures that have settled in the town: Romans, Christians, Arabs and Jews. Furthermore, the discovery of these remains confirmed the Roman origin of the city: the colony of Norba Caesariana.<\/p>\n","protected":false},"author":7,"featured_media":108167,"comment_status":"open","ping_status":"closed","template":"","meta":{"_acf_changed":false,"footnotes":""},"categories-edifici-poble":[2983],"class_list":["post-113499","edifici","type-edifici","status-publish","has-post-thumbnail","hentry","categories-edifici-poble-center"],"acf":{"nom_edifici":"Palacio del Mayoralgo","titol_previ":"Palacio del Mayoralgo (C\u00e1ceres, C\u00e1ceres)","text_introductori":"Palacio del Mayoralgo is at the foot of the Cathedral of Santa Mar\u00eda and was built between 1534 and 1538.\r\nCurrently, the Palace is on the UNESCO Heritage Route of C\u00e1ceres and its subsoil has traces of many of the cultures that have settled in the town: Romans, Christians, Arabs and Jews. Furthermore, the discovery of these remains confirmed the Roman origin of the city: the colony of Norba Caesariana.\r\n\r\n\r\n\r\n\r\n\r\n\r\n\r\n\r\n\r\n\r\n","fotos_adicionals":"","titular_segona_explicacio":"","text_posterior_segona_explicacio":"","text_previ_segona_explicacio":"","text_detall_segona_explicacio":"","seccions_edifici":null,"ubicacio":{"address":"Av. Francesc Ferrer i Gu\u00e0rdia, 13, 08038 Barcelona, Espa\u00f1a","lat":41.368832655036215,"lng":2.1465109886772016,"zoom":19,"place_id":"ChIJGRRzs3eipBIR0KMCZO3SDxQ","street_number":13,"street_name":"Avinguda Francesc Ferrer i Gu\u00e0rdia","street_name_short":"Av. Francesc Ferrer i Gu\u00e0rdia","city":"Barcelona","state":"Catalunya","state_short":"CT","post_code":8038,"country":"Espa\u00f1a","country_short":"ES"}},"_links":{"self":[{"href":"https:\/\/poble-espanyol.com\/en\/wp-json\/wp\/v2\/edifici\/113499","targetHints":{"allow":["GET"]}}],"collection":[{"href":"https:\/\/poble-espanyol.com\/en\/wp-json\/wp\/v2\/edifici"}],"about":[{"href":"https:\/\/poble-espanyol.com\/en\/wp-json\/wp\/v2\/types\/edifici"}],"author":[{"embeddable":true,"href":"https:\/\/poble-espanyol.com\/en\/wp-json\/wp\/v2\/users\/7"}],"replies":[{"embeddable":true,"href":"https:\/\/poble-espanyol.com\/en\/wp-json\/wp\/v2\/comments?post=113499"}],"version-history":[{"count":0,"href":"https:\/\/poble-espanyol.com\/en\/wp-json\/wp\/v2\/edifici\/113499\/revisions"}],"wp:featuredmedia":[{"embeddable":true,"href":"https:\/\/poble-espanyol.com\/en\/wp-json\/wp\/v2\/media\/108167"}],"wp:attachment":[{"href":"https:\/\/poble-espanyol.com\/en\/wp-json\/wp\/v2\/media?parent=113499"}],"wp:term":[{"taxonomy":"categories-edifici-poble","embeddable":true,"href":"https:\/\/poble-espanyol.com\/en\/wp-json\/wp\/v2\/categories-edifici-poble?post=113499"}],"curies":[{"name":"wp","href":"https:\/\/api.w.org\/{rel}","templated":true}]}}