{"id":113712,"date":"2022-03-15T13:27:31","date_gmt":"2022-03-15T11:27:31","guid":{"rendered":"https:\/\/pe.efimatica.com\/?post_type=edifici&#038;p=113712"},"modified":"2022-03-15T13:29:22","modified_gmt":"2022-03-15T11:29:22","slug":"valderrobres-townhall","status":"publish","type":"edifici","link":"https:\/\/poble-espanyol.com\/en\/building\/valderrobres-townhall\/","title":{"rendered":"Valderrobres Townhall"},"content":{"rendered":"","protected":false},"excerpt":{"rendered":"<p>The Valderrobres Town Hall is a historical monument that was built in the 16th century as a medieval fortification to protect the town.<br \/>\nIt is a Mannerist building inspired by the constitutional court of Alca\u00f1iz and was commissioned by Antonio de Champanach.<br \/>\nIt was finally completed in 1599, the date that appears sculpted on the fa\u00e7ade&#8217;s coat of arms<\/p>\n","protected":false},"author":4,"featured_media":109077,"comment_status":"open","ping_status":"closed","template":"","meta":{"_acf_changed":false,"footnotes":""},"categories-edifici-poble":[2987],"class_list":["post-113712","edifici","type-edifici","status-publish","has-post-thumbnail","hentry","categories-edifici-poble-north"],"acf":{"nom_edifici":"Valderrobres Townhall","titol_previ":"Valderrobres Townhall (Valderrobres, Arag\u00f3n)","text_introductori":"The Valderrobres Town Hall is a historical monument that was built in the 16th century as a medieval fortification to protect the town.\r\nIt is a Mannerist building inspired by the constitutional court of Alca\u00f1iz and was commissioned by Antonio de Champanach.\r\nIt was finally completed in 1599, the date that appears sculpted on the fa\u00e7ade's coat of arms\r\n","fotos_adicionals":"","titular_segona_explicacio":"","text_posterior_segona_explicacio":"","text_previ_segona_explicacio":"","text_detall_segona_explicacio":"","seccions_edifici":null,"ubicacio":{"address":"Av. Francesc Ferrer i Gu\u00e0rdia, 13, 08038 Barcelona, Espa\u00f1a","lat":41.368991675462993,"lng":2.1472271384841779,"zoom":19,"place_id":"ChIJhYVZqXeipBIRBSzv2hUOj-4","street_number":13,"street_name":"Avinguda Francesc Ferrer i Gu\u00e0rdia","street_name_short":"Av. Francesc Ferrer i Gu\u00e0rdia","city":"Barcelona","state":"Catalunya","state_short":"CT","post_code":8038,"country":"Espa\u00f1a","country_short":"ES"}},"_links":{"self":[{"href":"https:\/\/poble-espanyol.com\/en\/wp-json\/wp\/v2\/edifici\/113712","targetHints":{"allow":["GET"]}}],"collection":[{"href":"https:\/\/poble-espanyol.com\/en\/wp-json\/wp\/v2\/edifici"}],"about":[{"href":"https:\/\/poble-espanyol.com\/en\/wp-json\/wp\/v2\/types\/edifici"}],"author":[{"embeddable":true,"href":"https:\/\/poble-espanyol.com\/en\/wp-json\/wp\/v2\/users\/4"}],"replies":[{"embeddable":true,"href":"https:\/\/poble-espanyol.com\/en\/wp-json\/wp\/v2\/comments?post=113712"}],"version-history":[{"count":0,"href":"https:\/\/poble-espanyol.com\/en\/wp-json\/wp\/v2\/edifici\/113712\/revisions"}],"wp:featuredmedia":[{"embeddable":true,"href":"https:\/\/poble-espanyol.com\/en\/wp-json\/wp\/v2\/media\/109077"}],"wp:attachment":[{"href":"https:\/\/poble-espanyol.com\/en\/wp-json\/wp\/v2\/media?parent=113712"}],"wp:term":[{"taxonomy":"categories-edifici-poble","embeddable":true,"href":"https:\/\/poble-espanyol.com\/en\/wp-json\/wp\/v2\/categories-edifici-poble?post=113712"}],"curies":[{"name":"wp","href":"https:\/\/api.w.org\/{rel}","templated":true}]}}